{"id":1061,"date":"2025-07-28T17:36:34","date_gmt":"2025-07-28T15:36:34","guid":{"rendered":"https:\/\/collectiflacle.org\/?page_id=1061"},"modified":"2025-10-07T09:45:12","modified_gmt":"2025-10-07T07:45:12","slug":"journees-du-matrimoine-2025","status":"publish","type":"page","link":"https:\/\/collectiflacle.org\/index.php\/journees-du-matrimoine-2025\/","title":{"rendered":"Saison culturelle &#8211; Journ\u00e9es du matrimoine 2025"},"content":{"rendered":"<p>[et_pb_section fb_built=\u00a0\u00bb1&Prime; _builder_version=\u00a0\u00bb4.12.1&Prime; _module_preset=\u00a0\u00bbdefault\u00a0\u00bb background_color=\u00a0\u00bb#f6f6f2&Prime; global_colors_info=\u00a0\u00bb{}\u00a0\u00bb][et_pb_row _builder_version=\u00a0\u00bb4.9.7&Prime; _module_preset=\u00a0\u00bbdefault\u00a0\u00bb custom_padding=\u00a0\u00bb0px||1px|||\u00a0\u00bb global_colors_info=\u00a0\u00bb{}\u00a0\u00bb][et_pb_column type=\u00a0\u00bb4_4&Prime; _builder_version=\u00a0\u00bb4.9.7&Prime; _module_preset=\u00a0\u00bbdefault\u00a0\u00bb global_colors_info=\u00a0\u00bb{}\u00a0\u00bb][et_pb_image src=\u00a0\u00bbhttps:\/\/collectiflacle.org\/wp-content\/uploads\/2024\/08\/entete-saison-2024-25-1.jpg\u00a0\u00bb alt=\u00a0\u00bbSaison culturelle LaCl\u00e9\u00a0\u00bb title_text=\u00a0\u00bbent\u00eate saison 2024-25&Prime; show_bottom_space=\u00a0\u00bboff\u00a0\u00bb align=\u00a0\u00bbcenter\u00a0\u00bb _builder_version=\u00a0\u00bb4.12.1&Prime; _module_preset=\u00a0\u00bbdefault\u00a0\u00bb width=\u00a0\u00bb100%\u00a0\u00bb max_width=\u00a0\u00bb100%\u00a0\u00bb border_radii=\u00a0\u00bboff||||\u00a0\u00bb global_colors_info=\u00a0\u00bb{}\u00a0\u00bb][\/et_pb_image][\/et_pb_column][\/et_pb_row][et_pb_row _builder_version=\u00a0\u00bb4.12.1&Prime; _module_preset=\u00a0\u00bbdefault\u00a0\u00bb background_color=\u00a0\u00bb#3fa435&Prime; custom_margin=\u00a0\u00bb||||false|false\u00a0\u00bb custom_padding=\u00a0\u00bb30px|5%|30px|5%|true|true\u00a0\u00bb custom_css_main_element=\u00a0\u00bb||\u00a0\u00bb border_radii=\u00a0\u00bboff|||20px|20px\u00a0\u00bb global_module=\u00a0\u00bb1072&Prime; global_colors_info=\u00a0\u00bb{}\u00a0\u00bb][et_pb_column type=\u00a0\u00bb4_4&Prime; _builder_version=\u00a0\u00bb4.9.7&Prime; _module_preset=\u00a0\u00bbdefault\u00a0\u00bb global_colors_info=\u00a0\u00bb{}\u00a0\u00bb][et_pb_text _builder_version=\u00a0\u00bb4.12.1&Prime; _module_preset=\u00a0\u00bbdefault\u00a0\u00bb text_font=\u00a0\u00bbSource Sans Pro||||||||\u00a0\u00bb text_text_color=\u00a0\u00bb#FFFFFF\u00a0\u00bb text_font_size=\u00a0\u00bb17px\u00a0\u00bb header_font=\u00a0\u00bbSource Code Pro||||||||\u00a0\u00bb header_text_color=\u00a0\u00bb#000000&Prime; header_2_font=\u00a0\u00bbSource Sans Pro||||||||\u00a0\u00bb header_2_text_align=\u00a0\u00bbjustify\u00a0\u00bb header_2_text_color=\u00a0\u00bb#FFFFFF\u00a0\u00bb header_2_font_size=\u00a0\u00bb21px\u00a0\u00bb header_3_font=\u00a0\u00bbSource Sans Pro|600||on|||||\u00a0\u00bb header_3_text_color=\u00a0\u00bb#FFFFFF\u00a0\u00bb text_orientation=\u00a0\u00bbjustified\u00a0\u00bb custom_padding=\u00a0\u00bb||5px|||\u00a0\u00bb global_colors_info=\u00a0\u00bb{}\u00a0\u00bb]<\/p>\n<h1><span style=\"color: #ffffff;\"><strong>Saison culturelle 2025-2026<\/strong><\/span><\/h1>\n<h3 style=\"text-align: left;\"><span style=\"color: #ffffff;\">Spectacles \/ concerts \/ expos \/ stages \/ ateliers \/<\/span><\/h3>\n<h2 style=\"text-align: left;\"><span style=\"color: #ffffff;\">Tous nos \u00e9v\u00e9nements culturels et artistiques en Conflent et Cerdagne<\/span><\/h2>\n<p>[\/et_pb_text][\/et_pb_column][\/et_pb_row][\/et_pb_section][et_pb_section fb_built=\u00a0\u00bb1&Prime; specialty=\u00a0\u00bbon\u00a0\u00bb padding_top_bottom_link_1=\u00a0\u00bbfalse\u00a0\u00bb padding_left_right_link_1=\u00a0\u00bbtrue\u00a0\u00bb _builder_version=\u00a0\u00bb4.12.1&Prime; _module_preset=\u00a0\u00bbdefault\u00a0\u00bb background_color=\u00a0\u00bb#FFFFFF\u00a0\u00bb custom_margin=\u00a0\u00bb||||true|false\u00a0\u00bb custom_padding=\u00a0\u00bb2%||0px||false|false\u00a0\u00bb border_width_bottom=\u00a0\u00bb2px\u00a0\u00bb border_color_bottom=\u00a0\u00bb#666666&Prime; border_style_bottom=\u00a0\u00bbdotted\u00a0\u00bb global_colors_info=\u00a0\u00bb{}\u00a0\u00bb][et_pb_column type=\u00a0\u00bb1_3&Prime; _builder_version=\u00a0\u00bb3.25&Prime; custom_padding=\u00a0\u00bb|||\u00a0\u00bb global_colors_info=\u00a0\u00bb{}\u00a0\u00bb custom_padding__hover=\u00a0\u00bb|||\u00a0\u00bb][et_pb_image src=\u00a0\u00bbhttps:\/\/collectiflacle.org\/wp-content\/uploads\/2025\/07\/AfficheWEB-JM2025-DER.jpg\u00a0\u00bb alt=\u00a0\u00bbaffiche Jour\u00e9nes du matrimoine 2025&Prime; title_text=\u00a0\u00bbAfficheWEB-JM2025-DER\u00a0\u00bb url=\u00a0\u00bbhttps:\/\/collectiflacle.org\/wp-content\/uploads\/2025\/09\/Programme-Journee-du-matrimoine-2025-DER.pdf\u00a0\u00bb url_new_window=\u00a0\u00bbon\u00a0\u00bb force_fullwidth=\u00a0\u00bbon\u00a0\u00bb _builder_version=\u00a0\u00bb4.12.1&Prime; _module_preset=\u00a0\u00bbdefault\u00a0\u00bb min_height=\u00a0\u00bb100%\u00a0\u00bb global_colors_info=\u00a0\u00bb{}\u00a0\u00bb][\/et_pb_image][\/et_pb_column][et_pb_column type=\u00a0\u00bb2_3&Prime; specialty_columns=\u00a0\u00bb2&Prime; _builder_version=\u00a0\u00bb3.25&Prime; custom_padding=\u00a0\u00bb|||\u00a0\u00bb global_colors_info=\u00a0\u00bb{}\u00a0\u00bb custom_padding__hover=\u00a0\u00bb|||\u00a0\u00bb][et_pb_row_inner _builder_version=\u00a0\u00bb4.12.1&Prime; _module_preset=\u00a0\u00bbdefault\u00a0\u00bb global_colors_info=\u00a0\u00bb{}\u00a0\u00bb][et_pb_column_inner saved_specialty_column_type=\u00a0\u00bb2_3&Prime; _builder_version=\u00a0\u00bb4.12.1&Prime; _module_preset=\u00a0\u00bbdefault\u00a0\u00bb global_colors_info=\u00a0\u00bb{}\u00a0\u00bb][et_pb_text _builder_version=\u00a0\u00bb4.12.1&Prime; _module_preset=\u00a0\u00bbdefault\u00a0\u00bb text_font=\u00a0\u00bb||||||||\u00a0\u00bb text_line_height=\u00a0\u00bb1.5em\u00a0\u00bb link_font=\u00a0\u00bb|600|||||||\u00a0\u00bb link_text_color=\u00a0\u00bbrgba(36,171,255,0.89)\u00a0\u00bb header_font=\u00a0\u00bbRoboto Slab||||||||\u00a0\u00bb header_text_color=\u00a0\u00bb#ea5a12&Prime; header_font_size=\u00a0\u00bb36px\u00a0\u00bb header_2_font=\u00a0\u00bbSource Code Pro|700|||||||\u00a0\u00bb header_2_text_color=\u00a0\u00bb#000000&Prime; header_2_font_size=\u00a0\u00bb16px\u00a0\u00bb header_2_line_height=\u00a0\u00bb1.3em\u00a0\u00bb header_3_font=\u00a0\u00bbRoboto Slab||||||||\u00a0\u00bb header_3_text_color=\u00a0\u00bb#ea5a12&Prime; header_3_font_size=\u00a0\u00bb32px\u00a0\u00bb header_4_font=\u00a0\u00bbRoboto Condensed|700|||||||\u00a0\u00bb header_4_text_color=\u00a0\u00bb#000000&Prime; header_5_font=\u00a0\u00bbRoboto Condensed||on||||||\u00a0\u00bb header_5_text_color=\u00a0\u00bb#00707f\u00a0\u00bb header_5_font_size=\u00a0\u00bb15px\u00a0\u00bb header_5_line_height=\u00a0\u00bb1.4em\u00a0\u00bb header_6_font=\u00a0\u00bbSource Sans Pro||||||||\u00a0\u00bb custom_margin=\u00a0\u00bb0px||2px||false|false\u00a0\u00bb custom_padding=\u00a0\u00bb||2px|||\u00a0\u00bb global_colors_info=\u00a0\u00bb{}\u00a0\u00bb link_text_color__hover_enabled=\u00a0\u00bbon|hover\u00a0\u00bb link_text_color__hover=\u00a0\u00bb#e09900&Prime;]<\/p>\n<h1>Journ\u00e9es du matrimoine<\/h1>\n<h3><span style=\"color: #00707f;\"><\/span>Qui prend soin de nous ?<\/h3>\n<h2><strong>Du 04 au 21 septembre 2025 &#8211; Villefranche-de-Conflent &#8211; Prades \u2013 Marcevol &#8211; Fillols &#8211; Sahorre &#8211; Perpignan \u2013 tout public<br \/><\/strong><\/h2>\n<p>Les journ\u00e9es du matrimoine mettent en lumi\u00e8re l&rsquo;art et la m\u00e9moire de nos m\u00e8res, de nos grands-m\u00e8res et des femmes en g\u00e9n\u00e9ral. BEAU BRUIT et le collectif LaCl\u00e9 vous donnent rendez-vous pour cette 3<sup>e<\/sup> \u00e9dition en Conflent sur le th\u00e8me \u00ab\u00a0Qui prend soin de nous ?\u00a0\u00bb<br \/>Qui prend soin de nous\u00a0? La r\u00e9ponse semble \u00e9vidente\u00a0: partout, en grande majorit\u00e9, ce sont des femmes. Dans la famille d&rsquo;abord\u00a0: m\u00e8res, grands-m\u00e8res, compagnes, s\u0153urs, tantes ou filles. Et en-dehors de la famille, elles sont nombreuses celles qui escortent notre existence sur Terre, de notre premier cri \u00e0 notre dernier souffle\u00a0!<\/p>\n<p>Mais est-ce essentiellement aux femmes de prendre soin ? Le souhaitent-elles ? Le veulent-elles \u00e0 n&rsquo;importe quelle condition ? Pourquoi est-ce difficile pour les hommes de prendre soin des autres et d&rsquo;abord d&rsquo;eux-m\u00eames ? Que pouvons-nous ensemble dire, partager et transmettre \u00e0 propos de ce soin, dont nous avons besoin pour vivre notre existence ? Le monde serait-il diff\u00e9rent si nous avions toutes et tous la culture du soin ?<\/p>\n<p>Les 3<sup>e<\/sup> journ\u00e9es du matrimoine en Conflent vous invitent \u00e0 cultiver le soin de vous-m\u00eames et des autres. Soyez les bienvenu\u00b7es du 4 au 21 septembre 2025 \u00e0 Villefranche, Prades, Marcevol, Fillols, Sahorre et Perpignan, pour ce grand \u00e9v\u00e9nement artistique et culturel, car l&rsquo;art et la culture sont \u00e9galement des instruments de soin et de vivre ensemble !<\/p>\n<h5><\/h5>\n<p>[\/et_pb_text][et_pb_button button_url=\u00a0\u00bbhttps:\/\/collectiflacle.org\/wp-content\/uploads\/2025\/09\/Programme-Journee-du-matrimoine-2025-DER.pdf\u00a0\u00bb url_new_window=\u00a0\u00bbon\u00a0\u00bb button_text=\u00a0\u00bbprogramme  en version PDF\u00a0\u00bb _builder_version=\u00a0\u00bb4.12.1&Prime; _module_preset=\u00a0\u00bbdefault\u00a0\u00bb custom_button=\u00a0\u00bbon\u00a0\u00bb button_bg_color=\u00a0\u00bbrgba(36,171,215,0.86)\u00a0\u00bb button_border_width=\u00a0\u00bb0px\u00a0\u00bb button_border_radius=\u00a0\u00bb10px\u00a0\u00bb button_use_icon=\u00a0\u00bboff\u00a0\u00bb custom_margin=\u00a0\u00bb2%||0.4%||false|false\u00a0\u00bb global_colors_info=\u00a0\u00bb{}\u00a0\u00bb button_bg_color__hover_enabled=\u00a0\u00bbon|hover\u00a0\u00bb button_bg_color__hover=\u00a0\u00bb#fbbb21&Prime; button_bg_enable_color__hover=\u00a0\u00bbon\u00a0\u00bb][\/et_pb_button][\/et_pb_column_inner][\/et_pb_row_inner][et_pb_row_inner column_structure=\u00a0\u00bb1_2,1_2&Prime; _builder_version=\u00a0\u00bb4.12.1&Prime; _module_preset=\u00a0\u00bbdefault\u00a0\u00bb global_colors_info=\u00a0\u00bb{}\u00a0\u00bb][et_pb_column_inner type=\u00a0\u00bb1_2&Prime; saved_specialty_column_type=\u00a0\u00bb2_3&Prime; _builder_version=\u00a0\u00bb4.12.1&Prime; _module_preset=\u00a0\u00bbdefault\u00a0\u00bb global_colors_info=\u00a0\u00bb{}\u00a0\u00bb][et_pb_text _builder_version=\u00a0\u00bb4.12.1&Prime; _module_preset=\u00a0\u00bbdefault\u00a0\u00bb header_5_font=\u00a0\u00bbRoboto Condensed||||||||\u00a0\u00bb header_5_text_align=\u00a0\u00bbleft\u00a0\u00bb header_5_text_color=\u00a0\u00bb#000000&Prime; header_5_font_size=\u00a0\u00bb18px\u00a0\u00bb header_5_line_height=\u00a0\u00bb1.4em\u00a0\u00bb background_color=\u00a0\u00bbrgba(251,187,33,0.69)\u00a0\u00bb text_orientation=\u00a0\u00bbcenter\u00a0\u00bb custom_padding=\u00a0\u00bb3%|5%|3%|5%|false|true\u00a0\u00bb border_radii=\u00a0\u00bbon|10px|10px|10px|10px\u00a0\u00bb global_colors_info=\u00a0\u00bb{}\u00a0\u00bb]<\/p>\n<h5><strong>Au fil des soir\u00e9es, nous d\u00e9gusterons des bi\u00e8res arisanales et locales brass\u00e9es par des femmes !<\/strong> Avec la brasserie Prats-de-Mollo, Pyr\u00e9n\u00e9iste, Le Grabuge-nanobrasserie vivante et Bruma Brew.<\/h5>\n<p>[\/et_pb_text][\/et_pb_column_inner][et_pb_column_inner type=\u00a0\u00bb1_2&Prime; saved_specialty_column_type=\u00a0\u00bb2_3&Prime; _builder_version=\u00a0\u00bb4.12.1&Prime; _module_preset=\u00a0\u00bbdefault\u00a0\u00bb global_colors_info=\u00a0\u00bb{}\u00a0\u00bb][et_pb_text _builder_version=\u00a0\u00bb4.12.1&Prime; _module_preset=\u00a0\u00bbdefault\u00a0\u00bb header_5_font=\u00a0\u00bbRoboto Condensed||||||||\u00a0\u00bb header_5_text_align=\u00a0\u00bbleft\u00a0\u00bb header_5_text_color=\u00a0\u00bb#000000&Prime; header_5_font_size=\u00a0\u00bb18px\u00a0\u00bb header_5_line_height=\u00a0\u00bb1.4em\u00a0\u00bb background_color=\u00a0\u00bbrgba(251,187,33,0.69)\u00a0\u00bb text_orientation=\u00a0\u00bbcenter\u00a0\u00bb custom_padding=\u00a0\u00bb3%|5%|3%|5%|false|true\u00a0\u00bb border_radii=\u00a0\u00bbon|10px|10px|10px|10px\u00a0\u00bb global_colors_info=\u00a0\u00bb{}\u00a0\u00bb]<\/p>\n<h5>Sauf mention contraire, les\u00a0 \u00e9v\u00e9nements sont en<strong> participation libre<\/strong> et n\u00e9cessaire. Merci !<\/h5>\n<p>[\/et_pb_text][\/et_pb_column_inner][\/et_pb_row_inner][\/et_pb_column][\/et_pb_section][et_pb_section fb_built=\u00a0\u00bb1&Prime; specialty=\u00a0\u00bbon\u00a0\u00bb padding_top_bottom_link_1=\u00a0\u00bbfalse\u00a0\u00bb padding_left_right_link_1=\u00a0\u00bbtrue\u00a0\u00bb _builder_version=\u00a0\u00bb4.12.1&Prime; _module_preset=\u00a0\u00bbdefault\u00a0\u00bb background_color=\u00a0\u00bb#FFFFFF\u00a0\u00bb custom_margin=\u00a0\u00bb||||true|false\u00a0\u00bb custom_padding=\u00a0\u00bb1%||3px||false|false\u00a0\u00bb border_width_bottom=\u00a0\u00bb2px\u00a0\u00bb border_color_bottom=\u00a0\u00bb#666666&Prime; border_style_bottom=\u00a0\u00bbdotted\u00a0\u00bb global_colors_info=\u00a0\u00bb{}\u00a0\u00bb][et_pb_column type=\u00a0\u00bb1_3&Prime; _builder_version=\u00a0\u00bb3.25&Prime; custom_padding=\u00a0\u00bb|||\u00a0\u00bb global_colors_info=\u00a0\u00bb{}\u00a0\u00bb custom_padding__hover=\u00a0\u00bb|||\u00a0\u00bb][et_pb_gallery gallery_ids=\u00a0\u00bb1109,1115&Prime; posts_number=\u00a0\u00bb2&Prime; show_pagination=\u00a0\u00bboff\u00a0\u00bb _builder_version=\u00a0\u00bb4.12.1&Prime; _module_preset=\u00a0\u00bbdefault\u00a0\u00bb title_font=\u00a0\u00bb|||on|||||\u00a0\u00bb title_text_color=\u00a0\u00bb#000000&Prime; title_font_size=\u00a0\u00bb11px\u00a0\u00bb custom_margin=\u00a0\u00bb||||false|false\u00a0\u00bb custom_padding=\u00a0\u00bb||||false|false\u00a0\u00bb global_colors_info=\u00a0\u00bb{}\u00a0\u00bb][\/et_pb_gallery][et_pb_image src=\u00a0\u00bbhttps:\/\/collectiflacle.org\/wp-content\/uploads\/2025\/08\/amagloria-affiche.jpg\u00a0\u00bb alt=\u00a0\u00bb\u00e0ma Gloria, Un film de Marie Amachoukeli\u00a0\u00bb title_text=\u00a0\u00bb\u00e0ma Gloria\u00a0\u00bb _builder_version=\u00a0\u00bb4.12.1&Prime; _module_preset=\u00a0\u00bbdefault\u00a0\u00bb global_colors_info=\u00a0\u00bb{}\u00a0\u00bb][\/et_pb_image][\/et_pb_column][et_pb_column type=\u00a0\u00bb2_3&Prime; specialty_columns=\u00a0\u00bb2&Prime; _builder_version=\u00a0\u00bb3.25&Prime; custom_padding=\u00a0\u00bb|||\u00a0\u00bb global_colors_info=\u00a0\u00bb{}\u00a0\u00bb custom_padding__hover=\u00a0\u00bb|||\u00a0\u00bb][et_pb_row_inner _builder_version=\u00a0\u00bb4.12.1&Prime; _module_preset=\u00a0\u00bbdefault\u00a0\u00bb global_colors_info=\u00a0\u00bb{}\u00a0\u00bb][et_pb_column_inner saved_specialty_column_type=\u00a0\u00bb2_3&Prime; _builder_version=\u00a0\u00bb4.12.1&Prime; _module_preset=\u00a0\u00bbdefault\u00a0\u00bb global_colors_info=\u00a0\u00bb{}\u00a0\u00bb][et_pb_text _builder_version=\u00a0\u00bb4.12.1&Prime; _module_preset=\u00a0\u00bbdefault\u00a0\u00bb text_font=\u00a0\u00bb||||||||\u00a0\u00bb link_font=\u00a0\u00bb|600|||||||\u00a0\u00bb link_text_color=\u00a0\u00bbrgba(36,171,255,0.89)\u00a0\u00bb header_font=\u00a0\u00bbRoboto Slab||||||||\u00a0\u00bb header_text_color=\u00a0\u00bb#5c4187&Prime; header_font_size=\u00a0\u00bb36px\u00a0\u00bb header_line_height=\u00a0\u00bb1.7em\u00a0\u00bb header_2_font=\u00a0\u00bbSource Code Pro|700|||||||\u00a0\u00bb header_2_text_color=\u00a0\u00bb#000000&Prime; header_2_font_size=\u00a0\u00bb16px\u00a0\u00bb header_3_font=\u00a0\u00bbSource Sans Pro|700|||||||\u00a0\u00bb header_3_text_color=\u00a0\u00bb#5c4187&Prime; header_3_font_size=\u00a0\u00bb26px\u00a0\u00bb header_4_font=\u00a0\u00bbRoboto Condensed|700|||||||\u00a0\u00bb header_4_text_color=\u00a0\u00bb#000000&Prime; header_5_font=\u00a0\u00bbRoboto Condensed||on||||||\u00a0\u00bb header_5_text_color=\u00a0\u00bb#5c4187&Prime; header_5_font_size=\u00a0\u00bb15px\u00a0\u00bb header_5_line_height=\u00a0\u00bb1.4em\u00a0\u00bb header_6_font=\u00a0\u00bbSource Sans Pro||||||||\u00a0\u00bb custom_margin=\u00a0\u00bb0px||2px||false|false\u00a0\u00bb custom_padding=\u00a0\u00bb||2px||false|false\u00a0\u00bb global_colors_info=\u00a0\u00bb{}\u00a0\u00bb link_text_color__hover_enabled=\u00a0\u00bbon|hover\u00a0\u00bb link_text_color__hover=\u00a0\u00bb#e09900&Prime;]<\/p>\n<h4>Jeudi 4\/09 &gt;18h30, \u00e0 L&rsquo;Alchimie, Prades<\/h4>\n<h3 style=\"padding-left: 40px;\">Les corps ont mieux \u00e0 dire<\/h3>\n<p style=\"padding-left: 40px;\"><strong>Vernissage de l\u2019exposition photo de Marie Demunter<\/strong> avec des lectures dans\u00e9es du livre \u00e9ponyme par la troupe les Unes et les autres et Caroline Baux. \u00c0 la rencontre d\u2019autres femmes, c\u2019est au plus proche de leurs corps que Marie Demunter pose son regard.<br \/>&gt; <strong>Exposition du 04 au 21\/09<\/strong><\/p>\n<p style=\"padding-left: 40px;\"><strong><\/strong><\/p>\n<h5 style=\"padding-left: 40px;\"><\/h5>\n<p>[\/et_pb_text][et_pb_text _builder_version=\u00a0\u00bb4.12.1&Prime; _module_preset=\u00a0\u00bbdefault\u00a0\u00bb text_font=\u00a0\u00bb||||||||\u00a0\u00bb link_font=\u00a0\u00bb|600|||||||\u00a0\u00bb link_text_color=\u00a0\u00bbrgba(36,171,255,0.89)\u00a0\u00bb header_font=\u00a0\u00bbRoboto Slab||||||||\u00a0\u00bb header_text_color=\u00a0\u00bb#5c4187&Prime; header_font_size=\u00a0\u00bb36px\u00a0\u00bb header_line_height=\u00a0\u00bb1.7em\u00a0\u00bb header_2_font=\u00a0\u00bbSource Code Pro|700|||||||\u00a0\u00bb header_2_text_color=\u00a0\u00bb#000000&Prime; header_2_font_size=\u00a0\u00bb16px\u00a0\u00bb header_3_font=\u00a0\u00bbSource Sans Pro|700|||||||\u00a0\u00bb header_3_text_color=\u00a0\u00bb#5c4187&Prime; header_3_font_size=\u00a0\u00bb26px\u00a0\u00bb header_4_font=\u00a0\u00bbRoboto Condensed|700|||||||\u00a0\u00bb header_4_text_color=\u00a0\u00bb#000000&Prime; header_5_font=\u00a0\u00bbRoboto Condensed||||||on|#E02B20|double\u00a0\u00bb header_5_text_color=\u00a0\u00bb#5c4187&Prime; header_5_font_size=\u00a0\u00bb15px\u00a0\u00bb header_5_line_height=\u00a0\u00bb1.4em\u00a0\u00bb header_6_font=\u00a0\u00bbSource Sans Pro||||||||\u00a0\u00bb custom_margin=\u00a0\u00bb0px||2px||false|false\u00a0\u00bb custom_padding=\u00a0\u00bb||2px||false|false\u00a0\u00bb global_colors_info=\u00a0\u00bb{}\u00a0\u00bb link_text_color__hover_enabled=\u00a0\u00bbon|hover\u00a0\u00bb link_text_color__hover=\u00a0\u00bb#e09900&Prime;]<\/p>\n<h4>Mercredi <span style=\"text-decoration: line-through; text-decoration-thickness: 3px;\">10\/09 <\/span>&gt;16h &#8211; M\u00e9diath\u00e8que &#8211; Prades &#8211; <span style=\"text-decoration: underline;\">report\u00e9 au mercredi 24\u00a0 septembre \u00e0 16h<\/span><\/h4>\n<h5><\/h5>\n<h3 style=\"padding-left: 40px;\">La guia feminista<\/h3>\n<p style=\"padding-left: 40px;\">\u00ab\u00a0Aujourd\u2019hui nous allons parler de f\u00e9minisme, une notion extr\u00e9miste selon laquelle les femmes sont des personnes.\u00a0\u00bb<br \/>La c<strong>ompagnie Encima <\/strong>pr\u00e9sente leur nouvelle cr\u00e9ation sous forme d\u2019\u00e9mission dans laquelle elle interroge et d\u00e9construit le mod\u00e8le patriarcal, les croyances, les clich\u00e9s, les st\u00e9r\u00e9otypes. Le spectacle aborde et d\u00e9bat en direct avec le public sur des th\u00e8mes tels que l\u2019amour romantique, les violences des genre, le masculinisme, les chansons sexistes. Il questionne les valeurs humanistes de notre soci\u00e9t\u00e9.<a href=\"https:\/\/encima3.encima.fr\/project\/la-guia-feminista\/\" target=\"_blank\" rel=\"noopener\"> en savoir plus sur le spectacle<\/a><\/p>\n<p style=\"padding-left: 40px;\">&gt; <strong>Th\u00e9\u00e2tre document\u00e9 \u00e0 partir de 11 ans &#8211; dur\u00e9e 45 min &#8211; bilingue fran\u00e7ais catalan<br \/>&gt; <\/strong><strong><\/strong><strong>Teatre per a joves a partir de 11 anys &#8211; 45min &#8211; biling\u00fce franc\u00e8s catal\u00e0<\/strong><\/p>\n<h5 style=\"padding-left: 40px;\"><\/h5>\n<p>[\/et_pb_text][et_pb_text _builder_version=\u00a0\u00bb4.12.1&Prime; _module_preset=\u00a0\u00bbdefault\u00a0\u00bb text_font=\u00a0\u00bb||||||||\u00a0\u00bb link_font=\u00a0\u00bb|600|||||||\u00a0\u00bb link_text_color=\u00a0\u00bbrgba(36,171,255,0.89)\u00a0\u00bb header_font=\u00a0\u00bbRoboto Slab||||||||\u00a0\u00bb header_text_color=\u00a0\u00bb#5c4187&Prime; header_font_size=\u00a0\u00bb36px\u00a0\u00bb header_line_height=\u00a0\u00bb1.7em\u00a0\u00bb header_2_font=\u00a0\u00bbSource Code Pro|700|||||||\u00a0\u00bb header_2_text_color=\u00a0\u00bb#000000&Prime; header_2_font_size=\u00a0\u00bb16px\u00a0\u00bb header_3_font=\u00a0\u00bbSource Sans Pro|700|||||||\u00a0\u00bb header_3_text_color=\u00a0\u00bb#5c4187&Prime; header_3_font_size=\u00a0\u00bb26px\u00a0\u00bb header_4_font=\u00a0\u00bbRoboto Condensed|700|||||||\u00a0\u00bb header_4_text_color=\u00a0\u00bb#000000&Prime; header_5_font=\u00a0\u00bbRoboto Condensed||on||||||\u00a0\u00bb header_5_text_color=\u00a0\u00bb#5c4187&Prime; header_5_font_size=\u00a0\u00bb15px\u00a0\u00bb header_5_line_height=\u00a0\u00bb1.4em\u00a0\u00bb header_6_font=\u00a0\u00bbSource Sans Pro||||||||\u00a0\u00bb custom_margin=\u00a0\u00bb0px||2px||false|false\u00a0\u00bb custom_padding=\u00a0\u00bb||2px||false|false\u00a0\u00bb global_colors_info=\u00a0\u00bb{}\u00a0\u00bb link_text_color__hover_enabled=\u00a0\u00bbon|hover\u00a0\u00bb link_text_color__hover=\u00a0\u00bb#e09900&Prime;]<\/p>\n<h4><\/h4>\n<h4>Mercredi 17\/09 &gt;18h-22h &#8211; Caf\u00e9 del canig\u00f3 &#8211; Fillols<\/h4>\n<h3 style=\"padding-left: 40px;\">Karaoke f\u00e9ministe &amp; queer<\/h3>\n<p style=\"padding-left: 40px;\">On s\u2019\u00e9poumone avec le <strong>Collectif La Cri\u00e9e<\/strong> pour chanter seul\u00b7e ou \u00e0 plusieurs nos chansons pr\u00e9f\u00e9r\u00e9es ! Chants engag\u00e9s, tubes ringards et chansons kitchs : de Colette Renard \u00e0 Beyonc\u00e9.<br \/><strong>&gt; Petite restauration sur place<\/strong><\/p>\n<p style=\"padding-left: 40px;\"><strong><\/strong><\/p>\n<h5 style=\"padding-left: 40px;\"><\/h5>\n<p>[\/et_pb_text][et_pb_text _builder_version=\u00a0\u00bb4.12.1&Prime; _module_preset=\u00a0\u00bbdefault\u00a0\u00bb text_font=\u00a0\u00bb||||||||\u00a0\u00bb link_font=\u00a0\u00bb|600|||||||\u00a0\u00bb link_text_color=\u00a0\u00bbrgba(36,171,255,0.89)\u00a0\u00bb header_font=\u00a0\u00bbRoboto Slab||||||||\u00a0\u00bb header_text_color=\u00a0\u00bb#5c4187&Prime; header_font_size=\u00a0\u00bb36px\u00a0\u00bb header_line_height=\u00a0\u00bb1.7em\u00a0\u00bb header_2_font=\u00a0\u00bbSource Code Pro|700|||||||\u00a0\u00bb header_2_text_color=\u00a0\u00bb#000000&Prime; header_2_font_size=\u00a0\u00bb16px\u00a0\u00bb header_3_font=\u00a0\u00bbSource Sans Pro|700|||||||\u00a0\u00bb header_3_text_color=\u00a0\u00bb#5c4187&Prime; header_3_font_size=\u00a0\u00bb26px\u00a0\u00bb header_4_font=\u00a0\u00bbRoboto Condensed|700|||||||\u00a0\u00bb header_4_text_color=\u00a0\u00bb#000000&Prime; header_5_font=\u00a0\u00bbRoboto Condensed||on||||||\u00a0\u00bb header_5_text_color=\u00a0\u00bb#5c4187&Prime; header_5_font_size=\u00a0\u00bb15px\u00a0\u00bb header_5_line_height=\u00a0\u00bb1.4em\u00a0\u00bb header_6_font=\u00a0\u00bbSource Sans Pro||||||||\u00a0\u00bb custom_margin=\u00a0\u00bb0px||2px||false|false\u00a0\u00bb custom_padding=\u00a0\u00bb||2px||false|false\u00a0\u00bb global_colors_info=\u00a0\u00bb{}\u00a0\u00bb link_text_color__hover_enabled=\u00a0\u00bbon|hover\u00a0\u00bb link_text_color__hover=\u00a0\u00bb#e09900&Prime;]<\/p>\n<h4>\u00a0Jeudi 18\/09 &gt;21h &#8211; Cin\u00e9ma le lido &#8211; Prades<\/h4>\n<h3 style=\"padding-left: 40px;\">\u00e0ma Gloria<\/h3>\n<p style=\"padding-left: 40px;\"><strong>Un film de Marie Amachoukeli. <\/strong>Avec Louise Mauroy-Panzani, Arnaud Rebotini, Il\u00e7a Moreno Zego<br \/>Cl\u00e9o a tout juste six ans. Elle aime follement Gloria, sa nounou qui l\u2019\u00e9l\u00e8ve depuis sa naissance. Mais Gloria doit retourner d&rsquo;urgence au Cap-Vert, aupr\u00e8s de ses enfants. Avant son d\u00e9part, Cl\u00e9o lui demande de tenir une promesse : la revoir au plus vite. Gloria l\u2019invite \u00e0 venir dans sa famille et sur son \u00eele, passer un dernier \u00e9t\u00e9 ensemble.\u00a0<br \/>L\u2019histoire d\u2019amour entre une nounou cap-verdienne qui doit retourner dans son pays, et la petite fille qu\u2019elle a \u00e9lev\u00e9e. un petit prodige de sensibilit\u00e9 impressionniste.<br \/><strong>&gt; France, 2023, 1h24 \u2013 tarif 7\u2009\u20ac \/ 5\u2009\u20ac &#8211;<\/strong> Une projection propos\u00e9e par les Cin\u00e9-Rencontres de Prades<\/p>\n<p>[\/et_pb_text][\/et_pb_column_inner][\/et_pb_row_inner][\/et_pb_column][\/et_pb_section][et_pb_section fb_built=\u00a0\u00bb1&Prime; specialty=\u00a0\u00bbon\u00a0\u00bb padding_top_bottom_link_1=\u00a0\u00bbfalse\u00a0\u00bb padding_left_right_link_1=\u00a0\u00bbtrue\u00a0\u00bb _builder_version=\u00a0\u00bb4.12.1&Prime; _module_preset=\u00a0\u00bbdefault\u00a0\u00bb background_color=\u00a0\u00bb#FFFFFF\u00a0\u00bb custom_margin=\u00a0\u00bb||||true|false\u00a0\u00bb custom_padding=\u00a0\u00bb1px||1px||false|false\u00a0\u00bb border_width_bottom=\u00a0\u00bb2px\u00a0\u00bb border_color_bottom=\u00a0\u00bb#666666&Prime; border_style_bottom=\u00a0\u00bbdotted\u00a0\u00bb global_colors_info=\u00a0\u00bb{}\u00a0\u00bb][et_pb_column type=\u00a0\u00bb1_3&Prime; _builder_version=\u00a0\u00bb3.25&Prime; custom_padding=\u00a0\u00bb|||\u00a0\u00bb global_colors_info=\u00a0\u00bb{}\u00a0\u00bb custom_padding__hover=\u00a0\u00bb|||\u00a0\u00bb][et_pb_image src=\u00a0\u00bbhttps:\/\/collectiflacle.org\/wp-content\/uploads\/2025\/08\/Affiches-60ans-V1.jpg\u00a0\u00bb alt=\u00a0\u00bbSpectacle radiophonique de la Cie L&rsquo;escarp\u00e9e\u00a0\u00bb title_text=\u00a0\u00bb60 ans d&rsquo;\u00e9coute, Cie L&rsquo;Escarp\u00e9e \u00a9Cyrielle Voguet\u00a0\u00bb _builder_version=\u00a0\u00bb4.12.1&Prime; _module_preset=\u00a0\u00bbdefault\u00a0\u00bb global_colors_info=\u00a0\u00bb{}\u00a0\u00bb][\/et_pb_image][et_pb_gallery gallery_ids=\u00a0\u00bb1108,1110,1114&Prime; posts_number=\u00a0\u00bb3&Prime; _builder_version=\u00a0\u00bb4.12.1&Prime; _module_preset=\u00a0\u00bbdefault\u00a0\u00bb title_font=\u00a0\u00bb|||on|||||\u00a0\u00bb title_text_color=\u00a0\u00bb#000000&Prime; title_font_size=\u00a0\u00bb11px\u00a0\u00bb global_colors_info=\u00a0\u00bb{}\u00a0\u00bb][\/et_pb_gallery][et_pb_image src=\u00a0\u00bbhttps:\/\/collectiflacle.org\/wp-content\/uploads\/2025\/08\/Affiches-Matriboum-02.jpg\u00a0\u00bb title_text=\u00a0\u00bbAffiches-Matriboum-02&Prime; _builder_version=\u00a0\u00bb4.12.1&Prime; _module_preset=\u00a0\u00bbdefault\u00a0\u00bb global_colors_info=\u00a0\u00bb{}\u00a0\u00bb][\/et_pb_image][\/et_pb_column][et_pb_column type=\u00a0\u00bb2_3&Prime; specialty_columns=\u00a0\u00bb2&Prime; _builder_version=\u00a0\u00bb3.25&Prime; custom_padding=\u00a0\u00bb|||\u00a0\u00bb global_colors_info=\u00a0\u00bb{}\u00a0\u00bb custom_padding__hover=\u00a0\u00bb|||\u00a0\u00bb][et_pb_row_inner _builder_version=\u00a0\u00bb4.12.1&Prime; _module_preset=\u00a0\u00bbdefault\u00a0\u00bb global_colors_info=\u00a0\u00bb{}\u00a0\u00bb][et_pb_column_inner saved_specialty_column_type=\u00a0\u00bb2_3&Prime; _builder_version=\u00a0\u00bb4.12.1&Prime; _module_preset=\u00a0\u00bbdefault\u00a0\u00bb global_colors_info=\u00a0\u00bb{}\u00a0\u00bb][et_pb_text _builder_version=\u00a0\u00bb4.12.1&Prime; _module_preset=\u00a0\u00bbdefault\u00a0\u00bb text_font=\u00a0\u00bb||||||||\u00a0\u00bb link_font=\u00a0\u00bb|600|||||||\u00a0\u00bb link_text_color=\u00a0\u00bbrgba(36,171,255,0.89)\u00a0\u00bb header_font=\u00a0\u00bbRoboto Slab||||||||\u00a0\u00bb header_text_color=\u00a0\u00bb#5c4187&Prime; header_font_size=\u00a0\u00bb36px\u00a0\u00bb header_line_height=\u00a0\u00bb1.7em\u00a0\u00bb header_2_font=\u00a0\u00bbSource Code Pro|700|||||||\u00a0\u00bb header_2_text_color=\u00a0\u00bb#000000&Prime; header_2_font_size=\u00a0\u00bb16px\u00a0\u00bb header_3_font=\u00a0\u00bbSource Sans Pro|700|||||||\u00a0\u00bb header_3_text_color=\u00a0\u00bb#5c4187&Prime; header_3_font_size=\u00a0\u00bb26px\u00a0\u00bb header_4_font=\u00a0\u00bbRoboto Condensed|700|||||||\u00a0\u00bb header_4_text_color=\u00a0\u00bb#000000&Prime; header_5_font=\u00a0\u00bbRoboto Condensed||on||||||\u00a0\u00bb header_5_text_color=\u00a0\u00bb#5c4187&Prime; header_5_font_size=\u00a0\u00bb15px\u00a0\u00bb header_5_line_height=\u00a0\u00bb1.7em\u00a0\u00bb header_6_font=\u00a0\u00bbSource Sans Pro||||||||\u00a0\u00bb custom_margin=\u00a0\u00bb0px||2px||false|false\u00a0\u00bb custom_padding=\u00a0\u00bb||2px||false|false\u00a0\u00bb global_colors_info=\u00a0\u00bb{}\u00a0\u00bb link_text_color__hover_enabled=\u00a0\u00bbon|hover\u00a0\u00bb link_text_color__hover=\u00a0\u00bb#e09900&Prime;]<\/p>\n<h4 id=\"60ansdecoute\">Vendredi 19\/09 &gt;19h &#8211; Prieur\u00e9 de Marcevol<\/h4>\n<h3 style=\"text-align: left; padding-left: 40px;\">60 ans d\u2019\u00e9coute<\/h3>\n<p style=\"text-align: left; padding-left: 40px;\"><strong>Compagnie L\u2019Escarp\u00e9e.<\/strong> Une \u00e9mission de radio sur le planning familial en direct et en public. L\u2019universitaire invit\u00e9e est en retard et&#8230; rien ne se passera comme pr\u00e9vu ! M\u00ealant micro-trottoirs, archives, r\u00e9cits personnels et partages d\u2019exp\u00e9riences de travailleuses sociales et de militantes, nos deux animatrices m\u00e8neront l\u2019\u00e9mission jusqu\u2019au bout. Quitte \u00e0 improviser. Quitte \u00e0 d\u00e9border.<\/p>\n<p style=\"text-align: left; padding-left: 40px;\">\u00c0 travers une fiction radiophonique en direct, ce spectacle explore les dynamiques de transformation sociale, en s\u2019inspirant du Planning Familial. Il c\u00e9l\u00e8bre l&rsquo;engagement militant, l\u2019\u00e9coute et la r\u00e9sistance joyeuse, donnant voix \u00e0 celles et ceux qui \u0153uvrent au quotidien pour changer les choses.<\/p>\n<p style=\"text-align: left; padding-left: 40px;\"><strong>&gt; Th\u00e9\u00e2tre radiophonique en espace public \u00e0 partir de 12 ans &#8211; dur\u00e9e 1h &#8211; tarif 8\u2009\u20ac<br \/>&gt; <\/strong><strong>Buvette sur place d\u00e8s 18h + Repas partag\u00e9 \u00e0 l\u2019issue du spectacle<br \/>&gt; Achetez vos places ici : <a href=\"https:\/\/www.helloasso.com\/associations\/beau-bruit\/evenements\/60-ans-d-ecoute-cie-l-escarpee\" target=\"_blank\" rel=\"noopener\">https:\/\/www.helloasso.com\/associations\/beau-bruit\/evenements\/60-ans-d-ecoute-cie-l-escarpee<\/a><br \/><\/strong><strong><\/strong><\/p>\n<p style=\"padding-left: 40px;\"><span style=\"font-size: small;\">\u00c9criture &amp; mise en rue :\u00a0L\u00e9a Good \/ Compagnie L\u2019Escarp\u00e9e<\/span><br \/><span style=\"font-size: small;\">Cr\u00e9ation sonore :\u00a0Alix Lumbreras<\/span><br \/><span style=\"font-size: small;\">Jeu:\u00a0L\u00e9a Good, Clara Joffre, C\u00e9cilia Schneider<\/span><\/p>\n<p style=\"text-align: left; padding-left: 40px;\"><a href=\"https:\/\/www.helloasso.com\/associations\/beau-bruit\/evenements\/60-ans-d-ecoute-cie-l-escarpee\"><\/a><\/p>\n<h4>suivi de &gt; 21h<\/h4>\n<h3 style=\"padding-left: 40px;\">Plateau radio<\/h3>\n<p style=\"padding-left: 40px;\"><strong>Beau Bruit.<\/strong> En s\u2019appuyant sur des t\u00e9moignages collect\u00e9s localement et en dialogue avec des invit\u00e9es travailleuses du soin, nous nous mettrons \u00e0 l\u2019\u00e9coute de la sant\u00e9 des femmes sur notre territoire, avec comme figure tut\u00e9laire Elisabeth Eidenbenz, fondatrice de la Maternit\u00e9 suisse d\u2019Elne durant la seconde guerre mondiale.<\/p>\n<p style=\"padding-left: 40px;\">\n<h4>Samedi 20\/09 &gt; 10h-12h &#8211; Casa bauxells &#8211; Sahorre<\/h4>\n<h3>Dans les pas des trementinaires, les cueilleuses d\u2019autrefois<\/h3>\n<p style=\"padding-left: 40px;\"><strong>Balade botanique et historique par Ingrid Forey.<\/strong><br \/>&gt; \u00c0 partir de 8 ans\u00a0 &#8211; d\u00e9part de la Casa Bauxells (25 route de Py) &#8211; pique-nique sous le tilleul<br \/><strong>&gt; Sur r\u00e9servation par mail \u00e0 <a href=\"mailto:beaubruit@free.fr\" target=\"_blank\" rel=\"noopener\">beaubruit@free.fr<\/a><\/strong><\/p>\n<p>[\/et_pb_text][et_pb_text _builder_version=\u00a0\u00bb4.12.1&Prime; _module_preset=\u00a0\u00bbdefault\u00a0\u00bb text_font=\u00a0\u00bb||||||||\u00a0\u00bb link_font=\u00a0\u00bb|600|||||||\u00a0\u00bb link_text_color=\u00a0\u00bbrgba(36,171,255,0.89)\u00a0\u00bb header_font=\u00a0\u00bbRoboto Slab||||||||\u00a0\u00bb header_text_color=\u00a0\u00bb#5c4187&Prime; header_font_size=\u00a0\u00bb36px\u00a0\u00bb header_line_height=\u00a0\u00bb1.7em\u00a0\u00bb header_2_font=\u00a0\u00bbSource Code Pro|700|||||||\u00a0\u00bb header_2_text_color=\u00a0\u00bb#000000&Prime; header_2_font_size=\u00a0\u00bb16px\u00a0\u00bb header_3_font=\u00a0\u00bbSource Sans Pro|700|||||||\u00a0\u00bb header_3_text_color=\u00a0\u00bb#5c4187&Prime; header_3_font_size=\u00a0\u00bb26px\u00a0\u00bb header_4_font=\u00a0\u00bbRoboto Condensed|700|||||||\u00a0\u00bb header_4_text_color=\u00a0\u00bb#000000&Prime; header_5_font=\u00a0\u00bbRoboto Condensed||on||||||\u00a0\u00bb header_5_text_color=\u00a0\u00bb#5c4187&Prime; header_5_font_size=\u00a0\u00bb15px\u00a0\u00bb header_5_line_height=\u00a0\u00bb1.4em\u00a0\u00bb header_6_font=\u00a0\u00bbSource Sans Pro||||||||\u00a0\u00bb header_6_text_color=\u00a0\u00bb#000000&Prime; header_6_font_size=\u00a0\u00bb15px\u00a0\u00bb header_6_line_height=\u00a0\u00bb1.3em\u00a0\u00bb custom_margin=\u00a0\u00bb0px||2px||false|false\u00a0\u00bb custom_padding=\u00a0\u00bb||2px||false|false\u00a0\u00bb global_colors_info=\u00a0\u00bb{}\u00a0\u00bb link_text_color__hover_enabled=\u00a0\u00bbon|hover\u00a0\u00bb link_text_color__hover=\u00a0\u00bb#e09900&Prime;]<\/p>\n<h4><\/h4>\n<h4><\/h4>\n<h4><\/h4>\n<h4>Samedi 20\/09 &gt; d\u00e8s 14h &#8211; rue\u2009\/jardin Saint-Pierre &amp; salle des f\u00eates &#8211; Villefranche-de-Conflent<\/h4>\n<h4><\/h4>\n<h4>En continu<\/h4>\n<p style=\"padding-left: 40px;\">Expo de broderies \/ librairie th\u00e9matique \/ stand de plantes m\u00e9dicinales \/ m\u00e9dia Girls don\u2019t cry \/ kit anti-relou\u00b7e<\/p>\n<h4>Les ateliers &gt; de 14h \u00e0 17h<\/h4>\n<h3 style=\"padding-left: 40px;\">\u2022 Salon d\u2019\u00e9coute de podcasts<\/h3>\n<p style=\"padding-left: 40px;\">Qui prend soin de nous ? <strong>Beau Bruit<\/strong><\/p>\n<h3 style=\"padding-left: 40px;\">\u2022 Broussailles, ateliers de l\u2019intime<\/h3>\n<p style=\"padding-left: 40px;\"><strong>G\u00e9raldine Stringer, Ninon De Graaff, Julie Roussillon.<\/strong> Table ronde, broderie et captures sonores sur le th\u00e8me de l\u2019\u00e9rotisme au f\u00e9minin. \u00c0 partir de 16 ans<\/p>\n<h3 style=\"padding-left: 40px;\">\u2022 Atelier bien-\u00eatre &amp; plantes m\u00e9dicinales,<\/h3>\n<p style=\"padding-left: 40px;\"><strong>Sauvages et cultiv\u00e9es.<\/strong> Explorer les usages des plantes aromatiques et m\u00e9dicinales \u00e0 travers des d\u00e9monstrations, des \u00e9changes et des d\u00e9gustations.<\/p>\n<h3 style=\"padding-left: 40px;\">\u2022 Atelier \u00e0 vis\u00e9e philosophique<\/h3>\n<p style=\"padding-left: 40px;\"><strong>par Blandine Margoux (Le fil \u00e0 philo)<\/strong><br \/><strong>&gt; 14h &#8211;<\/strong> Si j\u2019ai la trouille, est-ce que je suis une mauviette ? De 5 \u00e0 11 ans<br \/><strong>&gt; 15h30 &#8211;<\/strong> La vuln\u00e9rabilit\u00e9 a-t-elle un sexe ? De 10 \u00e0 16 ans<\/p>\n<h4>Autres rendez-vous &gt; d\u00e8s 17h<\/h4>\n<h3 style=\"padding-left: 40px;\">17h Rencontre-d\u00e9dicace<\/h3>\n<p style=\"padding-left: 40px;\">avec l\u2019autrice <strong>Nepthys Zwer<\/strong> \u2013 librairie La Libambulle<\/p>\n<h3 style=\"padding-left: 40px;\">18h Transmission d\u2019un chant militant<\/h3>\n<p style=\"padding-left: 40px;\">Chorale f\u00e9ministe et antifasciste de Prades<\/p>\n<h3 style=\"padding-left: 40px;\">19h30 La Dona donna<\/h3>\n<p style=\"padding-left: 40px;\">Les<strong> Compagnies Encima et Las Lolas<\/strong> pr\u00e9sentent une cr\u00e9ation transfrontali\u00e8re et pluridisciplinaire, th\u00e9\u00e2tre et danse, qui interroge la place des femmes dans la soci\u00e9t\u00e9 et \u00e0 l\u2019\u00e9chelle de leurs territoires respectifs.<br \/>&gt; <strong>Sortie de r\u00e9sidence \u00e0 partir de 12 ans<\/strong><\/p>\n<p>&nbsp;<\/p>\n<h4>Samedi 20\/09 &gt;d\u00e8s 21h &#8211; salle des f\u00eates &#8211; Villefranche-de-Conflent<\/h4>\n<h3 style=\"padding-left: 40px;\">Boom boum boom soigne ton dancefloor\u00a0!<\/h3>\n<p style=\"padding-left: 40px;\"><strong>MatriElectroMixParty. <\/strong>Viens te d\u00e9hancher en trois sets gagnants ! Future Garage, House, Nu Disco, Twerk, Indie Dance, Abstract Hip-Hop&#8230; Avec de la sororit\u00e9 et beaucoup de paillettes dedans. Un soin aux BPM pour se serrer fort dans les bras, se c\u00e9l\u00e9brer et danser \u00e0 l\u2019infini.<br \/><strong>&gt; Tarif 8\u2009\u20ac &#8211; buvette et restauration sur place\u00a0<\/strong><br \/><strong>&gt; Achetez vos places : <\/strong><a href=\"https:\/\/www.helloasso.com\/associations\/beau-bruit\/evenements\/boom-boum-boom\" target=\"_blank\" rel=\"noopener\">https:\/\/www.helloasso.com\/associations\/beau-bruit\/evenements\/boom-boum-boom<\/a><\/p>\n<p style=\"padding-left: 40px;\">[\/et_pb_text][\/et_pb_column_inner][\/et_pb_row_inner][\/et_pb_column][\/et_pb_section][et_pb_section fb_built=\u00a0\u00bb1&Prime; specialty=\u00a0\u00bbon\u00a0\u00bb padding_top_bottom_link_1=\u00a0\u00bbfalse\u00a0\u00bb padding_left_right_link_1=\u00a0\u00bbtrue\u00a0\u00bb _builder_version=\u00a0\u00bb4.12.1&Prime; _module_preset=\u00a0\u00bbdefault\u00a0\u00bb background_color=\u00a0\u00bb#FFFFFF\u00a0\u00bb custom_margin=\u00a0\u00bb||||true|false\u00a0\u00bb custom_padding=\u00a0\u00bb3px||||false|false\u00a0\u00bb border_width_bottom=\u00a0\u00bb2px\u00a0\u00bb border_color_bottom=\u00a0\u00bb#666666&Prime; border_style_bottom=\u00a0\u00bbdotted\u00a0\u00bb global_colors_info=\u00a0\u00bb{}\u00a0\u00bb][et_pb_column type=\u00a0\u00bb1_3&Prime; _builder_version=\u00a0\u00bb3.25&Prime; custom_padding=\u00a0\u00bb|||\u00a0\u00bb global_colors_info=\u00a0\u00bb{}\u00a0\u00bb custom_padding__hover=\u00a0\u00bb|||\u00a0\u00bb][et_pb_image src=\u00a0\u00bbhttps:\/\/collectiflacle.org\/wp-content\/uploads\/2025\/08\/atelier-carto-01.jpg\u00a0\u00bb alt=\u00a0\u00bbExemple de contre-cartographie\u00a0\u00bb title_text=\u00a0\u00bbContre-cartographie, Nepthys Swer\u00a0\u00bb _builder_version=\u00a0\u00bb4.12.1&Prime; _module_preset=\u00a0\u00bbdefault\u00a0\u00bb global_colors_info=\u00a0\u00bb{}\u00a0\u00bb][\/et_pb_image][\/et_pb_column][et_pb_column type=\u00a0\u00bb2_3&Prime; specialty_columns=\u00a0\u00bb2&Prime; _builder_version=\u00a0\u00bb3.25&Prime; custom_padding=\u00a0\u00bb|||\u00a0\u00bb global_colors_info=\u00a0\u00bb{}\u00a0\u00bb custom_padding__hover=\u00a0\u00bb|||\u00a0\u00bb][et_pb_row_inner _builder_version=\u00a0\u00bb4.12.1&Prime; _module_preset=\u00a0\u00bbdefault\u00a0\u00bb global_colors_info=\u00a0\u00bb{}\u00a0\u00bb][et_pb_column_inner saved_specialty_column_type=\u00a0\u00bb2_3&Prime; _builder_version=\u00a0\u00bb4.12.1&Prime; _module_preset=\u00a0\u00bbdefault\u00a0\u00bb global_colors_info=\u00a0\u00bb{}\u00a0\u00bb][et_pb_text _builder_version=\u00a0\u00bb4.12.1&Prime; _module_preset=\u00a0\u00bbdefault\u00a0\u00bb text_font=\u00a0\u00bb||||||||\u00a0\u00bb link_font=\u00a0\u00bb|600|||||||\u00a0\u00bb link_text_color=\u00a0\u00bbrgba(36,171,255,0.89)\u00a0\u00bb header_font=\u00a0\u00bbRoboto Slab||||||||\u00a0\u00bb header_text_color=\u00a0\u00bb#5c4187&Prime; header_font_size=\u00a0\u00bb36px\u00a0\u00bb header_line_height=\u00a0\u00bb1.7em\u00a0\u00bb header_2_font=\u00a0\u00bbSource Code Pro|700|||||||\u00a0\u00bb header_2_text_color=\u00a0\u00bb#000000&Prime; header_2_font_size=\u00a0\u00bb16px\u00a0\u00bb header_3_font=\u00a0\u00bbSource Sans Pro|700|||||||\u00a0\u00bb header_3_text_color=\u00a0\u00bb#5c4187&Prime; header_3_font_size=\u00a0\u00bb26px\u00a0\u00bb header_4_font=\u00a0\u00bbRoboto Condensed|700|||||||\u00a0\u00bb header_4_text_color=\u00a0\u00bb#000000&Prime; header_5_font=\u00a0\u00bbRoboto Condensed||on||||||\u00a0\u00bb header_5_text_color=\u00a0\u00bb#5c4187&Prime; header_5_font_size=\u00a0\u00bb15px\u00a0\u00bb header_5_line_height=\u00a0\u00bb1.7em\u00a0\u00bb header_6_font=\u00a0\u00bbSource Sans Pro||||||||\u00a0\u00bb custom_margin=\u00a0\u00bb0px||2px||false|false\u00a0\u00bb custom_padding=\u00a0\u00bb||2px||false|false\u00a0\u00bb global_colors_info=\u00a0\u00bb{}\u00a0\u00bb link_text_color__hover_enabled=\u00a0\u00bbon|hover\u00a0\u00bb link_text_color__hover=\u00a0\u00bb#e09900&Prime;]<\/p>\n<h3>\u00c0 l\u2019abordage de la cartographie<\/h3>\n<p><strong>Trois rendez-vous avec Nepthys Zwer,<\/strong> une historienne engag\u00e9e qui \u00e9tudie la cartographie comme instrument de domination, et dont les luttes, notamment f\u00e9ministes, peuvent s\u2019emparer !<\/p>\n<p>Nous produisons l\u2019espace et l\u2019espace nous produit en retour. Qu\u2019en est-il alors de la dimension genr\u00e9e de nos pratiques spatiales\u00a0? Que nous le voulions ou non, femmes et hommes occupent l\u2019espace autrement, se d\u00e9placent autrement et disposent autrement de leur environnement\u2026 Trois rendez-vous seront l\u2019occasion de croiser nos exp\u00e9riences individuelles pour questionner ces pratiques spatiales et leurs raisons d\u2019\u00eatre.<\/p>\n<h4>vendredi 19\/09 &gt; 14h-16h &#8211; UPVD campus moulin \u00e0 vent &#8211; amphi 5 &#8211; Perpignan<\/h4>\n<h3 style=\"padding-left: 40px;\">Conf\u00e9rence Cartographie radicale\u00a0: d\u00e9tourner le pouvoir des cartes<\/h3>\n<p style=\"padding-left: 40px;\">Propos\u00e9e par le CRESEM et Art-Dev.<br \/>&gt; <strong>Sur inscription\u00a0: <\/strong><a href=\"https:\/\/www.univ-perp.fr\/conference-cartographie-radicale-detourner-le-pouvoir-des-cartes\" target=\"_blank\" rel=\"noopener\">https:\/\/www.univ-perp.fr\/conference-cartographie-radicale-detourner-le-pouvoir-des-cartes<\/a><\/p>\n<h4>samedi 20\/09 &gt; 17h &#8211; Jardin Saint-Pierre &#8211; Villefranche-de-Conflent<\/h4>\n<h3 style=\"text-align: left; padding-left: 40px;\">Rencontre-d\u00e9dicace<\/h3>\n<p style=\"text-align: left; padding-left: 40px;\">autour du dernier ouvrage de Nepthys Zwer, <strong>Pour un spatio-f\u00e9minisme. De l\u2019espace \u00e0 la carte<\/strong> (Dominique Carr\u00e9\/la d\u00e9couverte, 2024). Propos\u00e9e par la librairie La Libambulle<\/p>\n<h4>dimanche 21\/09 &gt;14h30 &#8211; L&rsquo;Alchimie &#8211; Prades<\/h4>\n<h3 style=\"padding-left: 40px;\">Atelier de contre-cartographie<\/h3>\n<p style=\"padding-left: 40px;\">Dans une d\u00e9marche de d\u00e9couverte, les participant\u00b7es r\u00e9alisent collectivement leur propre carte ou graphique. L\u2019accent est mis sur la probl\u00e9matisation d\u2019une question et la d\u00e9marche de construction graphique. Il s\u2019agit de s\u2019approprier l\u2019outil cartographique en se \u00ab\u00a0projetant\u00a0\u00bb sur la carte et cela peut concerner tous les aspects de notre rapport \u00e0 l\u2019espace.<br \/><strong>&gt; \u00c0 partir de 15 ans \u2013 dur\u00e9e 3h &#8211; tarif 5 \u20ac<\/strong><br \/><strong>&gt; Sur r\u00e9servation par mail \u00e0 <a href=\"mailto:beaubruit@free.fr\" target=\"_blank\" rel=\"noopener\">beaubruit@free.fr<\/a><\/strong><\/p>\n<p>&nbsp;<\/p>\n<p>[\/et_pb_text][\/et_pb_column_inner][\/et_pb_row_inner][et_pb_row_inner column_structure=\u00a0\u00bb1_2,1_2&Prime; _builder_version=\u00a0\u00bb4.12.1&Prime; _module_preset=\u00a0\u00bbdefault\u00a0\u00bb global_colors_info=\u00a0\u00bb{}\u00a0\u00bb][et_pb_column_inner type=\u00a0\u00bb1_2&Prime; saved_specialty_column_type=\u00a0\u00bb2_3&Prime; _builder_version=\u00a0\u00bb4.12.1&Prime; _module_preset=\u00a0\u00bbdefault\u00a0\u00bb global_colors_info=\u00a0\u00bb{}\u00a0\u00bb][et_pb_text _builder_version=\u00a0\u00bb4.12.1&Prime; _module_preset=\u00a0\u00bbdefault\u00a0\u00bb header_5_font=\u00a0\u00bbRoboto Condensed||||||||\u00a0\u00bb header_5_text_align=\u00a0\u00bbleft\u00a0\u00bb header_5_text_color=\u00a0\u00bb#000000&Prime; header_5_font_size=\u00a0\u00bb18px\u00a0\u00bb header_5_line_height=\u00a0\u00bb1.4em\u00a0\u00bb background_color=\u00a0\u00bbrgba(251,187,33,0.69)\u00a0\u00bb text_orientation=\u00a0\u00bbcenter\u00a0\u00bb custom_padding=\u00a0\u00bb3%|5%|3%|5%|false|true\u00a0\u00bb border_radii=\u00a0\u00bbon|10px|10px|10px|10px\u00a0\u00bb global_colors_info=\u00a0\u00bb{}\u00a0\u00bb]<\/p>\n<h5><strong>Au fil des soir\u00e9es, nous d\u00e9gusterons des bi\u00e8res arisanales et locales brass\u00e9es par des femmes !<\/strong> Avec la brasserie Prats-de-Mollo, Pyr\u00e9n\u00e9iste, Le Grabuge-nanobrasserie vivante et Bruma Brew.<\/h5>\n<p>[\/et_pb_text][\/et_pb_column_inner][et_pb_column_inner type=\u00a0\u00bb1_2&Prime; saved_specialty_column_type=\u00a0\u00bb2_3&Prime; _builder_version=\u00a0\u00bb4.12.1&Prime; _module_preset=\u00a0\u00bbdefault\u00a0\u00bb global_colors_info=\u00a0\u00bb{}\u00a0\u00bb][et_pb_text _builder_version=\u00a0\u00bb4.12.1&Prime; _module_preset=\u00a0\u00bbdefault\u00a0\u00bb header_5_font=\u00a0\u00bbRoboto Condensed||||||||\u00a0\u00bb header_5_text_align=\u00a0\u00bbleft\u00a0\u00bb header_5_text_color=\u00a0\u00bb#000000&Prime; header_5_font_size=\u00a0\u00bb18px\u00a0\u00bb header_5_line_height=\u00a0\u00bb1.4em\u00a0\u00bb background_color=\u00a0\u00bbrgba(251,187,33,0.69)\u00a0\u00bb text_orientation=\u00a0\u00bbcenter\u00a0\u00bb custom_padding=\u00a0\u00bb3%|5%|3%|5%|false|true\u00a0\u00bb border_radii=\u00a0\u00bbon|10px|10px|10px|10px\u00a0\u00bb global_colors_info=\u00a0\u00bb{}\u00a0\u00bb]<\/p>\n<h5>Sauf mention contraire, les\u00a0 \u00e9v\u00e9nements sont en<strong> participation libre<\/strong> et n\u00e9cessaire. Merci !<\/h5>\n<p>[\/et_pb_text][\/et_pb_column_inner][\/et_pb_row_inner][\/et_pb_column][\/et_pb_section]<\/p>\n","protected":false},"excerpt":{"rendered":"<p>Saison culturelle 2025-2026 Spectacles \/ concerts \/ expos \/ stages \/ ateliers \/ Tous nos \u00e9v\u00e9nements culturels et artistiques en Conflent et CerdagneJourn\u00e9es du matrimoine Qui prend soin de nous ? Du 04 au 21 septembre 2025 &#8211; Villefranche-de-Conflent &#8211; Prades \u2013 Marcevol &#8211; Fillols &#8211; Sahorre &#8211; Perpignan \u2013 tout public Les journ\u00e9es du [&hellip;]<\/p>\n","protected":false},"author":2,"featured_media":0,"parent":0,"menu_order":0,"comment_status":"closed","ping_status":"closed","template":"","meta":{"_et_pb_use_builder":"on","_et_pb_old_content":"","_et_gb_content_width":""},"_links":{"self":[{"href":"https:\/\/collectiflacle.org\/index.php\/wp-json\/wp\/v2\/pages\/1061"}],"collection":[{"href":"https:\/\/collectiflacle.org\/index.php\/wp-json\/wp\/v2\/pages"}],"about":[{"href":"https:\/\/collectiflacle.org\/index.php\/wp-json\/wp\/v2\/types\/page"}],"author":[{"embeddable":true,"href":"https:\/\/collectiflacle.org\/index.php\/wp-json\/wp\/v2\/users\/2"}],"replies":[{"embeddable":true,"href":"https:\/\/collectiflacle.org\/index.php\/wp-json\/wp\/v2\/comments?post=1061"}],"version-history":[{"count":34,"href":"https:\/\/collectiflacle.org\/index.php\/wp-json\/wp\/v2\/pages\/1061\/revisions"}],"predecessor-version":[{"id":1201,"href":"https:\/\/collectiflacle.org\/index.php\/wp-json\/wp\/v2\/pages\/1061\/revisions\/1201"}],"wp:attachment":[{"href":"https:\/\/collectiflacle.org\/index.php\/wp-json\/wp\/v2\/media?parent=1061"}],"curies":[{"name":"wp","href":"https:\/\/api.w.org\/{rel}","templated":true}]}}