{"id":1292,"date":"2026-01-20T18:26:09","date_gmt":"2026-01-20T17:26:09","guid":{"rendered":"https:\/\/collectiflacle.org\/?page_id=1292"},"modified":"2026-01-20T18:26:09","modified_gmt":"2026-01-20T17:26:09","slug":"le-tiers-lieu","status":"publish","type":"page","link":"https:\/\/collectiflacle.org\/index.php\/le-tiers-lieu\/","title":{"rendered":"Le tiers-lieu"},"content":{"rendered":"<p>[et_pb_section fb_built=\u00a0\u00bb1&Prime; _builder_version=\u00a0\u00bb4.12.1&Prime; _module_preset=\u00a0\u00bbdefault\u00a0\u00bb custom_padding=\u00a0\u00bb0px|||||\u00a0\u00bb global_colors_info=\u00a0\u00bb{}\u00a0\u00bb][et_pb_row _builder_version=\u00a0\u00bb4.12.1&Prime; _module_preset=\u00a0\u00bbdefault\u00a0\u00bb global_colors_info=\u00a0\u00bb{}\u00a0\u00bb][et_pb_column type=\u00a0\u00bb4_4&Prime; _builder_version=\u00a0\u00bb4.12.1&Prime; _module_preset=\u00a0\u00bbdefault\u00a0\u00bb global_colors_info=\u00a0\u00bb{}\u00a0\u00bb][et_pb_image src=\u00a0\u00bbhttps:\/\/collectiflacle.org\/wp-content\/uploads\/2025\/10\/entete-sans-saison-2025-26-scaled.jpg\u00a0\u00bb alt=\u00a0\u00bbsaison culturelle LaCl\u00e9\u00a0\u00bb title_text=\u00a0\u00bbent\u00eate sans saison 2025-26&Prime; _builder_version=\u00a0\u00bb4.12.1&Prime; _module_preset=\u00a0\u00bbdefault\u00a0\u00bb global_colors_info=\u00a0\u00bb{}\u00a0\u00bb][\/et_pb_image][\/et_pb_column][\/et_pb_row][et_pb_row column_structure=\u00a0\u00bb2_5,3_5&Prime; _builder_version=\u00a0\u00bb4.12.1&Prime; _module_preset=\u00a0\u00bbdefault\u00a0\u00bb global_colors_info=\u00a0\u00bb{}\u00a0\u00bb][et_pb_column type=\u00a0\u00bb2_5&Prime; _builder_version=\u00a0\u00bb4.12.1&Prime; _module_preset=\u00a0\u00bbdefault\u00a0\u00bb global_colors_info=\u00a0\u00bb{}\u00a0\u00bb][et_pb_image alt=\u00a0\u00bbLogotype du Collectif LaCl\u00e9\u00a0\u00bb title_text=\u00a0\u00bblogo-laCl\u00e9-TL-FT\u00a0\u00bb _builder_version=\u00a0\u00bb4.12.1&Prime; _module_preset=\u00a0\u00bbdefault\u00a0\u00bb max_width=\u00a0\u00bb100%\u00a0\u00bb hover_enabled=\u00a0\u00bb0&Prime; global_colors_info=\u00a0\u00bb{}\u00a0\u00bb sticky_enabled=\u00a0\u00bb0&Prime; src=\u00a0\u00bbhttps:\/\/collectiflacle.org\/wp-content\/uploads\/2026\/01\/logo-laCle-TL-FT.png\u00a0\u00bb][\/et_pb_image][\/et_pb_column][et_pb_column type=\u00a0\u00bb3_5&Prime; _builder_version=\u00a0\u00bb4.12.1&Prime; _module_preset=\u00a0\u00bbdefault\u00a0\u00bb global_colors_info=\u00a0\u00bb{}\u00a0\u00bb][et_pb_text _builder_version=\u00a0\u00bb4.12.1&Prime; _module_preset=\u00a0\u00bbdefault\u00a0\u00bb hover_enabled=\u00a0\u00bb0&Prime; global_colors_info=\u00a0\u00bb{}\u00a0\u00bb header_2_text_color=\u00a0\u00bb#000000&Prime; header_3_text_color=\u00a0\u00bb#BD2446&Prime; header_3_font=\u00a0\u00bbRoboto Slab||||||||\u00a0\u00bb sticky_enabled=\u00a0\u00bb0&Prime; header_font=\u00a0\u00bbRoboto Slab||||||||\u00a0\u00bb header_font_size=\u00a0\u00bb34px\u00a0\u00bb header_2_font_size=\u00a0\u00bb24px\u00a0\u00bb header_text_color=\u00a0\u00bb#BD2446&Prime;]<\/p>\n<h1>Collectif LaCl\u00e9,<\/h1>\n<h2>un tiers-lieu \u00e9co culturel<\/h2>\n<h2>une fabrique de territoire<\/h2>\n<p>&nbsp;<\/p>\n<h3>Site Internet en construction<\/h3>\n<p>Notre site est en cours de cosntruction, \u00e9tape par \u00e9tape, page par page. La page de la saison culturelle est mise \u00e0 jour au fur et \u00e0 mesure de la programmation &gt;&gt;&gt;<strong><a href=\"https:\/\/collectiflacle.org\/\"> d\u00e9couvrez le prochain \u00e9v\u00e9nement !<\/a><\/strong><\/p>\n<p>[\/et_pb_text][\/et_pb_column][\/et_pb_row][\/et_pb_section]<\/p>\n","protected":false},"excerpt":{"rendered":"<p>Collectif LaCl\u00e9, un tiers-lieu \u00e9co culturel une fabrique de territoire &nbsp; Site Internet en construction Notre site est en cours de cosntruction, \u00e9tape par \u00e9tape, page par page. La page de la saison culturelle est mise \u00e0 jour au fur et \u00e0 mesure de la programmation &gt;&gt;&gt; d\u00e9couvrez le prochain \u00e9v\u00e9nement !<\/p>\n","protected":false},"author":2,"featured_media":0,"parent":0,"menu_order":0,"comment_status":"closed","ping_status":"closed","template":"","meta":{"_et_pb_use_builder":"on","_et_pb_old_content":"","_et_gb_content_width":""},"_links":{"self":[{"href":"https:\/\/collectiflacle.org\/index.php\/wp-json\/wp\/v2\/pages\/1292"}],"collection":[{"href":"https:\/\/collectiflacle.org\/index.php\/wp-json\/wp\/v2\/pages"}],"about":[{"href":"https:\/\/collectiflacle.org\/index.php\/wp-json\/wp\/v2\/types\/page"}],"author":[{"embeddable":true,"href":"https:\/\/collectiflacle.org\/index.php\/wp-json\/wp\/v2\/users\/2"}],"replies":[{"embeddable":true,"href":"https:\/\/collectiflacle.org\/index.php\/wp-json\/wp\/v2\/comments?post=1292"}],"version-history":[{"count":4,"href":"https:\/\/collectiflacle.org\/index.php\/wp-json\/wp\/v2\/pages\/1292\/revisions"}],"predecessor-version":[{"id":1302,"href":"https:\/\/collectiflacle.org\/index.php\/wp-json\/wp\/v2\/pages\/1292\/revisions\/1302"}],"wp:attachment":[{"href":"https:\/\/collectiflacle.org\/index.php\/wp-json\/wp\/v2\/media?parent=1292"}],"curies":[{"name":"wp","href":"https:\/\/api.w.org\/{rel}","templated":true}]}}