{"id":667,"date":"2024-08-28T12:22:44","date_gmt":"2024-08-28T10:22:44","guid":{"rendered":"https:\/\/collectiflacle.org\/?page_id=667"},"modified":"2025-07-28T15:48:22","modified_gmt":"2025-07-28T13:48:22","slug":"saison-culturelle-2024-25","status":"publish","type":"page","link":"https:\/\/collectiflacle.org\/index.php\/saison-culturelle-2024-25\/","title":{"rendered":"Saison culturelle 2024 2025"},"content":{"rendered":"<p>[et_pb_section fb_built=\u00a0\u00bb1&Prime; _builder_version=\u00a0\u00bb4.12.1&Prime; _module_preset=\u00a0\u00bbdefault\u00a0\u00bb background_color=\u00a0\u00bb#f6f6f2&Prime; custom_padding=\u00a0\u00bb12px||1px|||\u00a0\u00bb global_colors_info=\u00a0\u00bb{}\u00a0\u00bb][et_pb_row _builder_version=\u00a0\u00bb4.9.7&Prime; _module_preset=\u00a0\u00bbdefault\u00a0\u00bb custom_padding=\u00a0\u00bb0px||1px|||\u00a0\u00bb global_colors_info=\u00a0\u00bb{}\u00a0\u00bb][et_pb_column type=\u00a0\u00bb4_4&Prime; _builder_version=\u00a0\u00bb4.9.7&Prime; _module_preset=\u00a0\u00bbdefault\u00a0\u00bb global_colors_info=\u00a0\u00bb{}\u00a0\u00bb][et_pb_image src=\u00a0\u00bbhttps:\/\/collectiflacle.org\/wp-content\/uploads\/2024\/08\/entete-saison-2024-25-1.jpg\u00a0\u00bb alt=\u00a0\u00bbSaison culturelle LaCl\u00e9\u00a0\u00bb title_text=\u00a0\u00bbent\u00eate saison 2024-25&Prime; show_bottom_space=\u00a0\u00bboff\u00a0\u00bb align=\u00a0\u00bbcenter\u00a0\u00bb _builder_version=\u00a0\u00bb4.12.1&Prime; _module_preset=\u00a0\u00bbdefault\u00a0\u00bb width=\u00a0\u00bb100%\u00a0\u00bb max_width=\u00a0\u00bb100%\u00a0\u00bb border_radii=\u00a0\u00bboff||||\u00a0\u00bb global_colors_info=\u00a0\u00bb{}\u00a0\u00bb][\/et_pb_image][\/et_pb_column][\/et_pb_row][\/et_pb_section][et_pb_section fb_built=\u00a0\u00bb1&Prime; _builder_version=\u00a0\u00bb4.12.1&Prime; _module_preset=\u00a0\u00bbdefault\u00a0\u00bb background_color=\u00a0\u00bb#f6f6f2&Prime; custom_padding=\u00a0\u00bb7px|||||\u00a0\u00bb global_colors_info=\u00a0\u00bb{}\u00a0\u00bb][et_pb_row _builder_version=\u00a0\u00bb4.12.1&Prime; _module_preset=\u00a0\u00bbdefault\u00a0\u00bb background_color=\u00a0\u00bbrgba(251,187,33,0.69)\u00a0\u00bb custom_margin=\u00a0\u00bb||||false|false\u00a0\u00bb custom_padding=\u00a0\u00bb30px|5%|30px|5%|true|true\u00a0\u00bb custom_css_main_element=\u00a0\u00bb||\u00a0\u00bb border_radii=\u00a0\u00bboff|||20px|20px\u00a0\u00bb global_colors_info=\u00a0\u00bb{}\u00a0\u00bb][et_pb_column type=\u00a0\u00bb4_4&Prime; _builder_version=\u00a0\u00bb4.9.7&Prime; _module_preset=\u00a0\u00bbdefault\u00a0\u00bb global_colors_info=\u00a0\u00bb{}\u00a0\u00bb][et_pb_text _builder_version=\u00a0\u00bb4.12.1&Prime; _module_preset=\u00a0\u00bbdefault\u00a0\u00bb text_font=\u00a0\u00bbSource Sans Pro||||||||\u00a0\u00bb text_text_color=\u00a0\u00bb#FFFFFF\u00a0\u00bb text_font_size=\u00a0\u00bb17px\u00a0\u00bb header_font=\u00a0\u00bbSource Code Pro||||||||\u00a0\u00bb header_text_color=\u00a0\u00bb#000000&Prime; header_2_font=\u00a0\u00bbSource Sans Pro||||||||\u00a0\u00bb header_2_text_align=\u00a0\u00bbjustify\u00a0\u00bb header_2_text_color=\u00a0\u00bb#FFFFFF\u00a0\u00bb header_2_font_size=\u00a0\u00bb21px\u00a0\u00bb header_3_font=\u00a0\u00bbSource Sans Pro|600||on|||||\u00a0\u00bb header_3_text_color=\u00a0\u00bb#FFFFFF\u00a0\u00bb text_orientation=\u00a0\u00bbjustified\u00a0\u00bb custom_padding=\u00a0\u00bb||5px|||\u00a0\u00bb global_colors_info=\u00a0\u00bb{}\u00a0\u00bb]<\/p>\n<h1><strong><span style=\"color: #004b56;\">Saison culturelle LaCl\u00e9 2024-2025<\/span><br \/><\/strong><\/h1>\n<h3 style=\"text-align: left;\"><span style=\"color: #333333;\">Spectacles \/ concerts \/ expos \/ stages \/ ateliers \/<\/span><\/h3>\n<h2 style=\"text-align: left;\"><span style=\"color: #333333;\">Tous nos \u00e9v\u00e9nements culturels et artistiques en Conflent et Cerdagne<\/span><\/h2>\n<p>[\/et_pb_text][\/et_pb_column][\/et_pb_row][\/et_pb_section][et_pb_section fb_built=\u00a0\u00bb1&Prime; specialty=\u00a0\u00bbon\u00a0\u00bb padding_top_bottom_link_1=\u00a0\u00bbfalse\u00a0\u00bb padding_left_right_link_1=\u00a0\u00bbtrue\u00a0\u00bb _builder_version=\u00a0\u00bb4.12.1&Prime; _module_preset=\u00a0\u00bbdefault\u00a0\u00bb background_color=\u00a0\u00bb#FFFFFF\u00a0\u00bb custom_margin=\u00a0\u00bb||||true|false\u00a0\u00bb custom_padding=\u00a0\u00bb2.4%||2.4%||true|false\u00a0\u00bb border_width_bottom=\u00a0\u00bb2px\u00a0\u00bb border_color_bottom=\u00a0\u00bb#666666&Prime; border_style_bottom=\u00a0\u00bbdotted\u00a0\u00bb global_colors_info=\u00a0\u00bb{}\u00a0\u00bb][et_pb_column type=\u00a0\u00bb1_3&Prime; _builder_version=\u00a0\u00bb3.25&Prime; custom_padding=\u00a0\u00bb|||\u00a0\u00bb global_colors_info=\u00a0\u00bb{}\u00a0\u00bb custom_padding__hover=\u00a0\u00bb|||\u00a0\u00bb][et_pb_image src=\u00a0\u00bbhttps:\/\/collectiflacle.org\/wp-content\/uploads\/2025\/07\/Aff-web-les-Pieds-dans-l-eau.jpg\u00a0\u00bb alt=\u00a0\u00bbAffiche Les pieds dans l&rsquo;eau\u00a0\u00bb title_text=\u00a0\u00bbAff-web-les-Pieds-dans-l-eau\u00a0\u00bb url_new_window=\u00a0\u00bbon\u00a0\u00bb force_fullwidth=\u00a0\u00bbon\u00a0\u00bb _builder_version=\u00a0\u00bb4.12.1&Prime; _module_preset=\u00a0\u00bbdefault\u00a0\u00bb min_height=\u00a0\u00bb100%\u00a0\u00bb global_colors_info=\u00a0\u00bb{}\u00a0\u00bb][\/et_pb_image][et_pb_gallery gallery_ids=\u00a0\u00bb1046,1047,1045&Prime; posts_number=\u00a0\u00bb1&Prime; _builder_version=\u00a0\u00bb4.12.1&Prime; _module_preset=\u00a0\u00bbdefault\u00a0\u00bb title_font=\u00a0\u00bbSource Sans Pro|600||on|||||\u00a0\u00bb title_text_color=\u00a0\u00bb#000000&Prime; title_font_size=\u00a0\u00bb12px\u00a0\u00bb global_colors_info=\u00a0\u00bb{}\u00a0\u00bb][\/et_pb_gallery][et_pb_gallery gallery_ids=\u00a0\u00bb1048,1042,1043&Prime; posts_number=\u00a0\u00bb3&Prime; _builder_version=\u00a0\u00bb4.12.1&Prime; _module_preset=\u00a0\u00bbdefault\u00a0\u00bb title_font=\u00a0\u00bbSource Sans Pro|600||on|||||\u00a0\u00bb title_text_color=\u00a0\u00bb#000000&Prime; title_font_size=\u00a0\u00bb12px\u00a0\u00bb global_colors_info=\u00a0\u00bb{}\u00a0\u00bb][\/et_pb_gallery][et_pb_gallery gallery_ids=\u00a0\u00bb1041,1044&Prime; posts_number=\u00a0\u00bb2&Prime; _builder_version=\u00a0\u00bb4.12.1&Prime; _module_preset=\u00a0\u00bbdefault\u00a0\u00bb title_font=\u00a0\u00bbSource Sans Pro|600||on|||||\u00a0\u00bb title_text_color=\u00a0\u00bb#000000&Prime; title_font_size=\u00a0\u00bb12px\u00a0\u00bb global_colors_info=\u00a0\u00bb{}\u00a0\u00bb][\/et_pb_gallery][\/et_pb_column][et_pb_column type=\u00a0\u00bb2_3&Prime; specialty_columns=\u00a0\u00bb2&Prime; _builder_version=\u00a0\u00bb3.25&Prime; custom_padding=\u00a0\u00bb|||\u00a0\u00bb global_colors_info=\u00a0\u00bb{}\u00a0\u00bb custom_padding__hover=\u00a0\u00bb|||\u00a0\u00bb][et_pb_row_inner _builder_version=\u00a0\u00bb4.12.1&Prime; _module_preset=\u00a0\u00bbdefault\u00a0\u00bb custom_padding=\u00a0\u00bb||12px|||\u00a0\u00bb global_colors_info=\u00a0\u00bb{}\u00a0\u00bb][et_pb_column_inner saved_specialty_column_type=\u00a0\u00bb2_3&Prime; _builder_version=\u00a0\u00bb4.12.1&Prime; _module_preset=\u00a0\u00bbdefault\u00a0\u00bb global_colors_info=\u00a0\u00bb{}\u00a0\u00bb][et_pb_text _builder_version=\u00a0\u00bb4.12.1&Prime; _module_preset=\u00a0\u00bbdefault\u00a0\u00bb text_font=\u00a0\u00bb||||||||\u00a0\u00bb link_font=\u00a0\u00bb||||on|||#515151|solid\u00a0\u00bb link_text_color=\u00a0\u00bb#515151&Prime; header_font=\u00a0\u00bbRoboto Slab||||||||\u00a0\u00bb header_text_color=\u00a0\u00bb#00707f\u00a0\u00bb header_font_size=\u00a0\u00bb32px\u00a0\u00bb header_2_font=\u00a0\u00bbSource Code Pro|700|||||||\u00a0\u00bb header_2_text_color=\u00a0\u00bb#000000&Prime; header_2_font_size=\u00a0\u00bb16px\u00a0\u00bb header_3_font=\u00a0\u00bbSource Sans Pro|700|||||||\u00a0\u00bb header_3_text_color=\u00a0\u00bb#00707f\u00a0\u00bb header_4_font=\u00a0\u00bbRoboto Condensed|700|||||||\u00a0\u00bb header_4_text_color=\u00a0\u00bb#000000&Prime; header_5_font=\u00a0\u00bbRoboto Condensed||||||||\u00a0\u00bb header_5_text_color=\u00a0\u00bb#000000&Prime; header_6_font=\u00a0\u00bbSource Sans Pro|300|||||||\u00a0\u00bb header_6_text_color=\u00a0\u00bb#00707f\u00a0\u00bb header_6_font_size=\u00a0\u00bb15px\u00a0\u00bb header_6_line_height=\u00a0\u00bb1.3em\u00a0\u00bb custom_margin=\u00a0\u00bb0px||2px||false|false\u00a0\u00bb custom_padding=\u00a0\u00bb1px||2px|||\u00a0\u00bb global_colors_info=\u00a0\u00bb{}\u00a0\u00bb link_text_color__hover_enabled=\u00a0\u00bbon|hover\u00a0\u00bb link_text_color__hover=\u00a0\u00bb#0C71C3&Prime;]<\/p>\n<h1 class=\"western\">LaCl\u00e9 met les pieds dans l&rsquo;eau<\/h1>\n<h2>Festival du 15 au 21 juillet 2025 &#8211; Villefranche-de-Conflent<\/h2>\n<h4>\u00c9v\u00e9nements en participation libre et n\u00e9cessaire. Merci.<\/h4>\n<h6>Salle Lannelongue : 23 rue Saint-Jacques<br \/>Salle des f\u00eates : 21 rue Saint-Jean<br \/>Jardin Saint-Pierre : rue Saint-Pierre<\/h6>\n<h6 align=\"left\"><\/h6>\n<p>[\/et_pb_text][et_pb_button button_url=\u00a0\u00bbhttps:\/\/collectiflacle.org\/wp-content\/uploads\/2025\/07\/Programme-web-les-Pieds-dans-l-eau.pdf\u00a0\u00bb url_new_window=\u00a0\u00bbon\u00a0\u00bb button_text=\u00a0\u00bbPROGRAMME PDF\u00a0\u00bb _builder_version=\u00a0\u00bb4.12.1&Prime; _module_preset=\u00a0\u00bbdefault\u00a0\u00bb global_colors_info=\u00a0\u00bb{}\u00a0\u00bb][\/et_pb_button][et_pb_text _builder_version=\u00a0\u00bb4.12.1&Prime; _module_preset=\u00a0\u00bbdefault\u00a0\u00bb text_font=\u00a0\u00bb||||||||\u00a0\u00bb link_font=\u00a0\u00bb|600|||||||\u00a0\u00bb link_text_color=\u00a0\u00bbrgba(36,171,255,0.89)\u00a0\u00bb header_font=\u00a0\u00bbRoboto Slab||||||||\u00a0\u00bb header_text_color=\u00a0\u00bb#00707f\u00a0\u00bb header_font_size=\u00a0\u00bb36px\u00a0\u00bb header_line_height=\u00a0\u00bb1.7em\u00a0\u00bb header_2_font=\u00a0\u00bbSource Code Pro|700|||||||\u00a0\u00bb header_2_text_color=\u00a0\u00bb#000000&Prime; header_2_font_size=\u00a0\u00bb16px\u00a0\u00bb header_3_font=\u00a0\u00bbSource Sans Pro|700|||||||\u00a0\u00bb header_3_text_color=\u00a0\u00bb#00707f\u00a0\u00bb header_3_font_size=\u00a0\u00bb26px\u00a0\u00bb header_4_font=\u00a0\u00bbRoboto Condensed|700|||||||\u00a0\u00bb header_4_text_color=\u00a0\u00bb#000000&Prime; header_5_font=\u00a0\u00bbRoboto Condensed||on||||||\u00a0\u00bb header_5_text_color=\u00a0\u00bb#00707f\u00a0\u00bb header_5_font_size=\u00a0\u00bb15px\u00a0\u00bb header_5_line_height=\u00a0\u00bb1.4em\u00a0\u00bb header_6_font=\u00a0\u00bbSource Sans Pro||||||||\u00a0\u00bb header_6_text_color=\u00a0\u00bb#00707f\u00a0\u00bb header_6_font_size=\u00a0\u00bb15px\u00a0\u00bb custom_margin=\u00a0\u00bb0px||2px||false|false\u00a0\u00bb custom_padding=\u00a0\u00bb||2px||false|false\u00a0\u00bb global_colors_info=\u00a0\u00bb{}\u00a0\u00bb link_text_color__hover_enabled=\u00a0\u00bbon|hover\u00a0\u00bb link_text_color__hover=\u00a0\u00bb#e09900&Prime;]<\/p>\n<h4>Mardi 15 &amp; mercredi 16 juillet<\/h4>\n<h3 style=\"padding-left: 40px;\">\u2022 Portraits aquatiques anim\u00e9s<\/h3>\n<p style=\"padding-left: 40px;\"><strong>Atelier de photographie et cin\u00e9ma d\u2019animation avec Claire Ledru et Iris Chauveau.<br \/><\/strong><span style=\"text-decoration: underline;\">Sur inscription<\/span> au 04 68 97 11 73 ou par email \u00e0 communication@collectiflacle.org (15 pl. maxi).<strong><br \/><\/strong><\/p>\n<p style=\"padding-left: 40px;\"><strong>Mardi 15\/07 :<\/strong> cr\u00e9ation de portraits argentiques gr\u00e2ce \u00e0 une Afghan box camera, ainsi que des d\u00e9cors, des \u00e9l\u00e9ments aquatiques et marins en cyanotype (ancien proc\u00e9d\u00e9 de tirage photo de couleur bleue).<br \/><strong>Mercredi 16\/07 :<\/strong> R\u00e9alisation d&rsquo;un film d&rsquo;animation en stop-motion (images par images) \u00e0 partir des cr\u00e9ations de la veille.<br \/><strong>Une restitution du film<\/strong> cr\u00e9\u00e9 aura lieu le 21 Juillet (14h) \u00e0 la salle des f\u00eates.<br \/>\u2022 sur 2 jours, 10h-12h et 13h30-15h30 (repas tir\u00e9 du sac)<br \/>\u2022 salle Lannelongue, 23 rue Saint-Jacques<br \/>\u2022 tout public, enfants \u00e0 partir de 8 ans, ados et adultes<\/p>\n<p style=\"padding-left: 40px;\">\n<p>[\/et_pb_text][et_pb_text _builder_version=\u00a0\u00bb4.12.1&Prime; _module_preset=\u00a0\u00bbdefault\u00a0\u00bb text_font=\u00a0\u00bb||||||||\u00a0\u00bb link_font=\u00a0\u00bb|600|||||||\u00a0\u00bb link_text_color=\u00a0\u00bbrgba(36,171,255,0.89)\u00a0\u00bb header_font=\u00a0\u00bbRoboto Slab||||||||\u00a0\u00bb header_text_color=\u00a0\u00bb#00707f\u00a0\u00bb header_font_size=\u00a0\u00bb36px\u00a0\u00bb header_line_height=\u00a0\u00bb1.7em\u00a0\u00bb header_2_font=\u00a0\u00bbSource Code Pro|700|||||||\u00a0\u00bb header_2_text_color=\u00a0\u00bb#000000&Prime; header_2_font_size=\u00a0\u00bb16px\u00a0\u00bb header_3_font=\u00a0\u00bbSource Sans Pro|700|||||||\u00a0\u00bb header_3_text_color=\u00a0\u00bb#00707f\u00a0\u00bb header_3_font_size=\u00a0\u00bb26px\u00a0\u00bb header_4_font=\u00a0\u00bbRoboto Condensed|700|||||||\u00a0\u00bb header_4_text_color=\u00a0\u00bb#000000&Prime; header_5_font=\u00a0\u00bbRoboto Condensed||on||||||\u00a0\u00bb header_5_text_color=\u00a0\u00bb#00707f\u00a0\u00bb header_5_font_size=\u00a0\u00bb15px\u00a0\u00bb header_5_line_height=\u00a0\u00bb1.4em\u00a0\u00bb header_6_font=\u00a0\u00bbSource Sans Pro||||||||\u00a0\u00bb header_6_text_color=\u00a0\u00bb#00707f\u00a0\u00bb header_6_font_size=\u00a0\u00bb15px\u00a0\u00bb custom_margin=\u00a0\u00bb0px||2px||false|false\u00a0\u00bb custom_padding=\u00a0\u00bb||2px||false|false\u00a0\u00bb global_colors_info=\u00a0\u00bb{}\u00a0\u00bb link_text_color__hover_enabled=\u00a0\u00bbon|hover\u00a0\u00bb link_text_color__hover=\u00a0\u00bb#e09900&Prime;]<\/p>\n<h3 style=\"padding-left: 40px;\">\u2022 Les \u00e9bruiteurs<\/h3>\n<p style=\"padding-left: 40px;\"><strong>R\u00e9sidence de cr\u00e9ation collective,<\/strong> sonore et visuelle mise en mots et en musique par les artistes complices du Collectif LaCl\u00e9. <strong><\/strong><strong>Portes ouvertes au public \u00e0 la salle des f\u00eates : <br \/><\/strong>\u2022 le mardi 15 de 15h \u00e0 17h, <br \/>\u2022 et le mercredi 16 de 10h \u00e0 12h.<\/p>\n<p style=\"padding-left: 40px;\">\n<p>[\/et_pb_text][et_pb_text _builder_version=\u00a0\u00bb4.12.1&Prime; _module_preset=\u00a0\u00bbdefault\u00a0\u00bb text_font=\u00a0\u00bb||||||||\u00a0\u00bb link_font=\u00a0\u00bb|600|||||||\u00a0\u00bb link_text_color=\u00a0\u00bbrgba(36,171,255,0.89)\u00a0\u00bb header_font=\u00a0\u00bbRoboto Slab||||||||\u00a0\u00bb header_text_color=\u00a0\u00bb#00707f\u00a0\u00bb header_font_size=\u00a0\u00bb36px\u00a0\u00bb header_line_height=\u00a0\u00bb1.7em\u00a0\u00bb header_2_font=\u00a0\u00bbSource Code Pro|700|||||||\u00a0\u00bb header_2_text_color=\u00a0\u00bb#000000&Prime; header_2_font_size=\u00a0\u00bb16px\u00a0\u00bb header_3_font=\u00a0\u00bbSource Sans Pro|700|||||||\u00a0\u00bb header_3_text_color=\u00a0\u00bb#00707f\u00a0\u00bb header_3_font_size=\u00a0\u00bb26px\u00a0\u00bb header_4_font=\u00a0\u00bbRoboto Condensed|700|||||||\u00a0\u00bb header_4_text_color=\u00a0\u00bb#000000&Prime; header_5_font=\u00a0\u00bbRoboto Condensed||on||||||\u00a0\u00bb header_5_text_color=\u00a0\u00bb#00707f\u00a0\u00bb header_5_font_size=\u00a0\u00bb15px\u00a0\u00bb header_5_line_height=\u00a0\u00bb1.4em\u00a0\u00bb header_6_font=\u00a0\u00bbSource Sans Pro||||||||\u00a0\u00bb header_6_text_color=\u00a0\u00bb#00707f\u00a0\u00bb header_6_font_size=\u00a0\u00bb15px\u00a0\u00bb custom_margin=\u00a0\u00bb0px||2px||false|false\u00a0\u00bb custom_padding=\u00a0\u00bb||2px||false|false\u00a0\u00bb global_colors_info=\u00a0\u00bb{}\u00a0\u00bb link_text_color__hover_enabled=\u00a0\u00bbon|hover\u00a0\u00bb link_text_color__hover=\u00a0\u00bb#e09900&Prime;]<\/p>\n<h4 style=\"line-height: 100%; margin-bottom: 0cm;\">jeudi 17 &amp; vendredi 18 juillet<\/h4>\n<h3 style=\"padding-left: 40px;\">\u2022 Flotte<\/h3>\n<p style=\"padding-left: 40px;\"><strong>R\u00e9sidence de la Cie Encima<\/strong> pour le spectacle Flotte. Un trio raconte l\u2019eau, le vent, la nature par une suite d\u2019\u00e9vocations po\u00e9tiques, clapotis sonores et petites symphonies. <strong>Portes ouvertes au public :<\/strong><\/p>\n<ul>\n<li style=\"list-style-type: none;\">\n<ul>\n<li style=\"list-style-type: none;\">\n<ul>\n<li style=\"list-style-type: none;\">\n<ul>\n<li>le jeudi 17 de 15h \u00e0 17h \u00e0 la salle des f\u00eates,<\/li>\n<li>le vendredi 18 de 10h \u00e0 12h au jardin Saint-Pierre.<\/li>\n<\/ul>\n<\/li>\n<\/ul>\n<\/li>\n<\/ul>\n<\/li>\n<\/ul>\n<p>[\/et_pb_text][et_pb_text _builder_version=\u00a0\u00bb4.12.1&Prime; _module_preset=\u00a0\u00bbdefault\u00a0\u00bb text_font=\u00a0\u00bb||||||||\u00a0\u00bb link_font=\u00a0\u00bb|600|||||||\u00a0\u00bb link_text_color=\u00a0\u00bbrgba(36,171,255,0.89)\u00a0\u00bb header_font=\u00a0\u00bbRoboto Slab||||||||\u00a0\u00bb header_text_color=\u00a0\u00bb#00707f\u00a0\u00bb header_font_size=\u00a0\u00bb36px\u00a0\u00bb header_line_height=\u00a0\u00bb1.7em\u00a0\u00bb header_2_font=\u00a0\u00bbSource Code Pro|700|||||||\u00a0\u00bb header_2_text_color=\u00a0\u00bb#000000&Prime; header_2_font_size=\u00a0\u00bb16px\u00a0\u00bb header_3_font=\u00a0\u00bbSource Sans Pro|700|||||||\u00a0\u00bb header_3_text_color=\u00a0\u00bb#00707f\u00a0\u00bb header_3_font_size=\u00a0\u00bb26px\u00a0\u00bb header_4_font=\u00a0\u00bbRoboto Condensed|700|||||||\u00a0\u00bb header_4_text_color=\u00a0\u00bb#000000&Prime; header_5_font=\u00a0\u00bbRoboto Condensed||on||||||\u00a0\u00bb header_5_text_color=\u00a0\u00bb#00707f\u00a0\u00bb header_5_font_size=\u00a0\u00bb15px\u00a0\u00bb header_5_line_height=\u00a0\u00bb1.4em\u00a0\u00bb header_6_font=\u00a0\u00bbSource Sans Pro||||||||\u00a0\u00bb header_6_text_color=\u00a0\u00bb#00707f\u00a0\u00bb header_6_font_size=\u00a0\u00bb15px\u00a0\u00bb custom_margin=\u00a0\u00bb0px||2px||false|false\u00a0\u00bb custom_padding=\u00a0\u00bb||2px||false|false\u00a0\u00bb global_colors_info=\u00a0\u00bb{}\u00a0\u00bb link_text_color__hover_enabled=\u00a0\u00bbon|hover\u00a0\u00bb link_text_color__hover=\u00a0\u00bb#e09900&Prime;]<\/p>\n<h4>Lundi 21 juillet<\/h4>\n<h4>\u2022 10h30-12h &amp; 15h-17h \u2013 9\/11 chemin de ronde (acc\u00e8s par la rue Saint-Pierre)<\/h4>\n<h3 style=\"padding-left: 40px;\">\u2022 Quand l\u2019eau nous parle<\/h3>\n<p style=\"padding-left: 40px;\"><strong>Salon d\u2019\u00e9coute de podcasts, Beau bruit<\/strong><\/p>\n<h3 style=\"padding-left: 40px;\">\u2022 la photographe ambulante<\/h3>\n<p style=\"padding-left: 40px;\"><strong>Votre portrait argentique instantan\u00e9 en direct.<\/strong><br \/>La Photographe Ambulante est un projet artistique et participatif de photographie argentique itin\u00e9rante, cr\u00e9\u00e9 en 2018. Avec son afghan box camera, Iris Chauveau r\u00e9alise des portraits argentiques instantan\u00e9s en direct, cr\u00e9ant des moments de partage et de transmission autour de l\u2019image.<\/p>\n<h4>\u2022 de 10h \u00e0 12h \u2013 salle Lannelongue<\/h4>\n<h3 style=\"padding-left: 40px;\">\u2022 D\u00e9mo de films d\u2019animation<\/h3>\n<p style=\"padding-left: 40px;\"><strong>Atelier d\u00e9mo avec Claire Ledru \u00e0 partir de 7 ans. <\/strong>\u00c0 partir d\u2019\u00e9l\u00e9ments papiers pr\u00e9d\u00e9coup\u00e9s, venez cr\u00e9er une s\u00e9quence anim\u00e9e sur le th\u00e8me de l\u2019eau.<\/p>\n<h4>\u2022 \u00c0 11h \u2013 jardin Saint-Pierre<\/h4>\n<h3 style=\"padding-left: 40px;\">Flotte<\/h3>\n<p style=\"padding-left: 40px;\"><strong>Spectacle de th\u00e9\u00e2tre corporel, musique et po\u00e9sie de la Cie Encima.<\/strong><br \/>Jeune public \u00e0 partir de 2 ans, 30 min. Repli au Bastion du Dauphin en cas de fortes chaleurs.<strong><br \/><\/strong>Trois personnages, Ploume, Flotte et Racine sont v\u00eatus de costumes qui nous servent de d\u00e9cor. Il et elles nous racontent l\u2019eau, le vent, la nature\u2026 Nous tra\u00e7ons une suite d\u2019\u00e9vocations po\u00e9tiques qui s\u2019enclenchent par des clapotis sonores pour s\u2019\u00e9panouir en petites symphonies musicales, corporelles et vocales. Le spectacle prend sa source dans la nature, nous suivons le cours d\u2019eau pour aller \u00e0 la rencontre du vivant.<\/p>\n<h4>\u2022 12h pause \u2013 salle des f\u00eates<\/h4>\n<p style=\"padding-left: 40px;\">Buvette \u2018fra\u00eecheur\u2019 &amp; petite restauration (bio et v\u00e9g\u00e9tarien) propos\u00e9es par le collectif LaCl\u00e9.<\/p>\n<h4>\u2022 \u00c0 14h \u2013 salle des f\u00eates<\/h4>\n<h3 style=\"padding-left: 40px;\">Film restitution<\/h3>\n<p style=\"padding-left: 40px;\"><strong>de l\u2019atelier Portraits aquatiques anim\u00e9s.<\/strong><\/p>\n<h3 style=\"padding-left: 40px;\">le Parapluie<\/h3>\n<p style=\"padding-left: 40px;\"><strong>Court-m\u00e9trage d\u2019animation de Claire Ledru.<\/strong> D\u00e8s 7 ans, 15 min.<br \/>Une pluie incessante creuse la terre, la mati\u00e8re s\u2019effondre, le paysage n\u2019est plus qu\u2019un champ de longs et \u00e9troits piliers dress\u00e9s dans l\u2019immensit\u00e9 du ciel. Rescap\u00e9 sur un de ces \u00eelots, un homme se tient immobile accroch\u00e9 \u00e0 son parapluie, sa seule arme contre ce d\u00e9luge. Petit \u00e0 petit d\u2019autres individus vont le rejoindre et ensemble ils seront contraints de vivre les uns sur les autres sur cette plateforme minuscule<\/p>\n<h4>\u2022 de 15h \u00e0 17h \u2013 jardin saint-pierre<\/h4>\n<h3 style=\"padding-left: 40px;\">Aquarelle v\u00e9g\u00e9tale<\/h3>\n<p style=\"padding-left: 40px;\"><strong>Atelier de fabrication de peintures v\u00e9g\u00e9tales avec la Cie Cielo.<\/strong> Tout public \u00e0 partir de 6 ans.<br \/>Les participant.e.s seront initi\u00e9.e.s \u00e0 la fabrication des peintures v\u00e9g\u00e9tales \u00e0 partir de v\u00e9g\u00e9taux, \u00e9pices et min\u00e9raux (carotte, chou, oignons, betterave, spiruline, argile, etc.). Ils apprendront \u00e0 modifier les couleurs et prendront plaisir \u00e0 cr\u00e9er leurs propres m\u00e9langes. Chacun.e pourra exp\u00e9rimenter diff\u00e9rentes techniques (pinceaux, \u00e9ponge, souffl\u00e9e avec paille, pochoir avec des plantes et feuilles) avant de donner libre court \u00e0 sa cr\u00e9ativit\u00e9.<\/p>\n<h4>\u2022 \u00e0 17h30 \u2013 Salle des f\u00eates<\/h4>\n<h3 style=\"padding-left: 40px;\">Le grand plongeon<\/h3>\n<p style=\"padding-left: 40px;\"><strong>Spectacle de la Cie Cielo,<\/strong> tout public \u00e0 partir de 6 ans, 55 min.<br \/>Un voyage immersif en M\u00e9diterran\u00e9e, \u00e0\u00a0la\u00a0d\u00e9couverte d\u2019un \u00e9cosyst\u00e8me d\u2019une intelligence surprenante !<br \/>Le Grand plongeon\u00a0est une \u00e9pop\u00e9e marine de la surface jusqu\u2019aux abysses. Du p\u00eacheur amoureux de la mer au poulpe qui nous partage ses r\u00e9flexions philosophiques, chacun de ces personnages porte un regard vif et amus\u00e9 sur le milieu marin.<br \/>La cr\u00e9ation\u00a0Le Grand plongeon\u00a0est issue d\u2019\u00e9changes avec des scientifiques, chercheurs ou professionnels de la mer. Dans une approche \u00e0 la fois po\u00e9tique et humoristique, le spectacle apporte des \u00e9clairages multiples sur le milieu marin et son \u00e9cosyst\u00e8me en lien avec l\u2019actualit\u00e9, le r\u00e9chauffement climatique, la pollution.<\/p>\n<p style=\"padding-left: 40px;\">[\/et_pb_text][\/et_pb_column_inner][\/et_pb_row_inner][et_pb_row_inner column_structure=\u00a0\u00bb1_2,1_2&Prime; _builder_version=\u00a0\u00bb4.12.1&Prime; _module_preset=\u00a0\u00bbdefault\u00a0\u00bb custom_padding=\u00a0\u00bb0px|10%|0px||true|false\u00a0\u00bb global_colors_info=\u00a0\u00bb{}\u00a0\u00bb][et_pb_column_inner type=\u00a0\u00bb1_2&Prime; saved_specialty_column_type=\u00a0\u00bb2_3&Prime; _builder_version=\u00a0\u00bb4.12.1&Prime; _module_preset=\u00a0\u00bbdefault\u00a0\u00bb global_colors_info=\u00a0\u00bb{}\u00a0\u00bb][et_pb_text _builder_version=\u00a0\u00bb4.12.1&Prime; _module_preset=\u00a0\u00bbdefault\u00a0\u00bb text_font_size=\u00a0\u00bb20px\u00a0\u00bb header_4_font=\u00a0\u00bbRoboto Condensed|700|||||||\u00a0\u00bb header_4_text_align=\u00a0\u00bbleft\u00a0\u00bb header_4_text_color=\u00a0\u00bb#000000&Prime; header_5_font=\u00a0\u00bbRoboto Condensed||||||||\u00a0\u00bb header_5_text_color=\u00a0\u00bb#000000&Prime; background_color=\u00a0\u00bbrgba(251,187,33,0.69)\u00a0\u00bb text_orientation=\u00a0\u00bbcenter\u00a0\u00bb custom_padding=\u00a0\u00bb3%|5%|3%|5%|true|true\u00a0\u00bb border_radii=\u00a0\u00bbon|10px|10px|10px|10px\u00a0\u00bb global_colors_info=\u00a0\u00bb{}\u00a0\u00bb]<\/p>\n<h4>LaCl\u00e9 met les pieds dans l&rsquo;eau<\/h4>\n<h4>Du 15 au 21 juillet 2025<\/h4>\n<h4>Villefranche-de-Conflent<\/h4>\n<p>[\/et_pb_text][\/et_pb_column_inner][et_pb_column_inner type=\u00a0\u00bb1_2&Prime; saved_specialty_column_type=\u00a0\u00bb2_3&Prime; _builder_version=\u00a0\u00bb4.12.1&Prime; _module_preset=\u00a0\u00bbdefault\u00a0\u00bb global_colors_info=\u00a0\u00bb{}\u00a0\u00bb][et_pb_text _builder_version=\u00a0\u00bb4.12.1&Prime; _module_preset=\u00a0\u00bbdefault\u00a0\u00bb header_5_font=\u00a0\u00bbRoboto Condensed||||||||\u00a0\u00bb header_5_text_align=\u00a0\u00bbleft\u00a0\u00bb header_5_text_color=\u00a0\u00bb#000000&Prime; header_5_font_size=\u00a0\u00bb18px\u00a0\u00bb background_color=\u00a0\u00bbrgba(251,187,33,0.69)\u00a0\u00bb text_orientation=\u00a0\u00bbcenter\u00a0\u00bb custom_padding=\u00a0\u00bb3%|5%|3%|5%|false|true\u00a0\u00bb border_radii=\u00a0\u00bbon|10px|10px|10px|10px\u00a0\u00bb global_colors_info=\u00a0\u00bb{}\u00a0\u00bb]<\/p>\n<h5>Tous les\u00a0 \u00e9v\u00e9nements sont en participation libre et n\u00e9cessaire. Merci.<\/h5>\n<p>[\/et_pb_text][\/et_pb_column_inner][\/et_pb_row_inner][\/et_pb_column][\/et_pb_section][et_pb_section fb_built=\u00a0\u00bb1&Prime; specialty=\u00a0\u00bbon\u00a0\u00bb padding_top_bottom_link_1=\u00a0\u00bbfalse\u00a0\u00bb padding_left_right_link_1=\u00a0\u00bbtrue\u00a0\u00bb _builder_version=\u00a0\u00bb4.12.1&Prime; _module_preset=\u00a0\u00bbdefault\u00a0\u00bb background_color=\u00a0\u00bb#f6f6f2&Prime; custom_margin=\u00a0\u00bb||||true|false\u00a0\u00bb custom_padding=\u00a0\u00bb2.4%||2.4%||true|false\u00a0\u00bb border_width_bottom=\u00a0\u00bb2px\u00a0\u00bb border_color_bottom=\u00a0\u00bb#666666&Prime; border_style_bottom=\u00a0\u00bbdotted\u00a0\u00bb global_colors_info=\u00a0\u00bb{}\u00a0\u00bb][et_pb_column type=\u00a0\u00bb1_3&Prime; _builder_version=\u00a0\u00bb3.25&Prime; custom_padding=\u00a0\u00bb|||\u00a0\u00bb global_colors_info=\u00a0\u00bb{}\u00a0\u00bb custom_padding__hover=\u00a0\u00bb|||\u00a0\u00bb][et_pb_image src=\u00a0\u00bbhttps:\/\/collectiflacle.org\/wp-content\/uploads\/2025\/04\/affiche-tempraire-Tabacaria-.jpeg\u00a0\u00bb alt=\u00a0\u00bbPhotographie de Marie Demuter\u00a0\u00bb title_text=\u00a0\u00bbaffiche tempraire Tabacaria\u00a0\u00bb url_new_window=\u00a0\u00bbon\u00a0\u00bb force_fullwidth=\u00a0\u00bbon\u00a0\u00bb _builder_version=\u00a0\u00bb4.12.1&Prime; _module_preset=\u00a0\u00bbdefault\u00a0\u00bb min_height=\u00a0\u00bb100%\u00a0\u00bb global_colors_info=\u00a0\u00bb{}\u00a0\u00bb][\/et_pb_image][\/et_pb_column][et_pb_column type=\u00a0\u00bb2_3&Prime; specialty_columns=\u00a0\u00bb2&Prime; _builder_version=\u00a0\u00bb3.25&Prime; custom_padding=\u00a0\u00bb|||\u00a0\u00bb global_colors_info=\u00a0\u00bb{}\u00a0\u00bb custom_padding__hover=\u00a0\u00bb|||\u00a0\u00bb][et_pb_row_inner _builder_version=\u00a0\u00bb4.12.1&Prime; _module_preset=\u00a0\u00bbdefault\u00a0\u00bb global_colors_info=\u00a0\u00bb{}\u00a0\u00bb][et_pb_column_inner saved_specialty_column_type=\u00a0\u00bb2_3&Prime; _builder_version=\u00a0\u00bb4.12.1&Prime; _module_preset=\u00a0\u00bbdefault\u00a0\u00bb global_colors_info=\u00a0\u00bb{}\u00a0\u00bb][et_pb_text _builder_version=\u00a0\u00bb4.12.1&Prime; _module_preset=\u00a0\u00bbdefault\u00a0\u00bb text_font=\u00a0\u00bb||||||||\u00a0\u00bb link_font=\u00a0\u00bb||||on|||#515151|solid\u00a0\u00bb link_text_color=\u00a0\u00bb#515151&Prime; header_font=\u00a0\u00bbRoboto Slab||||||||\u00a0\u00bb header_text_color=\u00a0\u00bb#00707f\u00a0\u00bb header_font_size=\u00a0\u00bb32px\u00a0\u00bb header_2_font=\u00a0\u00bbSource Code Pro|700|||||||\u00a0\u00bb header_2_text_color=\u00a0\u00bb#000000&Prime; header_2_font_size=\u00a0\u00bb16px\u00a0\u00bb header_3_font=\u00a0\u00bbSource Sans Pro|700|||||||\u00a0\u00bb header_3_text_color=\u00a0\u00bb#00707f\u00a0\u00bb header_4_font=\u00a0\u00bbRoboto Condensed|700|||||||\u00a0\u00bb header_4_text_color=\u00a0\u00bb#000000&Prime; header_5_font=\u00a0\u00bbRoboto Condensed||||||||\u00a0\u00bb header_5_text_color=\u00a0\u00bb#000000&Prime; header_6_font=\u00a0\u00bbSource Sans Pro|300|||||||\u00a0\u00bb header_6_text_color=\u00a0\u00bb#00707f\u00a0\u00bb custom_margin=\u00a0\u00bb0px||2px||false|false\u00a0\u00bb custom_padding=\u00a0\u00bb1px||2px|||\u00a0\u00bb global_colors_info=\u00a0\u00bb{}\u00a0\u00bb link_text_color__hover_enabled=\u00a0\u00bbon|hover\u00a0\u00bb link_text_color__hover=\u00a0\u00bb#0C71C3&Prime;]<\/p>\n<h1>Tabacaria\u00a0<\/h1>\n<h2>Sorties de r\u00e9sidence &#8211; lecture musicale, musiques et texte &#8211; conseill\u00e9 \u00e0 partir de 15 ans<\/h2>\n<p align=\"justify\" style=\"text-align: left;\">\u00ab\u00a0Le texte <em>Bureau de tabac<\/em> de Fernando Pessoa a presque 100 ans, mais la m\u00e9taphysique, le pessimisme existentiel et les embrouilles mat\u00e9rielles drolatiques de ce personnage rat\u00e9 ne prennent pas de rides. Le temps d\u2019une cigarette, d\u2019un bout de chocolat,\u00a0 la r\u00e9alit\u00e9 se d\u00e9forme comme sous LSD et s\u2019\u00e9tire comme dans un r\u00eave, \u00e0 la vitesse d\u2019un vertige. On a tous connu \u00e7a au moins une fois et c\u2019est pour \u00e7a que nous souhaitons le porter aux oreilles d\u2019aujourd\u2019hui. \u00bb<\/p>\n<p align=\"justify\" style=\"text-align: left;\">L\u2019ambiance s\u2019appuie sur des r\u00e9coltes sonores du quotidien, la contrebasse ou la trompette c\u00f4toient des textures \u00e9l\u00e9ctro. Les mots sont dit, chant\u00e9s, cri\u00e9s mais toujours port\u00e9s au plus pr\u00eat du texte, incarn\u00e9s.<\/p>\n<p align=\"justify\" style=\"text-align: left;\">Tabacaria est un trio compos\u00e9 de <strong>Pierre Bertrand, Cl\u00e9ment Ternisien et Sylvain Tichadou.\u00a0<\/strong><\/p>\n<h6 align=\"left\"><\/h6>\n<p>[\/et_pb_text][\/et_pb_column_inner][\/et_pb_row_inner][et_pb_row_inner column_structure=\u00a0\u00bb1_2,1_2&Prime; _builder_version=\u00a0\u00bb4.12.1&Prime; _module_preset=\u00a0\u00bbdefault\u00a0\u00bb custom_padding=\u00a0\u00bb0px|10%|0px||true|false\u00a0\u00bb global_colors_info=\u00a0\u00bb{}\u00a0\u00bb][et_pb_column_inner type=\u00a0\u00bb1_2&Prime; saved_specialty_column_type=\u00a0\u00bb2_3&Prime; _builder_version=\u00a0\u00bb4.12.1&Prime; _module_preset=\u00a0\u00bbdefault\u00a0\u00bb global_colors_info=\u00a0\u00bb{}\u00a0\u00bb][et_pb_text _builder_version=\u00a0\u00bb4.12.1&Prime; _module_preset=\u00a0\u00bbdefault\u00a0\u00bb text_font_size=\u00a0\u00bb20px\u00a0\u00bb header_4_font=\u00a0\u00bbRoboto Condensed|700|||||||\u00a0\u00bb header_4_text_align=\u00a0\u00bbleft\u00a0\u00bb header_4_text_color=\u00a0\u00bb#000000&Prime; header_5_font=\u00a0\u00bbRoboto Condensed||||||||\u00a0\u00bb header_5_text_color=\u00a0\u00bb#000000&Prime; background_color=\u00a0\u00bbrgba(251,187,33,0.69)\u00a0\u00bb text_orientation=\u00a0\u00bbcenter\u00a0\u00bb custom_padding=\u00a0\u00bb3%|5%|3%|5%|true|true\u00a0\u00bb border_radii=\u00a0\u00bbon|10px|10px|10px|10px\u00a0\u00bb global_colors_info=\u00a0\u00bb{}\u00a0\u00bb]<\/p>\n<h4 style=\"margin-bottom: 0cm;\">Jeudi 22 mai \u00e0 15h et 18h<\/h4>\n<h4 style=\"margin-bottom: 0cm;\">Salle des f\u00eates, 21 rue Saint-Jean<\/h4>\n<h4>Villefranche-de-Conflent<\/h4>\n<p style=\"margin-bottom: 0cm;\">[\/et_pb_text][\/et_pb_column_inner][et_pb_column_inner type=\u00a0\u00bb1_2&Prime; saved_specialty_column_type=\u00a0\u00bb2_3&Prime; _builder_version=\u00a0\u00bb4.12.1&Prime; _module_preset=\u00a0\u00bbdefault\u00a0\u00bb global_colors_info=\u00a0\u00bb{}\u00a0\u00bb][et_pb_text _builder_version=\u00a0\u00bb4.12.1&Prime; _module_preset=\u00a0\u00bbdefault\u00a0\u00bb header_5_font=\u00a0\u00bbRoboto Condensed||||||||\u00a0\u00bb header_5_text_align=\u00a0\u00bbleft\u00a0\u00bb header_5_text_color=\u00a0\u00bb#000000&Prime; header_5_font_size=\u00a0\u00bb18px\u00a0\u00bb background_color=\u00a0\u00bbrgba(251,187,33,0.69)\u00a0\u00bb text_orientation=\u00a0\u00bbcenter\u00a0\u00bb custom_padding=\u00a0\u00bb3%|5%|3%|5%|true|true\u00a0\u00bb border_radii=\u00a0\u00bbon|10px|10px|10px|10px\u00a0\u00bb global_colors_info=\u00a0\u00bb{}\u00a0\u00bb]<\/p>\n<h5>Participation libre au chapeau<\/h5>\n<h5><span style=\"color: #ff00ff;\">\u00e0 partir de 15 ans<\/span><\/h5>\n<p>[\/et_pb_text][\/et_pb_column_inner][\/et_pb_row_inner][\/et_pb_column][\/et_pb_section][et_pb_section fb_built=\u00a0\u00bb1&Prime; specialty=\u00a0\u00bbon\u00a0\u00bb padding_top_bottom_link_1=\u00a0\u00bbfalse\u00a0\u00bb padding_left_right_link_1=\u00a0\u00bbtrue\u00a0\u00bb _builder_version=\u00a0\u00bb4.12.1&Prime; _module_preset=\u00a0\u00bbdefault\u00a0\u00bb background_color=\u00a0\u00bb#FFFFFF\u00a0\u00bb custom_margin=\u00a0\u00bb||||true|false\u00a0\u00bb custom_padding=\u00a0\u00bb2.4%||2.4%||true|false\u00a0\u00bb border_width_bottom=\u00a0\u00bb2px\u00a0\u00bb border_color_bottom=\u00a0\u00bb#666666&Prime; border_style_bottom=\u00a0\u00bbdotted\u00a0\u00bb global_colors_info=\u00a0\u00bb{}\u00a0\u00bb][et_pb_column type=\u00a0\u00bb1_3&Prime; _builder_version=\u00a0\u00bb3.25&Prime; custom_padding=\u00a0\u00bb|||\u00a0\u00bb global_colors_info=\u00a0\u00bb{}\u00a0\u00bb custom_padding__hover=\u00a0\u00bb|||\u00a0\u00bb][et_pb_image src=\u00a0\u00bbhttps:\/\/collectiflacle.org\/wp-content\/uploads\/2025\/04\/Affiche-Concert-Parade.jpg\u00a0\u00bb alt=\u00a0\u00bbaffiche du concert de Parade\u00a0\u00bb title_text=\u00a0\u00bbAffiche Concert Parade\u00a0\u00bb url_new_window=\u00a0\u00bbon\u00a0\u00bb force_fullwidth=\u00a0\u00bbon\u00a0\u00bb _builder_version=\u00a0\u00bb4.12.1&Prime; _module_preset=\u00a0\u00bbdefault\u00a0\u00bb min_height=\u00a0\u00bb100%\u00a0\u00bb global_colors_info=\u00a0\u00bb{}\u00a0\u00bb][\/et_pb_image][et_pb_gallery gallery_ids=\u00a0\u00bb957,958&Prime; posts_number=\u00a0\u00bb1&Prime; show_pagination=\u00a0\u00bboff\u00a0\u00bb _builder_version=\u00a0\u00bb4.12.1&Prime; _module_preset=\u00a0\u00bbdefault\u00a0\u00bb title_text_color=\u00a0\u00bb#000000&Prime; title_font_size=\u00a0\u00bb10px\u00a0\u00bb caption_font_size=\u00a0\u00bb8px\u00a0\u00bb global_colors_info=\u00a0\u00bb{}\u00a0\u00bb][\/et_pb_gallery][\/et_pb_column][et_pb_column type=\u00a0\u00bb2_3&Prime; specialty_columns=\u00a0\u00bb2&Prime; _builder_version=\u00a0\u00bb3.25&Prime; custom_padding=\u00a0\u00bb|||\u00a0\u00bb global_colors_info=\u00a0\u00bb{}\u00a0\u00bb custom_padding__hover=\u00a0\u00bb|||\u00a0\u00bb][et_pb_row_inner _builder_version=\u00a0\u00bb4.12.1&Prime; _module_preset=\u00a0\u00bbdefault\u00a0\u00bb global_colors_info=\u00a0\u00bb{}\u00a0\u00bb][et_pb_column_inner saved_specialty_column_type=\u00a0\u00bb2_3&Prime; _builder_version=\u00a0\u00bb4.12.1&Prime; _module_preset=\u00a0\u00bbdefault\u00a0\u00bb global_colors_info=\u00a0\u00bb{}\u00a0\u00bb][et_pb_text _builder_version=\u00a0\u00bb4.12.1&Prime; _module_preset=\u00a0\u00bbdefault\u00a0\u00bb text_font=\u00a0\u00bb||||||||\u00a0\u00bb link_font=\u00a0\u00bb||||on|||#515151|solid\u00a0\u00bb link_text_color=\u00a0\u00bb#515151&Prime; header_font=\u00a0\u00bbRoboto Slab||||||||\u00a0\u00bb header_text_color=\u00a0\u00bb#00707f\u00a0\u00bb header_font_size=\u00a0\u00bb32px\u00a0\u00bb header_2_font=\u00a0\u00bbSource Code Pro|700|||||||\u00a0\u00bb header_2_text_color=\u00a0\u00bb#000000&Prime; header_2_font_size=\u00a0\u00bb16px\u00a0\u00bb header_3_font=\u00a0\u00bbSource Sans Pro|700|||||||\u00a0\u00bb header_3_text_color=\u00a0\u00bb#00707f\u00a0\u00bb header_4_font=\u00a0\u00bbRoboto Condensed|700|||||||\u00a0\u00bb header_4_text_color=\u00a0\u00bb#000000&Prime; header_5_font=\u00a0\u00bbRoboto Condensed||||||||\u00a0\u00bb header_5_text_color=\u00a0\u00bb#000000&Prime; header_6_font=\u00a0\u00bbSource Sans Pro|300|||||||\u00a0\u00bb header_6_text_color=\u00a0\u00bb#00707f\u00a0\u00bb custom_margin=\u00a0\u00bb0px||2px||false|false\u00a0\u00bb custom_padding=\u00a0\u00bb1px||2px|||\u00a0\u00bb global_colors_info=\u00a0\u00bb{}\u00a0\u00bb link_text_color__hover_enabled=\u00a0\u00bbon|hover\u00a0\u00bb link_text_color__hover=\u00a0\u00bb#0C71C3&Prime;]<\/p>\n<h1 class=\"western\">Parade<\/h1>\n<h2>Concert onirique et p\u00e9tillant par la compagnie Pulcinella &#8211; Tout public d\u00e8s 5 ans \u2013 50 minutes.<\/h2>\n<p align=\"justify\">Cette ann\u00e9e la tourn\u00e9e du Zah-Zuh passe par Villefranche-de-Conflent : la saison culturelle LaCl\u00e9 accueille ainsi \u2018Parade\u2019 pour un concert onirique et p\u00e9tillant. Ce trio de musiciens r\u00e9unit saxophone, violoncelle et guzheng (cithare chinoise) pour une musique acoustique po\u00e9tique, entre jazz, folk et traditions chinoises.<\/p>\n<p align=\"justify\">Ferdinand Doumerc, saxophoniste gourmand et avide de sons innovants, r\u00e9unit pour ce nouveau spectacle Louise Gr\u00e9vin, violoncelliste \u00e0 l\u2019expressivit\u00e9 riche, et Jiang Nan sp\u00e9cialiste du guzheng, instrument \u00e0 corde chinois, qu\u2019elle fait r\u00e9sonner comme une kora, une mandoline ou une percussion inclassable.<\/p>\n<p align=\"justify\">Entre jazz, musique contemporaine et folk, le trio compose une fusion aux couleurs vives et in\u00e9dites. Comme la roue d\u2019un paon, il d\u00e9ploie une gamme de m\u00e9lodies surprenantes, po\u00e9tiques et immersives. Port\u00e9e par l\u2019\u00e9coute complice des musiciens, cette suite de morceaux luxuriants \u00e9voque la BO inspir\u00e9e d\u2019un film au souffle puissant.<\/p>\n<h6 align=\"left\"><\/h6>\n<h6 align=\"left\"><\/h6>\n<h6 align=\"left\"><strong>Ferdinand Doumerc \u00a0<\/strong>aux saxophones, fl\u00fbte et m\u00e9tallophone, <strong>Jiang Nan <\/strong>au guzheng et <strong>Louise Gr\u00e9vin <\/strong>au violoncelle<\/h6>\n<h6 align=\"left\"><em>Un concert en partenariat avec Jazz\u00e8bre, la tourn\u00e9e du <a href=\"https:\/\/www.jazzebre.com\/?edition=zah-zuh-festival-4eme-escale-mai-2025\" target=\"_blank\" rel=\"noopener\">Zah-Zuh,<\/a> festival musical jeune public.<\/em><em><\/em><\/h6>\n<h6 align=\"left\"><em><span>Cr\u00e9dits photos : Gabrielle Bergamaschi, Lionel Pesqu\u00e9.<\/span><\/em><\/h6>\n<p>[\/et_pb_text][et_pb_button button_url=\u00a0\u00bbhttps:\/\/youtu.be\/dKivLxPSLEk?feature=shared\u00a0\u00bb url_new_window=\u00a0\u00bbon\u00a0\u00bb button_text=\u00a0\u00bbVoir le teaser\u00a0\u00bb _builder_version=\u00a0\u00bb4.12.1&Prime; _module_preset=\u00a0\u00bbdefault\u00a0\u00bb custom_button=\u00a0\u00bbon\u00a0\u00bb button_bg_color=\u00a0\u00bbrgba(36,171,215,0.86)\u00a0\u00bb button_border_width=\u00a0\u00bb0px\u00a0\u00bb button_border_radius=\u00a0\u00bb10px\u00a0\u00bb button_use_icon=\u00a0\u00bboff\u00a0\u00bb custom_margin=\u00a0\u00bb2%||6%||false|false\u00a0\u00bb global_colors_info=\u00a0\u00bb{}\u00a0\u00bb button_bg_color__hover_enabled=\u00a0\u00bbon|hover\u00a0\u00bb button_bg_color__hover=\u00a0\u00bb#fbbb21&Prime; button_bg_enable_color__hover=\u00a0\u00bbon\u00a0\u00bb][\/et_pb_button][\/et_pb_column_inner][\/et_pb_row_inner][et_pb_row_inner column_structure=\u00a0\u00bb1_2,1_2&Prime; _builder_version=\u00a0\u00bb4.12.1&Prime; _module_preset=\u00a0\u00bbdefault\u00a0\u00bb custom_padding=\u00a0\u00bb0px|10%|0px||true|false\u00a0\u00bb global_colors_info=\u00a0\u00bb{}\u00a0\u00bb][et_pb_column_inner type=\u00a0\u00bb1_2&Prime; saved_specialty_column_type=\u00a0\u00bb2_3&Prime; _builder_version=\u00a0\u00bb4.12.1&Prime; _module_preset=\u00a0\u00bbdefault\u00a0\u00bb global_colors_info=\u00a0\u00bb{}\u00a0\u00bb][et_pb_text _builder_version=\u00a0\u00bb4.12.1&Prime; _module_preset=\u00a0\u00bbdefault\u00a0\u00bb text_font_size=\u00a0\u00bb20px\u00a0\u00bb header_4_font=\u00a0\u00bbRoboto Condensed|700|||||||\u00a0\u00bb header_4_text_align=\u00a0\u00bbleft\u00a0\u00bb header_4_text_color=\u00a0\u00bb#000000&Prime; background_color=\u00a0\u00bbrgba(251,187,33,0.69)\u00a0\u00bb text_orientation=\u00a0\u00bbcenter\u00a0\u00bb custom_padding=\u00a0\u00bb3%|5%|3%|5%|true|true\u00a0\u00bb border_radii=\u00a0\u00bbon|10px|10px|10px|10px\u00a0\u00bb global_colors_info=\u00a0\u00bb{}\u00a0\u00bb]<\/p>\n<h4 style=\"margin-bottom: 0cm;\">Samedi 10 mai 2025 \u00e0 11h<\/h4>\n<h4>Salle des f\u00eates, 21 rue Saint-Jean<br \/>Villefranche-de-Conflent<\/h4>\n<p style=\"margin-bottom: 0cm;\">[\/et_pb_text][\/et_pb_column_inner][et_pb_column_inner type=\u00a0\u00bb1_2&Prime; saved_specialty_column_type=\u00a0\u00bb2_3&Prime; _builder_version=\u00a0\u00bb4.12.1&Prime; _module_preset=\u00a0\u00bbdefault\u00a0\u00bb global_colors_info=\u00a0\u00bb{}\u00a0\u00bb][et_pb_text _builder_version=\u00a0\u00bb4.12.1&Prime; _module_preset=\u00a0\u00bbdefault\u00a0\u00bb header_5_font=\u00a0\u00bbRoboto Condensed||||||||\u00a0\u00bb header_5_text_align=\u00a0\u00bbleft\u00a0\u00bb header_5_text_color=\u00a0\u00bb#000000&Prime; header_5_font_size=\u00a0\u00bb18px\u00a0\u00bb background_color=\u00a0\u00bbrgba(251,187,33,0.69)\u00a0\u00bb text_orientation=\u00a0\u00bbcenter\u00a0\u00bb custom_padding=\u00a0\u00bb3%|5%|3%|5%|true|true\u00a0\u00bb border_radii=\u00a0\u00bbon|10px|10px|10px|10px\u00a0\u00bb global_colors_info=\u00a0\u00bb{}\u00a0\u00bb]<\/p>\n<h5>PAF 5\u20ac<\/h5>\n<h5>entr\u00e9e libre sur pr\u00e9sentation de invitation de <em>Cultures du c\u0153ur<\/em><\/h5>\n<p>[\/et_pb_text][\/et_pb_column_inner][\/et_pb_row_inner][\/et_pb_column][\/et_pb_section][et_pb_section fb_built=\u00a0\u00bb1&Prime; specialty=\u00a0\u00bbon\u00a0\u00bb padding_top_bottom_link_1=\u00a0\u00bbfalse\u00a0\u00bb padding_left_right_link_1=\u00a0\u00bbtrue\u00a0\u00bb _builder_version=\u00a0\u00bb4.12.1&Prime; _module_preset=\u00a0\u00bbdefault\u00a0\u00bb background_color=\u00a0\u00bb#f6f6f2&Prime; custom_margin=\u00a0\u00bb||||true|false\u00a0\u00bb custom_padding=\u00a0\u00bb2.4%||2.4%||true|false\u00a0\u00bb border_width_bottom=\u00a0\u00bb2px\u00a0\u00bb border_color_bottom=\u00a0\u00bb#666666&Prime; border_style_bottom=\u00a0\u00bbdotted\u00a0\u00bb global_colors_info=\u00a0\u00bb{}\u00a0\u00bb][et_pb_column type=\u00a0\u00bb1_3&Prime; _builder_version=\u00a0\u00bb3.25&Prime; custom_padding=\u00a0\u00bb|||\u00a0\u00bb global_colors_info=\u00a0\u00bb{}\u00a0\u00bb custom_padding__hover=\u00a0\u00bb|||\u00a0\u00bb][et_pb_image src=\u00a0\u00bbhttps:\/\/collectiflacle.org\/wp-content\/uploads\/2025\/04\/demunter_marie-photo-dos-HD.jpg\u00a0\u00bb alt=\u00a0\u00bbPhotographie de Marie Demuter\u00a0\u00bb title_text=\u00a0\u00bbdemunter_marie-photo-dos-HD\u00a0\u00bb url_new_window=\u00a0\u00bbon\u00a0\u00bb force_fullwidth=\u00a0\u00bbon\u00a0\u00bb _builder_version=\u00a0\u00bb4.12.1&Prime; _module_preset=\u00a0\u00bbdefault\u00a0\u00bb min_height=\u00a0\u00bb100%\u00a0\u00bb global_colors_info=\u00a0\u00bb{}\u00a0\u00bb][\/et_pb_image][et_pb_gallery gallery_ids=\u00a0\u00bb963,965,966,967,964&Prime; posts_number=\u00a0\u00bb1&Prime; show_title_and_caption=\u00a0\u00bboff\u00a0\u00bb _builder_version=\u00a0\u00bb4.12.1&Prime; _module_preset=\u00a0\u00bbdefault\u00a0\u00bb global_colors_info=\u00a0\u00bb{}\u00a0\u00bb][\/et_pb_gallery][\/et_pb_column][et_pb_column type=\u00a0\u00bb2_3&Prime; specialty_columns=\u00a0\u00bb2&Prime; _builder_version=\u00a0\u00bb3.25&Prime; custom_padding=\u00a0\u00bb|||\u00a0\u00bb global_colors_info=\u00a0\u00bb{}\u00a0\u00bb custom_padding__hover=\u00a0\u00bb|||\u00a0\u00bb][et_pb_row_inner _builder_version=\u00a0\u00bb4.12.1&Prime; _module_preset=\u00a0\u00bbdefault\u00a0\u00bb custom_padding=\u00a0\u00bb0px|10%|0px||true|false\u00a0\u00bb global_colors_info=\u00a0\u00bb{}\u00a0\u00bb][et_pb_column_inner saved_specialty_column_type=\u00a0\u00bb2_3&Prime; _builder_version=\u00a0\u00bb4.12.1&Prime; _module_preset=\u00a0\u00bbdefault\u00a0\u00bb global_colors_info=\u00a0\u00bb{}\u00a0\u00bb][et_pb_text _builder_version=\u00a0\u00bb4.12.1&Prime; _module_preset=\u00a0\u00bbdefault\u00a0\u00bb text_font=\u00a0\u00bb||||||||\u00a0\u00bb link_font=\u00a0\u00bb||||on|||#515151|solid\u00a0\u00bb link_text_color=\u00a0\u00bb#515151&Prime; header_font=\u00a0\u00bbRoboto Slab||||||||\u00a0\u00bb header_text_color=\u00a0\u00bb#00707f\u00a0\u00bb header_font_size=\u00a0\u00bb32px\u00a0\u00bb header_2_font=\u00a0\u00bbSource Code Pro|700|||||||\u00a0\u00bb header_2_text_color=\u00a0\u00bb#000000&Prime; header_2_font_size=\u00a0\u00bb16px\u00a0\u00bb header_3_font=\u00a0\u00bbSource Sans Pro|700|||||||\u00a0\u00bb header_3_text_color=\u00a0\u00bb#00707f\u00a0\u00bb header_4_font=\u00a0\u00bbRoboto Condensed|700|||||||\u00a0\u00bb header_4_text_color=\u00a0\u00bb#000000&Prime; header_5_font=\u00a0\u00bbRoboto Condensed||||||||\u00a0\u00bb header_5_text_color=\u00a0\u00bb#000000&Prime; header_6_font=\u00a0\u00bbSource Sans Pro|300|||||||\u00a0\u00bb header_6_text_color=\u00a0\u00bb#00707f\u00a0\u00bb custom_margin=\u00a0\u00bb0px||2px||false|false\u00a0\u00bb custom_padding=\u00a0\u00bb1px||2px|||\u00a0\u00bb global_colors_info=\u00a0\u00bb{}\u00a0\u00bb link_text_color__hover_enabled=\u00a0\u00bbon|hover\u00a0\u00bb link_text_color__hover=\u00a0\u00bb#0C71C3&Prime;]<\/p>\n<h1>Les corps ont mieux \u00e0 dire<\/h1>\n<h2>Exposition de photographies de Marie Demunter, extraites du livre \u00e9ponyme, Lauma Editions<\/h2>\n<p><em>\u00ab\u00a0Il nous est le plus proche tout au long de notre vie, d\u00e8s la formation de nos premi\u00e8res cellules au sein m\u00eame de l\u2019ut\u00e9rus de notre m\u00e8re. Tel un vieux compagnon de toujours, il incarne le contact aux autres et la vie qui nous entoure, qu\u2019il \u00e9prouve profond\u00e9ment.<\/em><br \/><em>Nous naissons fille et grandissons femme, avec toutes les influences que cela implique dans nos vies. A la rencontre d\u2019autres femmes, c\u2019est au plus proche de leurs corps que je pose mon regard et c\u2019est en leurs seins qu\u2019elles nous invitent \u00e0 travers leurs t\u00e9moignages.\u00a0\u00bb<\/em><\/p>\n<p align=\"left\"><em>Il s\u2019agit de rencontres. Mais pourquoi des femmes ? Lors de mon exp\u00e9rience autour de la maternit\u00e9 est n\u00e9e en moi une r\u00e9flexion longue et profonde sur le rapport que nous d\u00e9veloppons avec notre corps, si souvent oubli\u00e9, dissimul\u00e9, effac\u00e9 au profit du mental et du reste, ou alors dont l&rsquo;image subit les id\u00e9aux soci\u00e9taux qui lui font perdre la diversit\u00e9 qui caract\u00e9rise pourtant si bien le corps humain. Comment, a travers le temps et les diff\u00e9rentes \u00e9tapes de notre vie d\u00e9s la plus tendre enfance, notre [m\u00e9]connaissance corporelle \u00e9volue-t-elle et se trouve-t-elle marqu\u00e9e par les \u00e9v\u00e9nements ? Quel regard portons-nous sur notre corps et la mani\u00e8re dont nous l\u2019habitons ?<\/em><\/p>\n<p>Marie Demunter<\/p>\n<p>&nbsp;<\/p>\n<h6 align=\"left\"><\/h6>\n<p>[\/et_pb_text][\/et_pb_column_inner][\/et_pb_row_inner][et_pb_row_inner column_structure=\u00a0\u00bb1_2,1_2&Prime; _builder_version=\u00a0\u00bb4.12.1&Prime; _module_preset=\u00a0\u00bbdefault\u00a0\u00bb custom_padding=\u00a0\u00bb0px|10%|0px||true|false\u00a0\u00bb global_colors_info=\u00a0\u00bb{}\u00a0\u00bb][et_pb_column_inner type=\u00a0\u00bb1_2&Prime; saved_specialty_column_type=\u00a0\u00bb2_3&Prime; _builder_version=\u00a0\u00bb4.12.1&Prime; _module_preset=\u00a0\u00bbdefault\u00a0\u00bb global_colors_info=\u00a0\u00bb{}\u00a0\u00bb][et_pb_text _builder_version=\u00a0\u00bb4.12.1&Prime; _module_preset=\u00a0\u00bbdefault\u00a0\u00bb text_font_size=\u00a0\u00bb20px\u00a0\u00bb header_4_font=\u00a0\u00bbRoboto Condensed|700|||||||\u00a0\u00bb header_4_text_align=\u00a0\u00bbleft\u00a0\u00bb header_4_text_color=\u00a0\u00bb#000000&Prime; background_color=\u00a0\u00bbrgba(251,187,33,0.69)\u00a0\u00bb text_orientation=\u00a0\u00bbcenter\u00a0\u00bb custom_padding=\u00a0\u00bb3%|5%|3%|5%|true|true\u00a0\u00bb border_radii=\u00a0\u00bbon|10px|10px|10px|10px\u00a0\u00bb global_colors_info=\u00a0\u00bb{}\u00a0\u00bb]<\/p>\n<h4 style=\"margin-bottom: 0cm;\">DU 02 avril AU 9 mai<\/h4>\n<h4 style=\"margin-bottom: 0cm;\">de 8h30 \u00e0 12h30<\/h4>\n<h4>Agence France Travail de Prades <br \/>4 place du docteur Salies<br \/>66500 Prades<\/h4>\n<p style=\"margin-bottom: 0cm;\">[\/et_pb_text][\/et_pb_column_inner][et_pb_column_inner type=\u00a0\u00bb1_2&Prime; saved_specialty_column_type=\u00a0\u00bb2_3&Prime; _builder_version=\u00a0\u00bb4.12.1&Prime; _module_preset=\u00a0\u00bbdefault\u00a0\u00bb global_colors_info=\u00a0\u00bb{}\u00a0\u00bb][et_pb_text _builder_version=\u00a0\u00bb4.12.1&Prime; _module_preset=\u00a0\u00bbdefault\u00a0\u00bb header_5_font=\u00a0\u00bbRoboto Condensed||||||||\u00a0\u00bb header_5_text_align=\u00a0\u00bbleft\u00a0\u00bb header_5_text_color=\u00a0\u00bb#000000&Prime; header_5_font_size=\u00a0\u00bb18px\u00a0\u00bb background_color=\u00a0\u00bbrgba(251,187,33,0.69)\u00a0\u00bb text_orientation=\u00a0\u00bbcenter\u00a0\u00bb custom_padding=\u00a0\u00bb3%|5%|3%|5%|true|true\u00a0\u00bb border_radii=\u00a0\u00bbon|10px|10px|10px|10px\u00a0\u00bb global_colors_info=\u00a0\u00bb{}\u00a0\u00bb]<\/p>\n<h5>entr\u00e9e libre<\/h5>\n<h5>Livre disponible \u00e0 la vente \u00e0 la librairie la Libambulle \u00e0 Prades<\/h5>\n<p>[\/et_pb_text][\/et_pb_column_inner][\/et_pb_row_inner][\/et_pb_column][\/et_pb_section][et_pb_section fb_built=\u00a0\u00bb1&Prime; specialty=\u00a0\u00bbon\u00a0\u00bb padding_top_bottom_link_1=\u00a0\u00bbfalse\u00a0\u00bb padding_left_right_link_1=\u00a0\u00bbtrue\u00a0\u00bb _builder_version=\u00a0\u00bb4.12.1&Prime; _module_preset=\u00a0\u00bbdefault\u00a0\u00bb background_color=\u00a0\u00bb#FFFFFF\u00a0\u00bb custom_margin=\u00a0\u00bb||||true|false\u00a0\u00bb custom_padding=\u00a0\u00bb2.4%||2.4%||true|false\u00a0\u00bb border_width_bottom=\u00a0\u00bb2px\u00a0\u00bb border_color_bottom=\u00a0\u00bb#666666&Prime; border_style_bottom=\u00a0\u00bbdotted\u00a0\u00bb global_colors_info=\u00a0\u00bb{}\u00a0\u00bb][et_pb_column type=\u00a0\u00bb1_3&Prime; _builder_version=\u00a0\u00bb3.25&Prime; custom_padding=\u00a0\u00bb|||\u00a0\u00bb global_colors_info=\u00a0\u00bb{}\u00a0\u00bb custom_padding__hover=\u00a0\u00bb|||\u00a0\u00bb][et_pb_image src=\u00a0\u00bbhttps:\/\/collectiflacle.org\/wp-content\/uploads\/2025\/02\/marionnette-03-Vous-veniez-a-peine-de-partir-BD.jpg\u00a0\u00bb alt=\u00a0\u00bbaffiche soir\u00e9e de concerts R\u00eave g\u00e9n\u00e9ral\u00a0\u00bb title_text=\u00a0\u00bbmarionnette-03-Vous-veniez-a-peine-de-partir-BD\u00a0\u00bb url_new_window=\u00a0\u00bbon\u00a0\u00bb force_fullwidth=\u00a0\u00bbon\u00a0\u00bb _builder_version=\u00a0\u00bb4.12.1&Prime; _module_preset=\u00a0\u00bbdefault\u00a0\u00bb min_height=\u00a0\u00bb100%\u00a0\u00bb global_colors_info=\u00a0\u00bb{}\u00a0\u00bb][\/et_pb_image][et_pb_video src=\u00a0\u00bbhttps:\/\/vimeo.com\/385450264&Prime; _builder_version=\u00a0\u00bb4.12.1&Prime; _module_preset=\u00a0\u00bbdefault\u00a0\u00bb global_colors_info=\u00a0\u00bb{}\u00a0\u00bb][\/et_pb_video][et_pb_gallery gallery_ids=\u00a0\u00bb946,948,947&Prime; posts_number=\u00a0\u00bb1&Prime; show_title_and_caption=\u00a0\u00bboff\u00a0\u00bb _builder_version=\u00a0\u00bb4.12.1&Prime; _module_preset=\u00a0\u00bbdefault\u00a0\u00bb global_colors_info=\u00a0\u00bb{}\u00a0\u00bb][\/et_pb_gallery][\/et_pb_column][et_pb_column type=\u00a0\u00bb2_3&Prime; specialty_columns=\u00a0\u00bb2&Prime; _builder_version=\u00a0\u00bb3.25&Prime; custom_padding=\u00a0\u00bb|||\u00a0\u00bb global_colors_info=\u00a0\u00bb{}\u00a0\u00bb custom_padding__hover=\u00a0\u00bb|||\u00a0\u00bb][et_pb_row_inner _builder_version=\u00a0\u00bb4.12.1&Prime; _module_preset=\u00a0\u00bbdefault\u00a0\u00bb global_colors_info=\u00a0\u00bb{}\u00a0\u00bb][et_pb_column_inner saved_specialty_column_type=\u00a0\u00bb2_3&Prime; _builder_version=\u00a0\u00bb4.12.1&Prime; _module_preset=\u00a0\u00bbdefault\u00a0\u00bb global_colors_info=\u00a0\u00bb{}\u00a0\u00bb][et_pb_text _builder_version=\u00a0\u00bb4.12.1&Prime; _module_preset=\u00a0\u00bbdefault\u00a0\u00bb text_font=\u00a0\u00bb||||||||\u00a0\u00bb link_font=\u00a0\u00bb||||on|||#515151|solid\u00a0\u00bb link_text_color=\u00a0\u00bb#515151&Prime; header_font=\u00a0\u00bbRoboto Slab||||||||\u00a0\u00bb header_text_color=\u00a0\u00bb#00707f\u00a0\u00bb header_font_size=\u00a0\u00bb32px\u00a0\u00bb header_2_font=\u00a0\u00bbSource Code Pro|700|||||||\u00a0\u00bb header_2_text_color=\u00a0\u00bb#000000&Prime; header_2_font_size=\u00a0\u00bb16px\u00a0\u00bb header_3_font=\u00a0\u00bbSource Sans Pro|700|||||||\u00a0\u00bb header_3_text_color=\u00a0\u00bb#00707f\u00a0\u00bb header_4_font=\u00a0\u00bbRoboto Condensed|700|||||||\u00a0\u00bb header_4_text_color=\u00a0\u00bb#000000&Prime; header_5_font=\u00a0\u00bbRoboto Condensed||||||||\u00a0\u00bb header_5_text_color=\u00a0\u00bb#000000&Prime; header_6_font=\u00a0\u00bbSource Sans Pro|300|||||||\u00a0\u00bb header_6_text_color=\u00a0\u00bb#00707f\u00a0\u00bb custom_margin=\u00a0\u00bb0px||2px||false|false\u00a0\u00bb custom_padding=\u00a0\u00bb1px||2px|||\u00a0\u00bb global_colors_info=\u00a0\u00bb{}\u00a0\u00bb link_text_color__hover_enabled=\u00a0\u00bbon|hover\u00a0\u00bb link_text_color__hover=\u00a0\u00bb#0C71C3&Prime;]<\/p>\n<h1>Vous veniez \u00e0 peine de partir&#8230;<\/h1>\n<h2>Th\u00e9\u00e2tre d&rsquo;objets et de marionnettes par la compagnie Les voisins du dessus &#8211; Tout public \u00e0 partir de 4 ans \u2013 30 minutes.<\/h2>\n<p>Ce spectacle d\u2019objets et de marionnettes est comme un hommage aux machinistes de th\u00e9\u00e2tre. Le d\u00e9cor\u00a0: un tout petit th\u00e9\u00e2tre \u00e0 l\u2019italienne avec toute une machinerie. Des trappes qui s\u2019ouvrent, des costumes qui descendent des cintres. Et puis Dominique joue avec les mots du th\u00e9\u00e2tre\u00a0: \u00e0 COUR appara\u00eet une cour pav\u00e9e. A JARDIN appara\u00eet une pelouse. Et au milieu de tout \u00e7a une histoire d\u2019amour entre un homme et une sir\u00e8ne.<\/p>\n<p><em>\u00ab\u00a0\u00c0 l\u2019origine Les mots du th\u00e9\u00e2tre sont le mat\u00e9riau de ma nouvelle cr\u00e9ation. J\u2019ai pris le mot jardin et je l\u2019ai fait appara\u00eetre en son sens premier : \u00e0 jardin, un jardin. A cour, une cour. Et au milieu coule la sc\u00e8ne\u2026 Alors, le th\u00e9\u00e2tre s\u2019est mis \u00e0 vivre diff\u00e9remment, comme s\u2019il nous r\u00e9v\u00e9lait sa nature premi\u00e8re. Un monde onirique, ironique et peut-\u00eatre po\u00e9tique. Mais en secret, car \u00e7a n\u2019arrive qu\u2019une fois le public parti, quand seule reste allum\u00e9e la servante. Pour quelqu\u2019un qui ne sait pas ce qu\u2019est un th\u00e9\u00e2tre et qui vient juste pour y passer une nuit, qu\u2019en est-il\u00a0?\u00a0\u00bb<\/em> Cie Les Voisins de dessus<\/p>\n<h6 align=\"left\"><\/h6>\n<h6 align=\"left\"><\/h6>\n<h6 align=\"left\"><strong>\u0152il ext\u00e9rieur,<\/strong> Rosa Latouche<br \/><strong>Construction d\u00e9cor, machinerie, marionnettes et manipulation,<\/strong> Dominique Latouche<br \/><strong>Univers sonore,<\/strong> Pascal Lengagne<\/h6>\n<h6 align=\"left\">Cr\u00e9ation soutenue par la R\u00e9gion Languedoc-Roussillon &#8211; Co-production avec le th\u00e9\u00e2tre la Cigali\u00e8re \u00e0 S\u00e9rignan<\/h6>\n<p>[\/et_pb_text][et_pb_button button_url=\u00a0\u00bbhttps:\/\/vimeo.com\/385450264&Prime; url_new_window=\u00a0\u00bbon\u00a0\u00bb button_text=\u00a0\u00bbVoir le teaser\u00a0\u00bb _builder_version=\u00a0\u00bb4.12.1&Prime; _module_preset=\u00a0\u00bbdefault\u00a0\u00bb custom_button=\u00a0\u00bbon\u00a0\u00bb button_bg_color=\u00a0\u00bbrgba(36,171,215,0.86)\u00a0\u00bb button_border_width=\u00a0\u00bb0px\u00a0\u00bb button_border_radius=\u00a0\u00bb10px\u00a0\u00bb button_use_icon=\u00a0\u00bboff\u00a0\u00bb custom_margin=\u00a0\u00bb2%||6%||false|false\u00a0\u00bb global_colors_info=\u00a0\u00bb{}\u00a0\u00bb button_bg_color__hover_enabled=\u00a0\u00bbon|hover\u00a0\u00bb button_bg_color__hover=\u00a0\u00bb#fbbb21&Prime; button_bg_enable_color__hover=\u00a0\u00bbon\u00a0\u00bb][\/et_pb_button][et_pb_text _builder_version=\u00a0\u00bb4.12.1&Prime; _module_preset=\u00a0\u00bbdefault\u00a0\u00bb global_colors_info=\u00a0\u00bb{}\u00a0\u00bb]<\/p>\n<h5>La jauge \u00e9tant limit\u00e9e, la r\u00e9servation en ligne est vivement recommand\u00e9e ! Merci.<\/h5>\n<p>[\/et_pb_text][et_pb_button button_url=\u00a0\u00bbhttps:\/\/www.helloasso.com\/associations\/collectif-la-cle\/evenements\/vous-veniez-a-peine-de-partir\u00a0\u00bb url_new_window=\u00a0\u00bbon\u00a0\u00bb button_text=\u00a0\u00bbR\u00e9server ici !\u00a0\u00bb _builder_version=\u00a0\u00bb4.12.1&Prime; _module_preset=\u00a0\u00bbdefault\u00a0\u00bb custom_button=\u00a0\u00bbon\u00a0\u00bb button_bg_color=\u00a0\u00bbrgba(36,171,215,0.86)\u00a0\u00bb button_border_width=\u00a0\u00bb0px\u00a0\u00bb button_border_radius=\u00a0\u00bb10px\u00a0\u00bb button_use_icon=\u00a0\u00bboff\u00a0\u00bb custom_margin=\u00a0\u00bb2%||6%||false|false\u00a0\u00bb global_colors_info=\u00a0\u00bb{}\u00a0\u00bb button_bg_color__hover_enabled=\u00a0\u00bbon|hover\u00a0\u00bb button_bg_color__hover=\u00a0\u00bb#fbbb21&Prime; button_bg_enable_color__hover=\u00a0\u00bbon\u00a0\u00bb][\/et_pb_button][\/et_pb_column_inner][\/et_pb_row_inner][et_pb_row_inner column_structure=\u00a0\u00bb1_2,1_2&Prime; _builder_version=\u00a0\u00bb4.12.1&Prime; _module_preset=\u00a0\u00bbdefault\u00a0\u00bb custom_padding=\u00a0\u00bb0px|10%|0px||true|false\u00a0\u00bb global_colors_info=\u00a0\u00bb{}\u00a0\u00bb][et_pb_column_inner type=\u00a0\u00bb1_2&Prime; saved_specialty_column_type=\u00a0\u00bb2_3&Prime; _builder_version=\u00a0\u00bb4.12.1&Prime; _module_preset=\u00a0\u00bbdefault\u00a0\u00bb global_colors_info=\u00a0\u00bb{}\u00a0\u00bb][et_pb_text _builder_version=\u00a0\u00bb4.12.1&Prime; _module_preset=\u00a0\u00bbdefault\u00a0\u00bb text_font_size=\u00a0\u00bb20px\u00a0\u00bb header_4_font=\u00a0\u00bbRoboto Condensed|700|||||||\u00a0\u00bb header_4_text_align=\u00a0\u00bbleft\u00a0\u00bb header_4_text_color=\u00a0\u00bb#000000&Prime; background_color=\u00a0\u00bbrgba(251,187,33,0.69)\u00a0\u00bb text_orientation=\u00a0\u00bbcenter\u00a0\u00bb custom_padding=\u00a0\u00bb3%|5%|3%|5%|true|true\u00a0\u00bb border_radii=\u00a0\u00bbon|10px|10px|10px|10px\u00a0\u00bb global_colors_info=\u00a0\u00bb{}\u00a0\u00bb]<\/p>\n<h4 style=\"margin-bottom: 0cm;\">Vendredi 14 mars 2025 \u00e0 18h<\/h4>\n<h4 style=\"margin-bottom: 0cm;\">Samedi 15 mars 2025 \u00e0 11h<\/h4>\n<h4>Salle des f\u00eates, 21 rue Saint-Jean<br \/>Villefranche-de-Conflent<\/h4>\n<p style=\"margin-bottom: 0cm;\">[\/et_pb_text][\/et_pb_column_inner][et_pb_column_inner type=\u00a0\u00bb1_2&Prime; saved_specialty_column_type=\u00a0\u00bb2_3&Prime; _builder_version=\u00a0\u00bb4.12.1&Prime; _module_preset=\u00a0\u00bbdefault\u00a0\u00bb global_colors_info=\u00a0\u00bb{}\u00a0\u00bb][et_pb_text _builder_version=\u00a0\u00bb4.12.1&Prime; _module_preset=\u00a0\u00bbdefault\u00a0\u00bb header_5_font=\u00a0\u00bbRoboto Condensed||||||||\u00a0\u00bb header_5_text_align=\u00a0\u00bbleft\u00a0\u00bb header_5_text_color=\u00a0\u00bb#000000&Prime; header_5_font_size=\u00a0\u00bb18px\u00a0\u00bb background_color=\u00a0\u00bbrgba(251,187,33,0.69)\u00a0\u00bb text_orientation=\u00a0\u00bbcenter\u00a0\u00bb custom_padding=\u00a0\u00bb3%|5%|3%|5%|true|true\u00a0\u00bb border_radii=\u00a0\u00bbon|10px|10px|10px|10px\u00a0\u00bb global_colors_info=\u00a0\u00bb{}\u00a0\u00bb]<\/p>\n<h5>PAF 5\u20ac<\/h5>\n<h5>entr\u00e9e libre sur pr\u00e9sentation de invitation de <em>Cultures du c\u0153ur<\/em><\/h5>\n<h5>Jauge limit\u00e9e &#8211; r\u00e9servation recommand\u00e9e en ligne<\/h5>\n<p>[\/et_pb_text][\/et_pb_column_inner][\/et_pb_row_inner][\/et_pb_column][\/et_pb_section][et_pb_section fb_built=\u00a0\u00bb1&Prime; specialty=\u00a0\u00bbon\u00a0\u00bb padding_top_bottom_link_1=\u00a0\u00bbfalse\u00a0\u00bb padding_left_right_link_1=\u00a0\u00bbtrue\u00a0\u00bb _builder_version=\u00a0\u00bb4.12.1&Prime; _module_preset=\u00a0\u00bbdefault\u00a0\u00bb background_color=\u00a0\u00bb#f6f6f2&Prime; custom_margin=\u00a0\u00bb||||true|false\u00a0\u00bb custom_padding=\u00a0\u00bb2.4%||2.4%||true|false\u00a0\u00bb border_width_bottom=\u00a0\u00bb2px\u00a0\u00bb border_color_bottom=\u00a0\u00bb#666666&Prime; border_style_bottom=\u00a0\u00bbdotted\u00a0\u00bb global_colors_info=\u00a0\u00bb{}\u00a0\u00bb][et_pb_column type=\u00a0\u00bb1_3&Prime; _builder_version=\u00a0\u00bb3.25&Prime; custom_padding=\u00a0\u00bb|||\u00a0\u00bb global_colors_info=\u00a0\u00bb{}\u00a0\u00bb custom_padding__hover=\u00a0\u00bb|||\u00a0\u00bb][et_pb_image src=\u00a0\u00bbhttps:\/\/collectiflacle.org\/wp-content\/uploads\/2025\/01\/Affiche-REVE-General-3.jpg\u00a0\u00bb alt=\u00a0\u00bbaffiche soir\u00e9e de concerts R\u00eave g\u00e9n\u00e9ral\u00a0\u00bb title_text=\u00a0\u00bbAffiche R\u00caVE G\u00e9n\u00e9ral #3&Prime; url_new_window=\u00a0\u00bbon\u00a0\u00bb force_fullwidth=\u00a0\u00bbon\u00a0\u00bb _builder_version=\u00a0\u00bb4.12.1&Prime; _module_preset=\u00a0\u00bbdefault\u00a0\u00bb min_height=\u00a0\u00bb100%\u00a0\u00bb global_colors_info=\u00a0\u00bb{}\u00a0\u00bb][\/et_pb_image][et_pb_image src=\u00a0\u00bbhttps:\/\/collectiflacle.org\/wp-content\/uploads\/2025\/01\/Bonjour-bourgeons-02.jpg\u00a0\u00bb alt=\u00a0\u00bbBonjour Bourgeons en concert\u00a0\u00bb title_text=\u00a0\u00bbBonjour-bourgeons-02&Prime; url_new_window=\u00a0\u00bbon\u00a0\u00bb force_fullwidth=\u00a0\u00bbon\u00a0\u00bb _builder_version=\u00a0\u00bb4.12.1&Prime; _module_preset=\u00a0\u00bbdefault\u00a0\u00bb min_height=\u00a0\u00bb100%\u00a0\u00bb global_colors_info=\u00a0\u00bb{}\u00a0\u00bb][\/et_pb_image][et_pb_image src=\u00a0\u00bbhttps:\/\/collectiflacle.org\/wp-content\/uploads\/2025\/01\/cavale-atom2021.jpg\u00a0\u00bb alt=\u00a0\u00bbCavale en concert\u00a0\u00bb title_text=\u00a0\u00bbcavale-atom2021&Prime; url_new_window=\u00a0\u00bbon\u00a0\u00bb force_fullwidth=\u00a0\u00bbon\u00a0\u00bb _builder_version=\u00a0\u00bb4.12.1&Prime; _module_preset=\u00a0\u00bbdefault\u00a0\u00bb min_height=\u00a0\u00bb100%\u00a0\u00bb global_colors_info=\u00a0\u00bb{}\u00a0\u00bb][\/et_pb_image][et_pb_image src=\u00a0\u00bbhttps:\/\/collectiflacle.org\/wp-content\/uploads\/2025\/01\/ublot-2021-credits-Emeline-Bevilacqua-02.jpg\u00a0\u00bb alt=\u00a0\u00bbUblot, groupe hybride, po\u00e9sie rock\u00a0\u00bb title_text=\u00a0\u00bbublot-2021-credits-Emeline-B\u00e9vilacqua-02&Prime; url_new_window=\u00a0\u00bbon\u00a0\u00bb force_fullwidth=\u00a0\u00bbon\u00a0\u00bb _builder_version=\u00a0\u00bb4.12.1&Prime; _module_preset=\u00a0\u00bbdefault\u00a0\u00bb min_height=\u00a0\u00bb100%\u00a0\u00bb global_colors_info=\u00a0\u00bb{}\u00a0\u00bb][\/et_pb_image][\/et_pb_column][et_pb_column type=\u00a0\u00bb2_3&Prime; specialty_columns=\u00a0\u00bb2&Prime; _builder_version=\u00a0\u00bb3.25&Prime; custom_padding=\u00a0\u00bb|||\u00a0\u00bb global_colors_info=\u00a0\u00bb{}\u00a0\u00bb custom_padding__hover=\u00a0\u00bb|||\u00a0\u00bb][et_pb_row_inner _builder_version=\u00a0\u00bb4.12.1&Prime; _module_preset=\u00a0\u00bbdefault\u00a0\u00bb global_colors_info=\u00a0\u00bb{}\u00a0\u00bb][et_pb_column_inner saved_specialty_column_type=\u00a0\u00bb2_3&Prime; _builder_version=\u00a0\u00bb4.12.1&Prime; _module_preset=\u00a0\u00bbdefault\u00a0\u00bb global_colors_info=\u00a0\u00bb{}\u00a0\u00bb][et_pb_text _builder_version=\u00a0\u00bb4.12.1&Prime; _module_preset=\u00a0\u00bbdefault\u00a0\u00bb text_font=\u00a0\u00bb||||||||\u00a0\u00bb link_font=\u00a0\u00bb||||on|||#515151|solid\u00a0\u00bb link_text_color=\u00a0\u00bb#515151&Prime; header_font=\u00a0\u00bbRoboto Slab||||||||\u00a0\u00bb header_text_color=\u00a0\u00bb#00707f\u00a0\u00bb header_font_size=\u00a0\u00bb32px\u00a0\u00bb header_2_font=\u00a0\u00bbSource Code Pro|700|||||||\u00a0\u00bb header_2_text_color=\u00a0\u00bb#000000&Prime; header_2_font_size=\u00a0\u00bb16px\u00a0\u00bb header_3_font=\u00a0\u00bbSource Sans Pro|700|||||||\u00a0\u00bb header_3_text_color=\u00a0\u00bb#00707f\u00a0\u00bb header_4_font=\u00a0\u00bbRoboto Condensed|700|||||||\u00a0\u00bb header_4_text_color=\u00a0\u00bb#000000&Prime; header_5_font=\u00a0\u00bbRoboto Condensed||||||||\u00a0\u00bb header_5_text_color=\u00a0\u00bb#000000&Prime; header_6_font=\u00a0\u00bbSource Sans Pro|300|||||||\u00a0\u00bb header_6_text_color=\u00a0\u00bb#00707f\u00a0\u00bb custom_margin=\u00a0\u00bb0px||2px||false|false\u00a0\u00bb custom_padding=\u00a0\u00bb||2px|||\u00a0\u00bb global_colors_info=\u00a0\u00bb{}\u00a0\u00bb link_text_color__hover_enabled=\u00a0\u00bbon|hover\u00a0\u00bb link_text_color__hover=\u00a0\u00bb#0C71C3&Prime;]<\/p>\n<h1>R\u00eave g\u00e9n\u00e9ral #3<span style=\"color: #00707f;\"><\/span><\/h1>\n<h2>La soir\u00e9e de concerts &#8211; musiques actuelles &#8211; tout public<\/h2>\n<h4><\/h4>\n<h4>En soutien aux Restos du c\u0153ur ! Une collecte de dons<\/h4>\n<p>Le collectif se mobilise et organise une collecte de don pour les Restos du c\u0153ur de Prades, soit p\u00e9cuniaire, soit alimentaire (et si possible des produits \u00e9thiques). Le jour du concert, venez avec vos dons :<br \/><strong>\u2022 des produits alimentaires (\u00e9picerie non p\u00e9rissable seulement),<\/strong><br \/><strong>\u2022 des produits d\u2019hygi\u00e8ne et plus particuli\u00e8rement d\u2019hygi\u00e8ne f\u00e9minine.<\/strong><\/p>\n<p>Merci \u00e0 chacun.e pour votre soutien et solidarit\u00e9 !<\/p>\n<h4><strong>La soir\u00e9e <\/strong><\/h4>\n<h3><strong>Bonjour Bourgeons<\/strong><\/h3>\n<h4><strong>Minimalisme de terroir<\/strong><\/h4>\n<p>La musique de Bonjour Bourgeons est n\u00e9e d\u00e9but 2023 dans une cuisine. Elle est le fruit d\u2019une vie de village partag\u00e9e, d\u2019une complicit\u00e9, de paroles \u00e9crites au coin du feu, de grandes tabl\u00e9es, d\u2019un d\u00e9sir que l\u2019art habite encore et toujours notre quotidien. Contrairement aux grands tubes de la musique pop internationale qui glorifient des trajectoires de vie argent\u00e9es impr\u00e9gn\u00e9es du r\u00eave lib\u00e9ral, les textes de Bonjour Bourgeons, \u00e9crits \u00e0 4 mains, chantent les vies modestes qui peuplent les petits villages. Nos paroles en fran\u00e7ais sont des compositions ou des bouts de textes qui nous sont chers que nous retravaillons, remanions, \u00e0 la mani\u00e8re de collages. Entre po\u00e9sie absurde, ( com\u00e9die tragique et th\u00e9\u00e2tre sonore, c\u2019est \u00e0 la mani\u00e8re d\u2019un Arte povera que Bonjour Bourgeons cherche \u00e0 sublimer les choses simples, t\u00e9nues de la vie rurale.<\/p>\n<h6 align=\"left\"><\/h6>\n<h6 align=\"left\">Avec<strong> Lisa Langlois <\/strong>et <strong>Claire Ledru<\/strong> (harmonium \u00e0 p\u00e9dales, accord\u00e9on, t\u00f9n t\u00f9n, voix)<\/h6>\n<p>[\/et_pb_text][et_pb_button button_url=\u00a0\u00bbhttps:\/\/vimeo.com\/924520453&Prime; url_new_window=\u00a0\u00bbon\u00a0\u00bb button_text=\u00a0\u00bbextrait vid\u00e9o\u00a0\u00bb _builder_version=\u00a0\u00bb4.12.1&Prime; _module_preset=\u00a0\u00bbdefault\u00a0\u00bb custom_button=\u00a0\u00bbon\u00a0\u00bb button_bg_color=\u00a0\u00bbrgba(36,171,215,0.86)\u00a0\u00bb button_border_width=\u00a0\u00bb0px\u00a0\u00bb button_border_radius=\u00a0\u00bb10px\u00a0\u00bb button_use_icon=\u00a0\u00bboff\u00a0\u00bb custom_margin=\u00a0\u00bb2%||6%||false|false\u00a0\u00bb global_colors_info=\u00a0\u00bb{}\u00a0\u00bb button_bg_color__hover_enabled=\u00a0\u00bbon|hover\u00a0\u00bb button_bg_color__hover=\u00a0\u00bb#fbbb21&Prime; button_bg_enable_color__hover=\u00a0\u00bbon\u00a0\u00bb][\/et_pb_button][et_pb_text _builder_version=\u00a0\u00bb4.12.1&Prime; _module_preset=\u00a0\u00bbdefault\u00a0\u00bb text_font=\u00a0\u00bb||||||||\u00a0\u00bb link_font=\u00a0\u00bb||||on|||#515151|solid\u00a0\u00bb link_text_color=\u00a0\u00bb#515151&Prime; header_font=\u00a0\u00bbRoboto Slab||||||||\u00a0\u00bb header_text_color=\u00a0\u00bb#00707f\u00a0\u00bb header_font_size=\u00a0\u00bb32px\u00a0\u00bb header_2_font=\u00a0\u00bbSource Code Pro|700|||||||\u00a0\u00bb header_2_text_color=\u00a0\u00bb#000000&Prime; header_2_font_size=\u00a0\u00bb16px\u00a0\u00bb header_3_font=\u00a0\u00bbSource Sans Pro|700|||||||\u00a0\u00bb header_3_text_color=\u00a0\u00bb#00707f\u00a0\u00bb header_4_font=\u00a0\u00bbRoboto Condensed|700|||||||\u00a0\u00bb header_4_text_color=\u00a0\u00bb#000000&Prime; header_5_font=\u00a0\u00bbRoboto Condensed||||||||\u00a0\u00bb header_5_text_color=\u00a0\u00bb#000000&Prime; header_6_font=\u00a0\u00bbSource Sans Pro|300|||||||\u00a0\u00bb header_6_text_color=\u00a0\u00bb#00707f\u00a0\u00bb custom_margin=\u00a0\u00bb0px||2px||false|false\u00a0\u00bb custom_padding=\u00a0\u00bb||2px|||\u00a0\u00bb global_colors_info=\u00a0\u00bb{}\u00a0\u00bb link_text_color__hover_enabled=\u00a0\u00bbon|hover\u00a0\u00bb link_text_color__hover=\u00a0\u00bb#0C71C3&Prime;]<\/p>\n<h3><strong>Cavale<\/strong><\/h3>\n<h4>Jazz et folklore imaginaire<\/h4>\n<p>Surgit d\u2019un songe po\u00e9tique o\u00f9 musique du monde et jazz s\u2019entrelacent, le folklore imaginaire de Cavale nous emporte de r\u00eaveries douces en temp\u00eates \u00e9piques.C\u2019est un voyage musical o\u00f9 le spectateur navigue des plaines acoustiques contemplatives vers des cimes \u00e9lectriques rythm\u00e9es.<\/p>\n<h6 align=\"left\"><\/h6>\n<h6 align=\"left\">Avec <strong>Pr\u00eale Abelanet<\/strong> (accord\u00e9on), <strong>Valentin Estel<\/strong> (guitare \u00e9lectrique), <strong>Damien Guisset<\/strong> (contrebasse) et <strong>Pierre Baradel<\/strong> (batterie)<\/h6>\n<p>[\/et_pb_text][et_pb_button button_url=\u00a0\u00bbhttps:\/\/youtu.be\/eZorvaDOrhs?si=lwhC9PHzU0FOgWJq\u00a0\u00bb url_new_window=\u00a0\u00bbon\u00a0\u00bb button_text=\u00a0\u00bbextrait vid\u00e9o\u00a0\u00bb _builder_version=\u00a0\u00bb4.12.1&Prime; _module_preset=\u00a0\u00bbdefault\u00a0\u00bb custom_button=\u00a0\u00bbon\u00a0\u00bb button_bg_color=\u00a0\u00bbrgba(36,171,215,0.86)\u00a0\u00bb button_border_width=\u00a0\u00bb0px\u00a0\u00bb button_border_radius=\u00a0\u00bb10px\u00a0\u00bb button_use_icon=\u00a0\u00bboff\u00a0\u00bb custom_margin=\u00a0\u00bb2%||6%||false|false\u00a0\u00bb global_colors_info=\u00a0\u00bb{}\u00a0\u00bb button_bg_color__hover_enabled=\u00a0\u00bbon|hover\u00a0\u00bb button_bg_color__hover=\u00a0\u00bb#fbbb21&Prime; button_bg_enable_color__hover=\u00a0\u00bbon\u00a0\u00bb][\/et_pb_button][et_pb_text _builder_version=\u00a0\u00bb4.12.1&Prime; _module_preset=\u00a0\u00bbdefault\u00a0\u00bb text_font=\u00a0\u00bb||||||||\u00a0\u00bb link_font=\u00a0\u00bb||||on|||#515151|solid\u00a0\u00bb link_text_color=\u00a0\u00bb#515151&Prime; header_font=\u00a0\u00bbRoboto Slab||||||||\u00a0\u00bb header_text_color=\u00a0\u00bb#00707f\u00a0\u00bb header_font_size=\u00a0\u00bb32px\u00a0\u00bb header_2_font=\u00a0\u00bbSource Code Pro|700|||||||\u00a0\u00bb header_2_text_color=\u00a0\u00bb#000000&Prime; header_2_font_size=\u00a0\u00bb16px\u00a0\u00bb header_3_font=\u00a0\u00bbSource Sans Pro|700|||||||\u00a0\u00bb header_3_text_color=\u00a0\u00bb#00707f\u00a0\u00bb header_4_font=\u00a0\u00bbRoboto Condensed|700|||||||\u00a0\u00bb header_4_text_color=\u00a0\u00bb#000000&Prime; header_5_font=\u00a0\u00bbRoboto Condensed||||||||\u00a0\u00bb header_5_text_color=\u00a0\u00bb#000000&Prime; header_6_font=\u00a0\u00bbSource Sans Pro|300|||||||\u00a0\u00bb header_6_text_color=\u00a0\u00bb#00707f\u00a0\u00bb custom_margin=\u00a0\u00bb0px||2px||false|false\u00a0\u00bb custom_padding=\u00a0\u00bb||2px|||\u00a0\u00bb global_colors_info=\u00a0\u00bb{}\u00a0\u00bb link_text_color__hover_enabled=\u00a0\u00bbon|hover\u00a0\u00bb link_text_color__hover=\u00a0\u00bb#0C71C3&Prime;]<\/p>\n<h3 align=\"left\">Ublot<\/h3>\n<h4><strong>Po\u00e9sie rock<\/strong><\/h4>\n<p>Ublot s\u2019\u00e9coute comme le carnet de bord d\u2019une odyss\u00e9e chahut\u00e9e. Apr\u00e8s des m\u00e9lop\u00e9es balkaniques d\u00e9paysantes, la temp\u00eate se l\u00e8ve et nous voil\u00e0 submerg\u00e9s par une lame de fond fa\u00eete de riffs de guitare \u00e9lectrique parfois crissants, d\u2019une clarinette au lointain, d\u2019un accord\u00e9on \u00ab compagnon \u00bb et d\u2019une batterie lourde qui vient scander une \u00e9pop\u00e9e sous tension.<br \/>C\u2019est Ublot, la vitre d\u2019une horloge et le temps qui avance inlassablement. Un bateau sur lequel nous avons tous une histoire heureuse, triste, festive, inutilement futile \u00e0 raconter ou des r\u00eaves \u00e0 formuler. Le fil ? Le voyage, des murs qui s\u2019effondrent, la transcendance de l\u2019hypersensibilit\u00e9 ; un carnet intime et de r\u00e9voltes, une succession mouvante de cartes postales. Les th\u00e8mes de la folie, les trag\u00e9dies de la M\u00e9diterran\u00e9e, la poursuite d\u2019un amour, le grand \u00e9cart des soci\u00e9t\u00e9s, le silence, la beaut\u00e9 d\u2019\u00eatre enfant\u2026 l\u2019envie nomm\u00e9e Libert\u00e9.<br \/>Du son, de la houle et une bonne dose de vie.<br \/>Ublot s\u2019emploie depuis 2017 \u00e0 l\u2019utilisation de textures et bruitages bruts ou transform\u00e9s, de mots d\u00e9clam\u00e9s \u00e0 la vol\u00e9e et de pens\u00e9es enregistr\u00e9es. Le groupe se d\u00e9finit comme hybride, par une approche po\u00e9tique et aventuri\u00e8re.<\/p>\n<h6 align=\"left\">Avec <strong>Cl\u00e9ment Ternisien<\/strong> (accord\u00e9on, guitare et basse \u00e9lectrique, m.a.o., componium, textes), <strong>Tony Erdal<\/strong> (clarinettes), <strong>Marie Grollier<\/strong> (violoncelle, guitare, voix) et<strong> Nazim Moulay<\/strong> (batterie, percussions)<\/h6>\n<p style=\"text-align: left;\">[\/et_pb_text][et_pb_button button_url=\u00a0\u00bbhttps:\/\/www.youtube.com\/watch?v=pvGPjUKwfd0%20&Prime; url_new_window=\u00a0\u00bbon\u00a0\u00bb button_text=\u00a0\u00bbvid\u00e9o clip &lsquo;\u00e7a va'\u00a0\u00bb _builder_version=\u00a0\u00bb4.12.1&Prime; _module_preset=\u00a0\u00bbdefault\u00a0\u00bb custom_button=\u00a0\u00bbon\u00a0\u00bb button_bg_color=\u00a0\u00bbrgba(36,171,215,0.86)\u00a0\u00bb button_border_width=\u00a0\u00bb0px\u00a0\u00bb button_border_radius=\u00a0\u00bb10px\u00a0\u00bb button_use_icon=\u00a0\u00bboff\u00a0\u00bb custom_margin=\u00a0\u00bb2%||4%||false|false\u00a0\u00bb global_colors_info=\u00a0\u00bb{}\u00a0\u00bb button_bg_color__hover_enabled=\u00a0\u00bbon|hover\u00a0\u00bb button_bg_color__hover=\u00a0\u00bb#fbbb21&Prime; button_bg_enable_color__hover=\u00a0\u00bbon\u00a0\u00bb][\/et_pb_button][\/et_pb_column_inner][\/et_pb_row_inner][et_pb_row_inner column_structure=\u00a0\u00bb1_2,1_2&Prime; _builder_version=\u00a0\u00bb4.12.1&Prime; _module_preset=\u00a0\u00bbdefault\u00a0\u00bb custom_padding=\u00a0\u00bb0px|10%|0px||true|false\u00a0\u00bb global_colors_info=\u00a0\u00bb{}\u00a0\u00bb][et_pb_column_inner type=\u00a0\u00bb1_2&Prime; saved_specialty_column_type=\u00a0\u00bb2_3&Prime; _builder_version=\u00a0\u00bb4.12.1&Prime; _module_preset=\u00a0\u00bbdefault\u00a0\u00bb global_colors_info=\u00a0\u00bb{}\u00a0\u00bb][et_pb_text _builder_version=\u00a0\u00bb4.12.1&Prime; _module_preset=\u00a0\u00bbdefault\u00a0\u00bb text_font_size=\u00a0\u00bb20px\u00a0\u00bb header_4_font=\u00a0\u00bbRoboto Condensed|700|||||||\u00a0\u00bb header_4_text_align=\u00a0\u00bbleft\u00a0\u00bb header_4_text_color=\u00a0\u00bb#000000&Prime; background_color=\u00a0\u00bbrgba(251,187,33,0.69)\u00a0\u00bb text_orientation=\u00a0\u00bbcenter\u00a0\u00bb custom_padding=\u00a0\u00bb3%|5%|3%|5%|true|true\u00a0\u00bb border_radii=\u00a0\u00bbon|10px|10px|10px|10px\u00a0\u00bb global_colors_info=\u00a0\u00bb{}\u00a0\u00bb]<\/p>\n<h4 style=\"margin-bottom: 0cm;\">Samedi 8 f\u00e9vrier 2025<\/h4>\n<h4 style=\"margin-bottom: 0cm;\">Ouverture des portes \u00e0 19h<\/h4>\n<h4>Salle des f\u00eates, 21 rue Saint-Jean<br \/>Villefranche-de-Conflent<\/h4>\n<p style=\"margin-bottom: 0cm;\">[\/et_pb_text][\/et_pb_column_inner][et_pb_column_inner type=\u00a0\u00bb1_2&Prime; saved_specialty_column_type=\u00a0\u00bb2_3&Prime; _builder_version=\u00a0\u00bb4.12.1&Prime; _module_preset=\u00a0\u00bbdefault\u00a0\u00bb global_colors_info=\u00a0\u00bb{}\u00a0\u00bb][et_pb_text _builder_version=\u00a0\u00bb4.12.1&Prime; _module_preset=\u00a0\u00bbdefault\u00a0\u00bb header_5_font=\u00a0\u00bbRoboto Condensed||||||||\u00a0\u00bb header_5_text_align=\u00a0\u00bbleft\u00a0\u00bb header_5_text_color=\u00a0\u00bb#000000&Prime; header_5_font_size=\u00a0\u00bb18px\u00a0\u00bb background_color=\u00a0\u00bbrgba(251,187,33,0.69)\u00a0\u00bb text_orientation=\u00a0\u00bbcenter\u00a0\u00bb custom_padding=\u00a0\u00bb3%|5%|3%|5%|true|true\u00a0\u00bb border_radii=\u00a0\u00bbon|10px|10px|10px|10px\u00a0\u00bb global_colors_info=\u00a0\u00bb{}\u00a0\u00bb]<\/p>\n<h5>PAF 5\u20ac\/ 10\u20ac<\/h5>\n<h5>entr\u00e9e libre sur pr\u00e9sentation de invitation de <em>Cultures du c\u0153ur<\/em><\/h5>\n<h5>Buvette et petite restauration sur place<\/h5>\n<p>[\/et_pb_text][\/et_pb_column_inner][\/et_pb_row_inner][\/et_pb_column][\/et_pb_section][et_pb_section fb_built=\u00a0\u00bb1&Prime; specialty=\u00a0\u00bbon\u00a0\u00bb padding_top_bottom_link_1=\u00a0\u00bbfalse\u00a0\u00bb padding_left_right_link_1=\u00a0\u00bbtrue\u00a0\u00bb _builder_version=\u00a0\u00bb4.12.1&Prime; _module_preset=\u00a0\u00bbdefault\u00a0\u00bb background_color=\u00a0\u00bb#FFFFFF\u00a0\u00bb custom_margin=\u00a0\u00bb||||true|false\u00a0\u00bb custom_padding=\u00a0\u00bb2.4%||2.4%||true|false\u00a0\u00bb border_width_bottom=\u00a0\u00bb2px\u00a0\u00bb border_color_bottom=\u00a0\u00bb#666666&Prime; border_style_bottom=\u00a0\u00bbdotted\u00a0\u00bb global_colors_info=\u00a0\u00bb{}\u00a0\u00bb][et_pb_column type=\u00a0\u00bb1_3&Prime; _builder_version=\u00a0\u00bb3.25&Prime; custom_padding=\u00a0\u00bb|||\u00a0\u00bb global_colors_info=\u00a0\u00bb{}\u00a0\u00bb custom_padding__hover=\u00a0\u00bb|||\u00a0\u00bb][et_pb_image src=\u00a0\u00bbhttps:\/\/collectiflacle.org\/wp-content\/uploads\/2024\/12\/Affiche-Courts-a-Villefranche.jpg\u00a0\u00bb alt=\u00a0\u00bbAffiche projection Courts \u00e0 Villefranche\u00a0\u00bb title_text=\u00a0\u00bbAffiche Courts \u00e0 Villefranche\u00a0\u00bb url_new_window=\u00a0\u00bbon\u00a0\u00bb force_fullwidth=\u00a0\u00bbon\u00a0\u00bb _builder_version=\u00a0\u00bb4.12.1&Prime; _module_preset=\u00a0\u00bbdefault\u00a0\u00bb min_height=\u00a0\u00bb100%\u00a0\u00bb global_colors_info=\u00a0\u00bb{}\u00a0\u00bb][\/et_pb_image][et_pb_gallery gallery_ids=\u00a0\u00bb884,885,880,881&Prime; posts_number=\u00a0\u00bb1&Prime; show_title_and_caption=\u00a0\u00bboff\u00a0\u00bb show_pagination=\u00a0\u00bboff\u00a0\u00bb _builder_version=\u00a0\u00bb4.12.1&Prime; _module_preset=\u00a0\u00bbdefault\u00a0\u00bb global_colors_info=\u00a0\u00bb{}\u00a0\u00bb][\/et_pb_gallery][\/et_pb_column][et_pb_column type=\u00a0\u00bb2_3&Prime; specialty_columns=\u00a0\u00bb2&Prime; _builder_version=\u00a0\u00bb3.25&Prime; custom_padding=\u00a0\u00bb|||\u00a0\u00bb global_colors_info=\u00a0\u00bb{}\u00a0\u00bb custom_padding__hover=\u00a0\u00bb|||\u00a0\u00bb][et_pb_row_inner _builder_version=\u00a0\u00bb4.12.1&Prime; _module_preset=\u00a0\u00bbdefault\u00a0\u00bb global_colors_info=\u00a0\u00bb{}\u00a0\u00bb][et_pb_column_inner saved_specialty_column_type=\u00a0\u00bb2_3&Prime; _builder_version=\u00a0\u00bb4.12.1&Prime; _module_preset=\u00a0\u00bbdefault\u00a0\u00bb global_colors_info=\u00a0\u00bb{}\u00a0\u00bb][et_pb_text _builder_version=\u00a0\u00bb4.12.1&Prime; _module_preset=\u00a0\u00bbdefault\u00a0\u00bb text_font=\u00a0\u00bb||||||||\u00a0\u00bb link_font=\u00a0\u00bb||||on|||#515151|solid\u00a0\u00bb link_text_color=\u00a0\u00bb#515151&Prime; header_font=\u00a0\u00bbRoboto Slab||||||||\u00a0\u00bb header_text_color=\u00a0\u00bb#00707f\u00a0\u00bb header_font_size=\u00a0\u00bb32px\u00a0\u00bb header_2_font=\u00a0\u00bbSource Code Pro|700|||||||\u00a0\u00bb header_2_text_color=\u00a0\u00bb#000000&Prime; header_2_font_size=\u00a0\u00bb16px\u00a0\u00bb header_3_font=\u00a0\u00bbSource Sans Pro|700|||||||\u00a0\u00bb header_3_text_color=\u00a0\u00bb#00707f\u00a0\u00bb header_4_font=\u00a0\u00bbRoboto Condensed|700|||||||\u00a0\u00bb header_4_text_color=\u00a0\u00bb#000000&Prime; header_5_font=\u00a0\u00bbRoboto Condensed||||||||\u00a0\u00bb header_5_text_color=\u00a0\u00bb#000000&Prime; header_6_font=\u00a0\u00bbSource Sans Pro||||||||\u00a0\u00bb custom_margin=\u00a0\u00bb0px||2px||false|false\u00a0\u00bb custom_padding=\u00a0\u00bb||2px|||\u00a0\u00bb global_colors_info=\u00a0\u00bb{}\u00a0\u00bb link_text_color__hover_enabled=\u00a0\u00bbon|hover\u00a0\u00bb link_text_color__hover=\u00a0\u00bb#0C71C3&Prime;]<\/p>\n<h1> Courts \u00e0 Villefranche<\/h1>\n<h3><span style=\"color: #00707f;\"><\/span><\/h3>\n<h2>Projection de courts m\u00e9trages r\u00e9alis\u00e9s \u00e0 Villefranche-de-Conflent -Tout public \u2013 1h environ<span style=\"color: #00707f;\"><\/span><\/h2>\n<h3><strong>Trois regards sur notre village<\/strong><\/h3>\n<h4><\/h4>\n<h4><strong>Jour de neige \u00e0 Villefranche-de-Conflent<\/strong><\/h4>\n<p>de Daniel Brawicki, 4min, documentaire (2023),<br \/>La citadelle Vauban enfile un manteau blanc et se d\u00e9voile sous un jour in\u00e9dit.<\/p>\n<h4><strong>Les Pierres cach\u00e9es de notre village <\/strong><\/h4>\n<p>de Marc Cousin, 36 min, documentaire (2021),<br \/>\u00ab\u00a0De l\u2019ombre \u00e0 la lumi\u00e8re, le son de mes pas sur les pav\u00e9s. La flamme du pr\u00e9sent r\u00e9v\u00e8le le pass\u00e9.\u00a0\u00bb Retour mille ans en arri\u00e8re \u00e0 la recherche des secrets dissimul\u00e9s dans les remparts de Villefranche.<\/p>\n<h4><strong>Villefranche<\/strong><\/h4>\n<p>de Maxime Nicolau, 19 min, fiction (2024),<br \/>Quatre truands du dimanche partent \u00e0 l\u2019assaut des commerces de la cit\u00e9 fortifi\u00e9e. Tout ne peut que mal se passer. En savoir plus : <a href=\"https:\/\/www.instagram.com\/villefranchelefilm\/\" target=\"_blank\" rel=\"noopener\">https:\/\/www.instagram.com\/villefranchelefilm\/<\/a><\/p>\n<p style=\"text-align: left;\">[\/et_pb_text][et_pb_button button_url=\u00a0\u00bbhttps:\/\/www.youtube.com\/watch?v=XSuI3gCU3hs\u00a0\u00bb url_new_window=\u00a0\u00bbon\u00a0\u00bb button_text=\u00a0\u00bbvoir le teaser de &lsquo;Villefranche'\u00a0\u00bb _builder_version=\u00a0\u00bb4.12.1&Prime; _module_preset=\u00a0\u00bbdefault\u00a0\u00bb custom_button=\u00a0\u00bbon\u00a0\u00bb button_bg_color=\u00a0\u00bbrgba(36,171,215,0.86)\u00a0\u00bb button_border_width=\u00a0\u00bb0px\u00a0\u00bb button_border_radius=\u00a0\u00bb10px\u00a0\u00bb button_use_icon=\u00a0\u00bboff\u00a0\u00bb global_colors_info=\u00a0\u00bb{}\u00a0\u00bb button_bg_color__hover_enabled=\u00a0\u00bbon|hover\u00a0\u00bb button_bg_color__hover=\u00a0\u00bb#fbbb21&Prime; button_bg_enable_color__hover=\u00a0\u00bbon\u00a0\u00bb][\/et_pb_button][\/et_pb_column_inner][\/et_pb_row_inner][et_pb_row_inner column_structure=\u00a0\u00bb1_2,1_2&Prime; _builder_version=\u00a0\u00bb4.12.1&Prime; _module_preset=\u00a0\u00bbdefault\u00a0\u00bb custom_padding=\u00a0\u00bb0px|10%|0px||true|false\u00a0\u00bb global_colors_info=\u00a0\u00bb{}\u00a0\u00bb][et_pb_column_inner type=\u00a0\u00bb1_2&Prime; saved_specialty_column_type=\u00a0\u00bb2_3&Prime; _builder_version=\u00a0\u00bb4.12.1&Prime; _module_preset=\u00a0\u00bbdefault\u00a0\u00bb global_colors_info=\u00a0\u00bb{}\u00a0\u00bb][et_pb_text _builder_version=\u00a0\u00bb4.12.1&Prime; _module_preset=\u00a0\u00bbdefault\u00a0\u00bb text_font_size=\u00a0\u00bb20px\u00a0\u00bb header_4_font=\u00a0\u00bbRoboto Condensed|700|||||||\u00a0\u00bb header_4_text_align=\u00a0\u00bbleft\u00a0\u00bb header_4_text_color=\u00a0\u00bb#000000&Prime; background_color=\u00a0\u00bbrgba(251,187,33,0.69)\u00a0\u00bb text_orientation=\u00a0\u00bbcenter\u00a0\u00bb custom_padding=\u00a0\u00bb3%|5%|3%|5%|true|true\u00a0\u00bb border_radii=\u00a0\u00bbon|10px|10px|10px|10px\u00a0\u00bb global_colors_info=\u00a0\u00bb{}\u00a0\u00bb]<\/p>\n<h4 style=\"margin-bottom: 0cm;\">Vendredi 20 d\u00e9cembre 2024<\/h4>\n<h4 style=\"margin-bottom: 0cm;\">\u00e0 18h<\/h4>\n<h4 style=\"margin-bottom: 0cm;\">Villefranche-de-Conflent<\/h4>\n<p style=\"margin-bottom: 0cm;\">[\/et_pb_text][\/et_pb_column_inner][et_pb_column_inner type=\u00a0\u00bb1_2&Prime; saved_specialty_column_type=\u00a0\u00bb2_3&Prime; _builder_version=\u00a0\u00bb4.12.1&Prime; _module_preset=\u00a0\u00bbdefault\u00a0\u00bb global_colors_info=\u00a0\u00bb{}\u00a0\u00bb][et_pb_text _builder_version=\u00a0\u00bb4.12.1&Prime; _module_preset=\u00a0\u00bbdefault\u00a0\u00bb header_5_font=\u00a0\u00bbRoboto Condensed||||||||\u00a0\u00bb header_5_text_align=\u00a0\u00bbleft\u00a0\u00bb header_5_text_color=\u00a0\u00bb#000000&Prime; header_5_font_size=\u00a0\u00bb18px\u00a0\u00bb background_color=\u00a0\u00bbrgba(251,187,33,0.69)\u00a0\u00bb text_orientation=\u00a0\u00bbcenter\u00a0\u00bb custom_padding=\u00a0\u00bb3%|5%|3%|5%|true|true\u00a0\u00bb border_radii=\u00a0\u00bbon|10px|10px|10px|10px\u00a0\u00bb global_colors_info=\u00a0\u00bb{}\u00a0\u00bb]<\/p>\n<h5>Salle des f\u00eates, 21 rue Saint-Jean<\/h5>\n<h5>En participation libre<\/h5>\n<h5>entr\u00e9e libre sur pr\u00e9sentation de invitation de <em>Cultures du c\u0153ur<\/em><\/h5>\n<p>[\/et_pb_text][\/et_pb_column_inner][\/et_pb_row_inner][\/et_pb_column][\/et_pb_section][et_pb_section fb_built=\u00a0\u00bb1&Prime; specialty=\u00a0\u00bbon\u00a0\u00bb padding_top_bottom_link_1=\u00a0\u00bbfalse\u00a0\u00bb padding_left_right_link_1=\u00a0\u00bbtrue\u00a0\u00bb _builder_version=\u00a0\u00bb4.12.1&Prime; _module_preset=\u00a0\u00bbdefault\u00a0\u00bb background_color=\u00a0\u00bb#f6f6f2&Prime; custom_margin=\u00a0\u00bb||||true|false\u00a0\u00bb custom_padding=\u00a0\u00bb2.4%||2.4%||true|false\u00a0\u00bb border_width_bottom=\u00a0\u00bb2px\u00a0\u00bb border_color_bottom=\u00a0\u00bb#666666&Prime; border_style_bottom=\u00a0\u00bbdotted\u00a0\u00bb global_colors_info=\u00a0\u00bb{}\u00a0\u00bb][et_pb_column type=\u00a0\u00bb1_3&Prime; _builder_version=\u00a0\u00bb3.25&Prime; custom_padding=\u00a0\u00bb|||\u00a0\u00bb global_colors_info=\u00a0\u00bb{}\u00a0\u00bb custom_padding__hover=\u00a0\u00bb|||\u00a0\u00bb][et_pb_image src=\u00a0\u00bbhttps:\/\/collectiflacle.org\/wp-content\/uploads\/2024\/11\/la-tete-dans-le-sac-L-homme-oiseau-Sophie-Laporte.jpg\u00a0\u00bb alt=\u00a0\u00bbphoto spectacle La t\u00eate dans le sac\u00a0\u00bb title_text=\u00a0\u00bbla-tete-dans-le-sac-L-homme-oiseau &#8211; Sophie Laporte\u00a0\u00bb url_new_window=\u00a0\u00bbon\u00a0\u00bb force_fullwidth=\u00a0\u00bbon\u00a0\u00bb _builder_version=\u00a0\u00bb4.12.1&Prime; _module_preset=\u00a0\u00bbdefault\u00a0\u00bb min_height=\u00a0\u00bb100%\u00a0\u00bb global_colors_info=\u00a0\u00bb{}\u00a0\u00bb][\/et_pb_image][et_pb_button button_url=\u00a0\u00bbhttps:\/\/youtu.be\/hyVJP1bY0xY\u00a0\u00bb url_new_window=\u00a0\u00bbon\u00a0\u00bb button_text=\u00a0\u00bbvoir le teaser du spectacle\u00a0\u00bb _builder_version=\u00a0\u00bb4.12.1&Prime; _module_preset=\u00a0\u00bbdefault\u00a0\u00bb custom_button=\u00a0\u00bbon\u00a0\u00bb button_bg_color=\u00a0\u00bbrgba(36,171,215,0.86)\u00a0\u00bb button_border_width=\u00a0\u00bb0px\u00a0\u00bb button_border_radius=\u00a0\u00bb10px\u00a0\u00bb button_use_icon=\u00a0\u00bboff\u00a0\u00bb global_colors_info=\u00a0\u00bb{}\u00a0\u00bb button_bg_color__hover_enabled=\u00a0\u00bbon|hover\u00a0\u00bb button_bg_color__hover=\u00a0\u00bb#fbbb21&Prime; button_bg_enable_color__hover=\u00a0\u00bbon\u00a0\u00bb][\/et_pb_button][et_pb_gallery gallery_ids=\u00a0\u00bb853,852,851&Prime; posts_number=\u00a0\u00bb1&Prime; show_title_and_caption=\u00a0\u00bboff\u00a0\u00bb show_pagination=\u00a0\u00bboff\u00a0\u00bb _builder_version=\u00a0\u00bb4.12.1&Prime; _module_preset=\u00a0\u00bbdefault\u00a0\u00bb global_colors_info=\u00a0\u00bb{}\u00a0\u00bb][\/et_pb_gallery][\/et_pb_column][et_pb_column type=\u00a0\u00bb2_3&Prime; specialty_columns=\u00a0\u00bb2&Prime; _builder_version=\u00a0\u00bb3.25&Prime; custom_padding=\u00a0\u00bb|||\u00a0\u00bb global_colors_info=\u00a0\u00bb{}\u00a0\u00bb custom_padding__hover=\u00a0\u00bb|||\u00a0\u00bb][et_pb_row_inner _builder_version=\u00a0\u00bb4.12.1&Prime; _module_preset=\u00a0\u00bbdefault\u00a0\u00bb global_colors_info=\u00a0\u00bb{}\u00a0\u00bb][et_pb_column_inner saved_specialty_column_type=\u00a0\u00bb2_3&Prime; _builder_version=\u00a0\u00bb4.12.1&Prime; _module_preset=\u00a0\u00bbdefault\u00a0\u00bb global_colors_info=\u00a0\u00bb{}\u00a0\u00bb][et_pb_text _builder_version=\u00a0\u00bb4.12.1&Prime; _module_preset=\u00a0\u00bbdefault\u00a0\u00bb text_font=\u00a0\u00bb||||||||\u00a0\u00bb link_font=\u00a0\u00bb||||on|||#515151|solid\u00a0\u00bb link_text_color=\u00a0\u00bb#515151&Prime; header_font=\u00a0\u00bbRoboto Slab||||||||\u00a0\u00bb header_text_color=\u00a0\u00bb#00707f\u00a0\u00bb header_font_size=\u00a0\u00bb32px\u00a0\u00bb header_2_font=\u00a0\u00bbSource Code Pro|700|||||||\u00a0\u00bb header_2_text_color=\u00a0\u00bb#000000&Prime; header_2_font_size=\u00a0\u00bb16px\u00a0\u00bb header_3_font=\u00a0\u00bbSource Sans Pro|700|||||||\u00a0\u00bb header_3_text_color=\u00a0\u00bb#00707f\u00a0\u00bb header_4_font=\u00a0\u00bbRoboto Condensed|700|||||||\u00a0\u00bb header_4_text_color=\u00a0\u00bb#000000&Prime; header_5_font=\u00a0\u00bbRoboto Condensed||||||||\u00a0\u00bb header_5_text_color=\u00a0\u00bb#000000&Prime; header_6_font=\u00a0\u00bbSource Sans Pro||||||||\u00a0\u00bb custom_margin=\u00a0\u00bb0px||2px||false|false\u00a0\u00bb custom_padding=\u00a0\u00bb||2px|||\u00a0\u00bb global_colors_info=\u00a0\u00bb{}\u00a0\u00bb link_text_color__hover_enabled=\u00a0\u00bbon|hover\u00a0\u00bb link_text_color__hover=\u00a0\u00bb#0C71C3&Prime;]<\/p>\n<h1>La t\u00eate dans le sac<span style=\"color: #00707f;\"><br \/><\/span><\/h1>\n<h2>Spectacle de marionnette et th\u00e9\u00e2tre d&rsquo;objets &#8211;\u00a0 \u00e0 partir de 5 ans \u2013 35 minutes<\/h2>\n<h3><span style=\"color: #00707f;\">Compagnie Les soleils pi\u00e9tons<br \/><\/span><\/h3>\n<p>Ade\u0300le est si timide qu\u2019elle se sent incapable d\u2019affronter le monde sans se dissimuler. Alors quand elle sort de chez elle, elle met la te\u0302te dans son sac a\u0300 main. Entre son travail a\u0300 l&rsquo;usine et ses amis, Ade\u0300le s&rsquo;est construit un quotidien a\u0300 l&rsquo;abri du monde re\u0301el fait de sons et d&rsquo;imagination. Mais, un jour, Ade\u0300le doit affronter le silence&#8230;<br \/>Une aventure tendre et fantasque sur l&rsquo;acceptation de soi comme clef d&rsquo;ouverture au monde. Adapt\u00e9 de l\u2019album \u00e9ponyme de Marjorie Pourchet.<\/p>\n<p><em>\u00ab C&rsquo; est d&rsquo;abord et bien sur l&rsquo;histoire d&rsquo;Ad\u00e8le qui nous a beaucoup touch\u00e9es. Comment ne pas s\u2019identifier \u00e0 cette jeune femme fantasque et r\u00e9serv\u00e9e qui pr\u00e9f\u00e8re r\u00eaver le monde plut\u00f4t que de le vivre? Une fuite \u00e9motionnelle dr\u00f4le, et tragique &#8211; \u00e0 l&rsquo;image de la vie &#8211; dont l&rsquo;issue sera malgr\u00e9 tout heureuse. Ad\u00e8le d\u00e9passe ses peurs et ses pr\u00e9jug\u00e9s, et peut alors d\u00e9couvrir le monde tel qu&rsquo;il est : peupl\u00e9 de ces autres, bancales et f\u00eal\u00e9s, sublimes, ces plantes rares qui, comme elle, n&rsquo;ont besoin que d&rsquo;un peu d&rsquo;eau, de lumi\u00e8re et d&rsquo;amour pour exister.<\/em><\/p>\n<p><em>Notre envie est de mettre en mouvement le jolie livre de Marjorie Pourchet et de faire traverser au public le cheminement d&rsquo;Ad\u00e8le, qu&rsquo;il rit de ses excentricit\u00e9s, qu&rsquo;il pleure aussi un peu de sa solitude, et peut-\u00eatre qu\u2019enfin, comme Ad\u00e8le, il ressorte du spectacle avec une certitude : les autres c&rsquo;est tout un monde (et qu&rsquo;elle joie de l&rsquo;explorer !) \u00bb <\/em><\/p>\n<p style=\"text-align: right;\"><a href=\"https:\/\/www.lessoleilspietons.com\/la-tete-dans-le-sac\" target=\"_blank\" rel=\"noopener\">Compagnie les soleils pi\u00e9tons<\/a><a href=\"#top\" target=\"_blank\" rel=\"noopener\"><\/a><\/p>\n<p style=\"text-align: left;\"><strong>La t\u00eate dans le sac<\/strong><br \/>Adapt\u00e9 de l\u2019album \u00e9ponyme de Marjorie Pourchet<br \/>Texte : <strong>Marjorie Pourchet<\/strong><br \/>Mise en sc\u00e8ne : <strong>Sophie Laporte et Rosa Paris<\/strong><br \/>Sc\u00e9nographie, construction des marionnettes, jeu : <strong>Sophie Laporte<\/strong><br \/>Musique originale : <strong>J\u00e9r\u00f4me Antonuccio<\/strong><\/p>\n<p style=\"text-align: left;\">[\/et_pb_text][\/et_pb_column_inner][\/et_pb_row_inner][et_pb_row_inner column_structure=\u00a0\u00bb1_2,1_2&Prime; _builder_version=\u00a0\u00bb4.12.1&Prime; _module_preset=\u00a0\u00bbdefault\u00a0\u00bb custom_padding=\u00a0\u00bb0px|10%|0px||true|false\u00a0\u00bb global_colors_info=\u00a0\u00bb{}\u00a0\u00bb][et_pb_column_inner type=\u00a0\u00bb1_2&Prime; saved_specialty_column_type=\u00a0\u00bb2_3&Prime; _builder_version=\u00a0\u00bb4.12.1&Prime; _module_preset=\u00a0\u00bbdefault\u00a0\u00bb global_colors_info=\u00a0\u00bb{}\u00a0\u00bb][et_pb_text _builder_version=\u00a0\u00bb4.12.1&Prime; _module_preset=\u00a0\u00bbdefault\u00a0\u00bb text_font_size=\u00a0\u00bb20px\u00a0\u00bb header_4_font=\u00a0\u00bbRoboto Condensed|700|||||||\u00a0\u00bb header_4_text_align=\u00a0\u00bbleft\u00a0\u00bb header_4_text_color=\u00a0\u00bb#000000&Prime; background_color=\u00a0\u00bbrgba(251,187,33,0.69)\u00a0\u00bb text_orientation=\u00a0\u00bbcenter\u00a0\u00bb custom_padding=\u00a0\u00bb3%|5%|3%|5%|true|true\u00a0\u00bb border_radii=\u00a0\u00bbon|10px|10px|10px|10px\u00a0\u00bb global_colors_info=\u00a0\u00bb{}\u00a0\u00bb]<\/p>\n<h4 style=\"margin-bottom: 0cm;\">Dimanche 15 d\u00e9cembre 2024<\/h4>\n<h4 style=\"margin-bottom: 0cm;\">\u00e0 17H<\/h4>\n<h4 style=\"margin-bottom: 0cm;\">Villefranche-de-Conflent<\/h4>\n<p style=\"margin-bottom: 0cm;\">[\/et_pb_text][\/et_pb_column_inner][et_pb_column_inner type=\u00a0\u00bb1_2&Prime; saved_specialty_column_type=\u00a0\u00bb2_3&Prime; _builder_version=\u00a0\u00bb4.12.1&Prime; _module_preset=\u00a0\u00bbdefault\u00a0\u00bb global_colors_info=\u00a0\u00bb{}\u00a0\u00bb][et_pb_text _builder_version=\u00a0\u00bb4.12.1&Prime; _module_preset=\u00a0\u00bbdefault\u00a0\u00bb header_5_font=\u00a0\u00bbRoboto Condensed||||||||\u00a0\u00bb header_5_text_align=\u00a0\u00bbleft\u00a0\u00bb header_5_text_color=\u00a0\u00bb#000000&Prime; header_5_font_size=\u00a0\u00bb18px\u00a0\u00bb background_color=\u00a0\u00bbrgba(251,187,33,0.69)\u00a0\u00bb text_orientation=\u00a0\u00bbcenter\u00a0\u00bb custom_padding=\u00a0\u00bb3%|5%|3%|5%|true|true\u00a0\u00bb border_radii=\u00a0\u00bbon|10px|10px|10px|10px\u00a0\u00bb global_colors_info=\u00a0\u00bb{}\u00a0\u00bb]<\/p>\n<h5>Salle des f\u00eates, 21 rue Saint-Jean<\/h5>\n<h5>PAF \u00e0 partir de 5\u20ac<\/h5>\n<h5>entr\u00e9e libre sur pr\u00e9sentation de invitation de <em>Cultures du c\u0153ur<\/em><\/h5>\n<p>[\/et_pb_text][\/et_pb_column_inner][\/et_pb_row_inner][\/et_pb_column][\/et_pb_section][et_pb_section fb_built=\u00a0\u00bb1&Prime; specialty=\u00a0\u00bbon\u00a0\u00bb padding_top_bottom_link_1=\u00a0\u00bbfalse\u00a0\u00bb padding_left_right_link_1=\u00a0\u00bbtrue\u00a0\u00bb _builder_version=\u00a0\u00bb4.12.1&Prime; _module_preset=\u00a0\u00bbdefault\u00a0\u00bb background_color=\u00a0\u00bb#f6f6f2&Prime; custom_margin=\u00a0\u00bb||||true|false\u00a0\u00bb custom_padding=\u00a0\u00bb2.4%||2.4%||true|false\u00a0\u00bb border_width_bottom=\u00a0\u00bb2px\u00a0\u00bb border_color_bottom=\u00a0\u00bb#666666&Prime; border_style_bottom=\u00a0\u00bbdotted\u00a0\u00bb global_colors_info=\u00a0\u00bb{}\u00a0\u00bb][et_pb_column type=\u00a0\u00bb1_3&Prime; _builder_version=\u00a0\u00bb3.25&Prime; custom_padding=\u00a0\u00bb|||\u00a0\u00bb global_colors_info=\u00a0\u00bb{}\u00a0\u00bb custom_padding__hover=\u00a0\u00bb|||\u00a0\u00bb][et_pb_image src=\u00a0\u00bbhttps:\/\/collectiflacle.org\/wp-content\/uploads\/2024\/11\/moitie-mitag.jpg\u00a0\u00bb alt=\u00a0\u00bbimage du spectacle\u00a0\u00bb title_text=\u00a0\u00bbmoitie-mitat\u00a0\u00bb url_new_window=\u00a0\u00bbon\u00a0\u00bb force_fullwidth=\u00a0\u00bbon\u00a0\u00bb _builder_version=\u00a0\u00bb4.12.1&Prime; _module_preset=\u00a0\u00bbdefault\u00a0\u00bb min_height=\u00a0\u00bb100%\u00a0\u00bb global_colors_info=\u00a0\u00bb{}\u00a0\u00bb][\/et_pb_image][et_pb_button button_url=\u00a0\u00bbhttps:\/\/youtu.be\/doyLXKhE1GA?si=Lds8ClfcYXHu7Jfv\u00a0\u00bb url_new_window=\u00a0\u00bbon\u00a0\u00bb button_text=\u00a0\u00bbvoir le teaser du spectacle\u00a0\u00bb _builder_version=\u00a0\u00bb4.12.1&Prime; _module_preset=\u00a0\u00bbdefault\u00a0\u00bb custom_button=\u00a0\u00bbon\u00a0\u00bb button_bg_color=\u00a0\u00bbrgba(36,171,215,0.86)\u00a0\u00bb button_border_width=\u00a0\u00bb0px\u00a0\u00bb button_border_radius=\u00a0\u00bb10px\u00a0\u00bb button_use_icon=\u00a0\u00bboff\u00a0\u00bb global_colors_info=\u00a0\u00bb{}\u00a0\u00bb button_bg_color__hover_enabled=\u00a0\u00bbon|hover\u00a0\u00bb button_bg_color__hover=\u00a0\u00bb#fbbb21&Prime; button_bg_enable_color__hover=\u00a0\u00bbon\u00a0\u00bb][\/et_pb_button][et_pb_gallery gallery_ids=\u00a0\u00bb865,866,867&Prime; posts_number=\u00a0\u00bb1&Prime; show_title_and_caption=\u00a0\u00bboff\u00a0\u00bb show_pagination=\u00a0\u00bboff\u00a0\u00bb _builder_version=\u00a0\u00bb4.12.1&Prime; _module_preset=\u00a0\u00bbdefault\u00a0\u00bb global_colors_info=\u00a0\u00bb{}\u00a0\u00bb][\/et_pb_gallery][\/et_pb_column][et_pb_column type=\u00a0\u00bb2_3&Prime; specialty_columns=\u00a0\u00bb2&Prime; _builder_version=\u00a0\u00bb3.25&Prime; custom_padding=\u00a0\u00bb|||\u00a0\u00bb global_colors_info=\u00a0\u00bb{}\u00a0\u00bb custom_padding__hover=\u00a0\u00bb|||\u00a0\u00bb][et_pb_row_inner _builder_version=\u00a0\u00bb4.12.1&Prime; _module_preset=\u00a0\u00bbdefault\u00a0\u00bb global_colors_info=\u00a0\u00bb{}\u00a0\u00bb][et_pb_column_inner saved_specialty_column_type=\u00a0\u00bb2_3&Prime; _builder_version=\u00a0\u00bb4.12.1&Prime; _module_preset=\u00a0\u00bbdefault\u00a0\u00bb global_colors_info=\u00a0\u00bb{}\u00a0\u00bb][et_pb_text _builder_version=\u00a0\u00bb4.12.1&Prime; _module_preset=\u00a0\u00bbdefault\u00a0\u00bb text_font=\u00a0\u00bb||||||||\u00a0\u00bb link_font=\u00a0\u00bb||||on|||#515151|solid\u00a0\u00bb link_text_color=\u00a0\u00bb#515151&Prime; header_font=\u00a0\u00bbRoboto Slab||||||||\u00a0\u00bb header_text_color=\u00a0\u00bb#00707f\u00a0\u00bb header_font_size=\u00a0\u00bb32px\u00a0\u00bb header_2_font=\u00a0\u00bbSource Code Pro|700|||||||\u00a0\u00bb header_2_text_color=\u00a0\u00bb#000000&Prime; header_2_font_size=\u00a0\u00bb16px\u00a0\u00bb header_3_font=\u00a0\u00bbSource Sans Pro|700|||||||\u00a0\u00bb header_3_text_color=\u00a0\u00bb#00707f\u00a0\u00bb header_4_font=\u00a0\u00bbRoboto Condensed|700|||||||\u00a0\u00bb header_4_text_color=\u00a0\u00bb#000000&Prime; header_5_font=\u00a0\u00bbRoboto Condensed||||||||\u00a0\u00bb header_5_text_color=\u00a0\u00bb#000000&Prime; header_6_font=\u00a0\u00bbSource Sans Pro||||||||\u00a0\u00bb custom_margin=\u00a0\u00bb0px||2px||false|false\u00a0\u00bb custom_padding=\u00a0\u00bb||2px|||\u00a0\u00bb global_colors_info=\u00a0\u00bb{}\u00a0\u00bb link_text_color__hover_enabled=\u00a0\u00bbon|hover\u00a0\u00bb link_text_color__hover=\u00a0\u00bb#0C71C3&Prime;]<\/p>\n<h1><span style=\"color: #00707f;\">Histoires sans queue ni t\u00eate et de la mirgueta qui danse dans mes fourchettes<\/span><\/h1>\n<h2>Spectacle jeune public bilingue Fran\u00e7ais-Occitan &#8211; conte,\u00a0 musique &amp; chant &#8211; 25 min<\/h2>\n<h3><span style=\"color: #00707f;\">Compagnie Moiti\u00e9 Mitat <\/span><\/h3>\n<p>Un m\u00e9lange de conte, de musique, de chant et de percussion d\u2019objets du quotidien.<\/p>\n<p><em>\u00ab Histoires chant\u00e9es, chansons cont\u00e9es, onomatop\u00e9es cadenc\u00e9s, po\u00e9sies slam\u00e9es, trictrac&#8230;. tractric&#8230; la paraula navega a son enveja, rebombela, tesca los fials dal permera lengatge, la joie des mots qui ricochent, raconteurs de bobards, inventeurs d\u2019histoires ! \u00bb<\/em><\/p>\n<p>Le fil c\u2019est cette musique entre la casserole et la corde du violon ou le soufflet de l\u2019accord\u00e9on, entre la roue de v\u00e9lo et la voix de la chanteuse, entre les langues fran\u00e7aise et occitane. La musique est partout, tout le temps, \u00e7a ne s\u2019arr\u00eate jamais, finalement. C\u2019est un retour \u00e0 la veill\u00e9e o\u00f9 tous les bruits alentours font partie intrins\u00e8que de l\u2019histoire. La souris qui gratte ou le talon qui claque, lo bruch, le bruit r\u00e9sonne et une histoire d\u00e9marre.<\/p>\n<p style=\"text-align: left;\">\u00c9crit par Lis\u00e0 Langlois Garrigue et Jean Baptiste Desmales.<br \/>Avec Lis\u00e0 Langlois Garrigue et Estelle Andrieu<br \/>Images et son : Marjorie Calle et Jules Ribis<br \/>Produit par : Tradethik Productions<\/p>\n<p style=\"text-align: left;\">[\/et_pb_text][\/et_pb_column_inner][\/et_pb_row_inner][et_pb_row_inner column_structure=\u00a0\u00bb1_2,1_2&Prime; _builder_version=\u00a0\u00bb4.12.1&Prime; _module_preset=\u00a0\u00bbdefault\u00a0\u00bb custom_padding=\u00a0\u00bb0px|10%|0px||true|false\u00a0\u00bb global_colors_info=\u00a0\u00bb{}\u00a0\u00bb][et_pb_column_inner type=\u00a0\u00bb1_2&Prime; saved_specialty_column_type=\u00a0\u00bb2_3&Prime; _builder_version=\u00a0\u00bb4.12.1&Prime; _module_preset=\u00a0\u00bbdefault\u00a0\u00bb global_colors_info=\u00a0\u00bb{}\u00a0\u00bb][et_pb_text _builder_version=\u00a0\u00bb4.12.1&Prime; _module_preset=\u00a0\u00bbdefault\u00a0\u00bb text_font_size=\u00a0\u00bb20px\u00a0\u00bb header_4_font=\u00a0\u00bbRoboto Condensed|700|||||||\u00a0\u00bb header_4_text_align=\u00a0\u00bbleft\u00a0\u00bb header_4_text_color=\u00a0\u00bb#000000&Prime; background_color=\u00a0\u00bbrgba(251,187,33,0.69)\u00a0\u00bb text_orientation=\u00a0\u00bbcenter\u00a0\u00bb custom_padding=\u00a0\u00bb3%|5%|3%|5%|true|true\u00a0\u00bb border_radii=\u00a0\u00bbon|10px|10px|10px|10px\u00a0\u00bb global_colors_info=\u00a0\u00bb{}\u00a0\u00bb]<\/p>\n<h4>Jeudi 28\/ 11 \u00e0 Ria Sirach<\/h4>\n<h4>Jeudi 28\/ 11 \u00e0 Los Masos<\/h4>\n<h4>Vendredi 29\/11 \u00e0 Fuilla<\/h4>\n<h4>Vendredi 29\/11 \u00e0 Mosset<\/h4>\n<p>[\/et_pb_text][\/et_pb_column_inner][et_pb_column_inner type=\u00a0\u00bb1_2&Prime; saved_specialty_column_type=\u00a0\u00bb2_3&Prime; _builder_version=\u00a0\u00bb4.12.1&Prime; _module_preset=\u00a0\u00bbdefault\u00a0\u00bb global_colors_info=\u00a0\u00bb{}\u00a0\u00bb][et_pb_text _builder_version=\u00a0\u00bb4.12.1&Prime; _module_preset=\u00a0\u00bbdefault\u00a0\u00bb header_5_font=\u00a0\u00bbRoboto Condensed||||||||\u00a0\u00bb header_5_text_align=\u00a0\u00bbleft\u00a0\u00bb header_5_text_color=\u00a0\u00bb#000000&Prime; header_5_font_size=\u00a0\u00bb18px\u00a0\u00bb header_5_line_height=\u00a0\u00bb1.3em\u00a0\u00bb background_color=\u00a0\u00bbrgba(251,187,33,0.69)\u00a0\u00bb text_orientation=\u00a0\u00bbcenter\u00a0\u00bb custom_padding=\u00a0\u00bb3%|5%|3%|5%|true|true\u00a0\u00bb border_radii=\u00a0\u00bbon|10px|10px|10px|10px\u00a0\u00bb global_colors_info=\u00a0\u00bb{}\u00a0\u00bb]<\/p>\n<h5>Repr\u00e9sentations scolaires uniquement dans le cadre du dispositif \u00ab\u00a0une \u00e9cole, un village, un spectacle\u00a0\u00bb.<\/h5>\n<p>[\/et_pb_text][\/et_pb_column_inner][\/et_pb_row_inner][\/et_pb_column][\/et_pb_section][et_pb_section fb_built=\u00a0\u00bb1&Prime; specialty=\u00a0\u00bbon\u00a0\u00bb padding_top_bottom_link_1=\u00a0\u00bbfalse\u00a0\u00bb padding_left_right_link_1=\u00a0\u00bbtrue\u00a0\u00bb _builder_version=\u00a0\u00bb4.12.1&Prime; _module_preset=\u00a0\u00bbdefault\u00a0\u00bb background_color=\u00a0\u00bb#FFFFFF\u00a0\u00bb custom_margin=\u00a0\u00bb-3px||-3px||true|false\u00a0\u00bb custom_padding=\u00a0\u00bb2%||5%||false|false\u00a0\u00bb border_width_bottom=\u00a0\u00bb2px\u00a0\u00bb border_color_bottom=\u00a0\u00bb#666666&Prime; border_style_bottom=\u00a0\u00bbdotted\u00a0\u00bb global_colors_info=\u00a0\u00bb{}\u00a0\u00bb][et_pb_column type=\u00a0\u00bb1_3&Prime; _builder_version=\u00a0\u00bb3.25&Prime; custom_padding=\u00a0\u00bb|||\u00a0\u00bb global_colors_info=\u00a0\u00bb{}\u00a0\u00bb custom_padding__hover=\u00a0\u00bb|||\u00a0\u00bb][et_pb_image src=\u00a0\u00bbhttps:\/\/collectiflacle.org\/wp-content\/uploads\/2024\/09\/Affiche-Sakatu-6oct24.jpg\u00a0\u00bb alt=\u00a0\u00bbAffiche spectacle Sakatu\u00a0\u00bb title_text=\u00a0\u00bbAffiche-Sakatu-6oct24&Prime; url_new_window=\u00a0\u00bbon\u00a0\u00bb force_fullwidth=\u00a0\u00bbon\u00a0\u00bb _builder_version=\u00a0\u00bb4.12.1&Prime; _module_preset=\u00a0\u00bbdefault\u00a0\u00bb min_height=\u00a0\u00bb100%\u00a0\u00bb global_colors_info=\u00a0\u00bb{}\u00a0\u00bb][\/et_pb_image][et_pb_button button_url=\u00a0\u00bbhttps:\/\/youtu.be\/TojgBYUlpOI\u00a0\u00bb url_new_window=\u00a0\u00bbon\u00a0\u00bb button_text=\u00a0\u00bbVoir le teaser du spectacle\u00a0\u00bb button_alignment=\u00a0\u00bbcenter\u00a0\u00bb _builder_version=\u00a0\u00bb4.12.1&Prime; _module_preset=\u00a0\u00bbdefault\u00a0\u00bb custom_button=\u00a0\u00bbon\u00a0\u00bb button_bg_color=\u00a0\u00bbrgba(36,171,215,0.86)\u00a0\u00bb button_border_width=\u00a0\u00bb0px\u00a0\u00bb global_colors_info=\u00a0\u00bb{}\u00a0\u00bb button_bg_color__hover_enabled=\u00a0\u00bbon|hover\u00a0\u00bb button_bg_color__hover=\u00a0\u00bb#fbbb21&Prime; button_bg_enable_color__hover=\u00a0\u00bbon\u00a0\u00bb][\/et_pb_button][et_pb_gallery gallery_ids=\u00a0\u00bb833,832,831,830&Prime; fullwidth=\u00a0\u00bbon\u00a0\u00bb _builder_version=\u00a0\u00bb4.12.1&Prime; _module_preset=\u00a0\u00bbdefault\u00a0\u00bb global_colors_info=\u00a0\u00bb{}\u00a0\u00bb][\/et_pb_gallery][\/et_pb_column][et_pb_column type=\u00a0\u00bb2_3&Prime; specialty_columns=\u00a0\u00bb2&Prime; _builder_version=\u00a0\u00bb3.25&Prime; custom_padding=\u00a0\u00bb|||\u00a0\u00bb global_colors_info=\u00a0\u00bb{}\u00a0\u00bb custom_padding__hover=\u00a0\u00bb|||\u00a0\u00bb][et_pb_row_inner _builder_version=\u00a0\u00bb4.12.1&Prime; _module_preset=\u00a0\u00bbdefault\u00a0\u00bb custom_padding=\u00a0\u00bb20px|||||\u00a0\u00bb global_colors_info=\u00a0\u00bb{}\u00a0\u00bb][et_pb_column_inner saved_specialty_column_type=\u00a0\u00bb2_3&Prime; _builder_version=\u00a0\u00bb4.12.1&Prime; _module_preset=\u00a0\u00bbdefault\u00a0\u00bb global_colors_info=\u00a0\u00bb{}\u00a0\u00bb][et_pb_text _builder_version=\u00a0\u00bb4.12.1&Prime; _module_preset=\u00a0\u00bbdefault\u00a0\u00bb link_font=\u00a0\u00bbSource Sans Pro|700|||on|||#474747|\u00a0\u00bb link_text_color=\u00a0\u00bb#474747&Prime; header_font=\u00a0\u00bbRoboto Slab||||||||\u00a0\u00bb header_text_color=\u00a0\u00bb#00707f\u00a0\u00bb header_font_size=\u00a0\u00bb32px\u00a0\u00bb header_2_font=\u00a0\u00bbSource Code Pro|700|||||||\u00a0\u00bb header_2_text_color=\u00a0\u00bb#000000&Prime; header_2_font_size=\u00a0\u00bb16px\u00a0\u00bb header_2_line_height=\u00a0\u00bb1.2em\u00a0\u00bb header_3_font=\u00a0\u00bbSource Sans Pro|700|||||||\u00a0\u00bb header_3_text_color=\u00a0\u00bb#00707f\u00a0\u00bb header_3_font_size=\u00a0\u00bb18px\u00a0\u00bb header_4_font=\u00a0\u00bbRoboto Condensed|700|||||||\u00a0\u00bb header_4_text_color=\u00a0\u00bb#000000&Prime; header_4_line_height=\u00a0\u00bb0.9em\u00a0\u00bb header_5_font=\u00a0\u00bbRoboto Condensed||||||||\u00a0\u00bb header_5_text_color=\u00a0\u00bb#000000&Prime; header_5_font_size=\u00a0\u00bb18px\u00a0\u00bb header_5_line_height=\u00a0\u00bb0.9em\u00a0\u00bb header_6_font=\u00a0\u00bbSource Sans Pro||||||||\u00a0\u00bb header_6_text_color=\u00a0\u00bb#000000&Prime; header_6_line_height=\u00a0\u00bb1.2em\u00a0\u00bb custom_margin=\u00a0\u00bb2%||12px||false|false\u00a0\u00bb global_colors_info=\u00a0\u00bb{}\u00a0\u00bb link_text_color__hover_enabled=\u00a0\u00bbon|desktop\u00a0\u00bb link_text_color__hover=\u00a0\u00bb#E09900&Prime;]<\/p>\n<h1>Sakatu<br \/><span style=\"color: #00707f;\"><\/span><\/h1>\n<h2>Cirque, the\u0301a\u0302tre gestuel &#8211; \u00e0 partir de 5 ans &#8211; Spectacle Bilingue Fran\u00e7ais\/ Langue des signes fran\u00e7aise &#8211; 50 min<\/h2>\n<h3><span style=\"color: #00707f;\">Compagnie du Bastringue<br \/><\/span><\/h3>\n<p>Des sacs de papiers<br \/>Des miettes cracott\u00e9es<br \/>Un bubulle qui boit du th\u00e9<br \/>Un avis de bisous\u2026<br \/>Sous un arbre \u00e0 maisons, ou des lumi\u00e8res fac\u00e9tieuses, deux personnages fantasques, en prise avec leurs humeurs, se, frottent \u00e0 leurs discordances, composent et d\u00e9composent ce petit monde \u00e0 partager. \u00c7a couine, \u00e7a froisse, \u00e7a f\u00eate. Les corps chantent, les pieds s\u2019accrochent, les t\u00eates s\u2019affolent.<\/p>\n<p>Au fil d\u2019une po\u00e9sie de mots, de gestes et de papier, Sakatu interroge la complexit\u00e9 de se comprendre, de faire avec nos diff\u00e9rences, de vivre ensemble avec nos singularit\u00e9s.<\/p>\n<p><span style=\"color: #008080;\"><strong>\u00c0 15h, un go\u00fbter signes<\/strong><\/span> introduit la repr\u00e9sentation du spectacle : venez d\u00e9guster des cr\u00eapes et un jus local, rencontrer et \u00e9changer sur la culture Sourde en pr\u00e9sence de <strong>l\u2019association <a href=\"https:\/\/lsfperpignan.com\/\"><em>\u00c9coute-moi signer<\/em><\/a><\/strong><a href=\"https:\/\/lsfperpignan.com\/\"><\/a><a href=\"https:\/\/lsfperpignan.com\/\"> <\/a>et de la <strong>librairie <a href=\"https:\/\/www.librairielalibambulle.fr\/\">La Libambulle.<\/a><\/strong><em><br \/><\/em><\/p>\n<p><a href=\"https:\/\/labassecour.com\/project\/sakatu\/\" target=\"_blank\" rel=\"noopener\" title=\"Sakatu\"><strong>Sakatu<\/strong><\/a><br \/>De et avec : C\u00e9line Chomel Vidal et Magali Bilbao<br \/>Accompagnement et mise en sc\u00e8ne : Patricia Marinier<br \/>Cr\u00e9ation musicale : Benjamin Nogaret<br \/>Cr\u00e9ation lumi\u00e8re : Laetitia Orsini<br \/>Production : Collectif La Basse Cour<\/p>\n<p>&nbsp;<\/p>\n<h6>Ce spectacle est propos\u00e9 avec la librairie La Libambulle dans le cadre de la premi\u00e8re \u00e9dition de la <a href=\"https:\/\/www.librairiesoccitanie-alido.com\/la-quinzaine\">Quinzaine d&rsquo;ALIDO<\/a> (Association des libraires ind\u00e9pendant.e.s d&rsquo;Occitanie)\u00a0 sur le th\u00e8me de la main.<\/h6>\n<p>[\/et_pb_text][\/et_pb_column_inner][\/et_pb_row_inner][et_pb_row_inner column_structure=\u00a0\u00bb1_2,1_2&Prime; _builder_version=\u00a0\u00bb4.12.1&Prime; _module_preset=\u00a0\u00bbdefault\u00a0\u00bb custom_padding=\u00a0\u00bb0px|0%|0px||true|false\u00a0\u00bb global_colors_info=\u00a0\u00bb{}\u00a0\u00bb][et_pb_column_inner type=\u00a0\u00bb1_2&Prime; saved_specialty_column_type=\u00a0\u00bb2_3&Prime; _builder_version=\u00a0\u00bb4.12.1&Prime; _module_preset=\u00a0\u00bbdefault\u00a0\u00bb global_colors_info=\u00a0\u00bb{}\u00a0\u00bb][et_pb_text _builder_version=\u00a0\u00bb4.12.1&Prime; _module_preset=\u00a0\u00bbdefault\u00a0\u00bb text_font_size=\u00a0\u00bb20px\u00a0\u00bb header_4_font=\u00a0\u00bbRoboto Condensed|700|||||||\u00a0\u00bb header_4_text_align=\u00a0\u00bbleft\u00a0\u00bb header_4_text_color=\u00a0\u00bb#000000&Prime; header_4_line_height=\u00a0\u00bb1.1em\u00a0\u00bb header_5_font=\u00a0\u00bbRoboto Condensed||||||||\u00a0\u00bb header_5_text_align=\u00a0\u00bbleft\u00a0\u00bb header_5_text_color=\u00a0\u00bb#000000&Prime; header_5_line_height=\u00a0\u00bb1.1em\u00a0\u00bb background_color=\u00a0\u00bbrgba(251,187,33,0.69)\u00a0\u00bb text_orientation=\u00a0\u00bbcenter\u00a0\u00bb custom_padding=\u00a0\u00bb3%|5%|3%|5%|true|true\u00a0\u00bb border_radii=\u00a0\u00bbon|10px|10px|10px|10px\u00a0\u00bb global_colors_info=\u00a0\u00bb{}\u00a0\u00bb]<\/p>\n<h4 style=\"margin-bottom: 0cm;\">Dimanche 6 octobre 2024<\/h4>\n<h4 style=\"margin-bottom: 0cm;\">15h Go\u00fbter signe<\/h4>\n<h4>17h Sakatu<\/h4>\n<h4 style=\"margin-bottom: 0cm;\">Villefranche-de-Conflent<\/h4>\n<p>[\/et_pb_text][\/et_pb_column_inner][et_pb_column_inner type=\u00a0\u00bb1_2&Prime; saved_specialty_column_type=\u00a0\u00bb2_3&Prime; _builder_version=\u00a0\u00bb4.12.1&Prime; _module_preset=\u00a0\u00bbdefault\u00a0\u00bb global_colors_info=\u00a0\u00bb{}\u00a0\u00bb][et_pb_text _builder_version=\u00a0\u00bb4.12.1&Prime; _module_preset=\u00a0\u00bbdefault\u00a0\u00bb text_font_size=\u00a0\u00bb20px\u00a0\u00bb header_4_font=\u00a0\u00bbRoboto Condensed|700|||||||\u00a0\u00bb header_4_text_align=\u00a0\u00bbleft\u00a0\u00bb header_4_text_color=\u00a0\u00bb#000000&Prime; header_4_line_height=\u00a0\u00bb1.1em\u00a0\u00bb header_5_font=\u00a0\u00bbRoboto Condensed||||||||\u00a0\u00bb header_5_text_align=\u00a0\u00bbleft\u00a0\u00bb header_5_text_color=\u00a0\u00bb#000000&Prime; header_5_line_height=\u00a0\u00bb1.1em\u00a0\u00bb background_color=\u00a0\u00bbrgba(251,187,33,0.69)\u00a0\u00bb text_orientation=\u00a0\u00bbcenter\u00a0\u00bb custom_padding=\u00a0\u00bb3%|5%|3%|5%|true|true\u00a0\u00bb border_radii=\u00a0\u00bbon|10px|10px|10px|10px\u00a0\u00bb global_colors_info=\u00a0\u00bb{}\u00a0\u00bb]<\/p>\n<h5 style=\"margin-bottom: 0cm;\">Salle des f\u00eates<\/h5>\n<h5>PAF libre \u00e0 partir de 5\u20ac<\/h5>\n<h5>En pr\u00e9sence de l&rsquo;association \u00c9coute-moi signer<\/h5>\n<h5>Stand de livres librairie La Libambulle<\/h5>\n<p>[\/et_pb_text][\/et_pb_column_inner][\/et_pb_row_inner][\/et_pb_column][\/et_pb_section][et_pb_section fb_built=\u00a0\u00bb1&Prime; specialty=\u00a0\u00bbon\u00a0\u00bb padding_top_bottom_link_1=\u00a0\u00bbfalse\u00a0\u00bb padding_left_right_link_1=\u00a0\u00bbtrue\u00a0\u00bb _builder_version=\u00a0\u00bb4.12.1&Prime; _module_preset=\u00a0\u00bbdefault\u00a0\u00bb background_color=\u00a0\u00bb#f6f6f2&Prime; custom_margin=\u00a0\u00bb-3px||-3px||true|false\u00a0\u00bb custom_padding=\u00a0\u00bb2%||5%||false|false\u00a0\u00bb border_width_bottom=\u00a0\u00bb2px\u00a0\u00bb border_color_bottom=\u00a0\u00bb#666666&Prime; border_style_bottom=\u00a0\u00bbdotted\u00a0\u00bb global_colors_info=\u00a0\u00bb{}\u00a0\u00bb][et_pb_column type=\u00a0\u00bb1_3&Prime; _builder_version=\u00a0\u00bb3.25&Prime; custom_padding=\u00a0\u00bb|||\u00a0\u00bb global_colors_info=\u00a0\u00bb{}\u00a0\u00bb custom_padding__hover=\u00a0\u00bb|||\u00a0\u00bb][et_pb_image src=\u00a0\u00bbhttps:\/\/collectiflacle.org\/wp-content\/uploads\/2024\/09\/Affiche-ATM-completx2.jpg\u00a0\u00bb alt=\u00a0\u00bbAffiche A table Marcello Complet\u00a0\u00bb title_text=\u00a0\u00bbAffiche-ATM-completx2&Prime; url_new_window=\u00a0\u00bbon\u00a0\u00bb force_fullwidth=\u00a0\u00bbon\u00a0\u00bb _builder_version=\u00a0\u00bb4.12.1&Prime; _module_preset=\u00a0\u00bbdefault\u00a0\u00bb min_height=\u00a0\u00bb100%\u00a0\u00bb global_colors_info=\u00a0\u00bb{}\u00a0\u00bb][\/et_pb_image][et_pb_button button_url=\u00a0\u00bbhttps:\/\/collectiflacle.org\/wp-content\/uploads\/2024\/08\/Video-ATM-.mp4&Prime; url_new_window=\u00a0\u00bbon\u00a0\u00bb button_text=\u00a0\u00bbVoir le teaser du spectacle\u00a0\u00bb button_alignment=\u00a0\u00bbcenter\u00a0\u00bb _builder_version=\u00a0\u00bb4.12.1&Prime; _module_preset=\u00a0\u00bbdefault\u00a0\u00bb custom_button=\u00a0\u00bbon\u00a0\u00bb button_bg_color=\u00a0\u00bbrgba(36,171,215,0.86)\u00a0\u00bb button_border_width=\u00a0\u00bb0px\u00a0\u00bb global_colors_info=\u00a0\u00bb{}\u00a0\u00bb button_bg_color__hover_enabled=\u00a0\u00bbon|hover\u00a0\u00bb button_bg_color__hover=\u00a0\u00bb#fbbb21&Prime; button_bg_enable_color__hover=\u00a0\u00bbon\u00a0\u00bb][\/et_pb_button][et_pb_image src=\u00a0\u00bbhttps:\/\/collectiflacle.org\/wp-content\/uploads\/2024\/08\/A-table-marcello-exterieur-village.jpg\u00a0\u00bb alt=\u00a0\u00bbA table Marcello, Cie La LIe\u00a0\u00bb title_text=\u00a0\u00bbA table Marcello\u00a0\u00bb _builder_version=\u00a0\u00bb4.12.1&Prime; _module_preset=\u00a0\u00bbdefault\u00a0\u00bb global_colors_info=\u00a0\u00bb{}\u00a0\u00bb][\/et_pb_image][\/et_pb_column][et_pb_column type=\u00a0\u00bb2_3&Prime; specialty_columns=\u00a0\u00bb2&Prime; _builder_version=\u00a0\u00bb3.25&Prime; custom_padding=\u00a0\u00bb|||\u00a0\u00bb global_colors_info=\u00a0\u00bb{}\u00a0\u00bb custom_padding__hover=\u00a0\u00bb|||\u00a0\u00bb][et_pb_row_inner _builder_version=\u00a0\u00bb4.12.1&Prime; _module_preset=\u00a0\u00bbdefault\u00a0\u00bb custom_padding=\u00a0\u00bb20px|||||\u00a0\u00bb global_colors_info=\u00a0\u00bb{}\u00a0\u00bb][et_pb_column_inner saved_specialty_column_type=\u00a0\u00bb2_3&Prime; _builder_version=\u00a0\u00bb4.12.1&Prime; _module_preset=\u00a0\u00bbdefault\u00a0\u00bb global_colors_info=\u00a0\u00bb{}\u00a0\u00bb][et_pb_text _builder_version=\u00a0\u00bb4.12.1&Prime; _module_preset=\u00a0\u00bbdefault\u00a0\u00bb link_font=\u00a0\u00bbSource Sans Pro|700|on||||||\u00a0\u00bb link_text_color=\u00a0\u00bb#24abd7&Prime; header_font=\u00a0\u00bbRoboto Slab||||||||\u00a0\u00bb header_text_color=\u00a0\u00bb#00707f\u00a0\u00bb header_font_size=\u00a0\u00bb32px\u00a0\u00bb header_2_font=\u00a0\u00bbSource Code Pro|700|||||||\u00a0\u00bb header_2_text_color=\u00a0\u00bb#000000&Prime; header_2_font_size=\u00a0\u00bb16px\u00a0\u00bb header_2_line_height=\u00a0\u00bb1.2em\u00a0\u00bb header_3_font=\u00a0\u00bbSource Sans Pro|700|||||||\u00a0\u00bb header_3_text_color=\u00a0\u00bb#00707f\u00a0\u00bb header_3_font_size=\u00a0\u00bb18px\u00a0\u00bb header_4_font=\u00a0\u00bbRoboto Condensed|700|||||||\u00a0\u00bb header_4_text_color=\u00a0\u00bb#000000&Prime; header_4_line_height=\u00a0\u00bb0.9em\u00a0\u00bb header_5_font=\u00a0\u00bbRoboto Condensed||||||||\u00a0\u00bb header_5_text_color=\u00a0\u00bb#000000&Prime; header_5_font_size=\u00a0\u00bb18px\u00a0\u00bb header_5_line_height=\u00a0\u00bb0.9em\u00a0\u00bb header_6_font=\u00a0\u00bbSource Sans Pro||||||||\u00a0\u00bb header_6_text_color=\u00a0\u00bb#00707f\u00a0\u00bb header_6_line_height=\u00a0\u00bb1.2em\u00a0\u00bb custom_margin=\u00a0\u00bb2%||12px||false|false\u00a0\u00bb global_colors_info=\u00a0\u00bb{}\u00a0\u00bb link_text_color__hover_enabled=\u00a0\u00bbon|desktop\u00a0\u00bb link_text_color__hover=\u00a0\u00bb#E09900&Prime;]<\/p>\n<h1>\u00c0 table Marcello<br \/><span style=\"color: #00707f;\"><\/span><\/h1>\n<h2>Com\u00e9die th\u00e9\u00e2trale et vigneronne &#8211; \u00e0 partir de 16 ans &#8211; 2h avec vin et grignotages<\/h2>\n<h3><span style=\"color: #00707f;\">Compagnie La Lie<br \/><\/span><\/h3>\n<p>Une com\u00e9die sauvage (document\u00e9e), un texte (quasi) abouti, un jeu (presque) ma\u00eetris\u00e9, du vin (inclus).<br \/>\u00c0 table Marcello est un spectacle f\u00e9ministe, joyeux et irr\u00e9v\u00e9rencieux. Il est \u00e0 destination d\u2019un public attabl\u00e9, \u00e0 qui l\u2019on sert du vin.<br \/>On parle de la r\u00e9partition des t\u00e2ches m\u00e9nag\u00e8res au sein d\u2019un couple. Mais pas que.<br \/>On interroge le syst\u00e8me qui distribue des r\u00f4les pr\u00e9fabriqu\u00e9s \u00e0 chacun. Mais pas que.<br \/>On suit le destin de deux soeurs dans l\u2019\u00e9t\u00e9 1987; on organise une fausse-enqu\u00eate INSEE; on d\u00e9nonce Lactalis. Mais pas que.<br \/>Il y aura aussi des lots \u00e0 gagner, un accouchement, un cadavre dans un sac poubelle et une com\u00e9die musicale r\u00e9volutionnaire.<\/p>\n<h6><\/h6>\n<p>Texte, jeu &amp; mise en sc\u00e8ne : Ang\u00e9lique Andr\u00e9az, Olivia Kerverdo<br \/>Vin nature blanc et rouge : choix du domaine en cours<br \/>Jus de pomme artisanal et bio : Tata L\u00e9o, Prades (Pyr\u00e9n\u00e9es-Orientales)<\/p>\n<h6><\/h6>\n<h6>La repr\u00e9sentation du 20\/09\/2024 est une cor\u00e9alisation Beau bruit, le Collectif LaCl\u00e9 et la Fondation du Prieur\u00e9 de Marcevol\u00a0; elle b\u00e9n\u00e9ficie du soutien de la R\u00e9gion Occitanie au titre de l\u2019aide \u00e0 la diffusion de proximit\u00e9.<br \/>La repr\u00e9sentation du 21\/09\/2024 est une cor\u00e9alisation La Lie et le Foyer la\u00efque de Fillols.<\/h6>\n<p>&nbsp;<\/p>\n<h4 style=\"text-align: center;\"><span style=\"color: #ff00ff;\">Les 2 repr\u00e9sentations sont compl\u00e8tes !<\/span><\/h4>\n<p>[\/et_pb_text][et_pb_button button_url=\u00a0\u00bbhttps:\/\/www.helloasso.com\/associations\/collectif-la-cle\/evenements\/a-table-marcello-la-lie\u00a0\u00bb url_new_window=\u00a0\u00bbon\u00a0\u00bb button_text=\u00a0\u00bbacheter vos places\u00a0\u00bb button_alignment=\u00a0\u00bbcenter\u00a0\u00bb _builder_version=\u00a0\u00bb4.12.1&Prime; _module_preset=\u00a0\u00bbdefault\u00a0\u00bb custom_button=\u00a0\u00bbon\u00a0\u00bb button_bg_color=\u00a0\u00bbrgba(36,171,215,0.86)\u00a0\u00bb button_border_width=\u00a0\u00bb0px\u00a0\u00bb button_border_radius=\u00a0\u00bb10px\u00a0\u00bb button_use_icon=\u00a0\u00bboff\u00a0\u00bb global_colors_info=\u00a0\u00bb{}\u00a0\u00bb button_bg_color__hover_enabled=\u00a0\u00bbon|hover\u00a0\u00bb button_bg_color__hover=\u00a0\u00bb#fbbb21&Prime; button_bg_enable_color__hover=\u00a0\u00bbon\u00a0\u00bb][\/et_pb_button][\/et_pb_column_inner][\/et_pb_row_inner][et_pb_row_inner column_structure=\u00a0\u00bb1_2,1_2&Prime; _builder_version=\u00a0\u00bb4.12.1&Prime; _module_preset=\u00a0\u00bbdefault\u00a0\u00bb custom_padding=\u00a0\u00bb0px|0%|0px||true|false\u00a0\u00bb global_colors_info=\u00a0\u00bb{}\u00a0\u00bb][et_pb_column_inner type=\u00a0\u00bb1_2&Prime; saved_specialty_column_type=\u00a0\u00bb2_3&Prime; _builder_version=\u00a0\u00bb4.12.1&Prime; _module_preset=\u00a0\u00bbdefault\u00a0\u00bb global_colors_info=\u00a0\u00bb{}\u00a0\u00bb][et_pb_text _builder_version=\u00a0\u00bb4.12.1&Prime; _module_preset=\u00a0\u00bbdefault\u00a0\u00bb text_font_size=\u00a0\u00bb20px\u00a0\u00bb header_4_font=\u00a0\u00bbRoboto Condensed|700|||||||\u00a0\u00bb header_4_text_align=\u00a0\u00bbleft\u00a0\u00bb header_4_text_color=\u00a0\u00bb#000000&Prime; header_4_line_height=\u00a0\u00bb1.1em\u00a0\u00bb header_5_font=\u00a0\u00bbRoboto Condensed||||||||\u00a0\u00bb header_5_text_align=\u00a0\u00bbleft\u00a0\u00bb header_5_text_color=\u00a0\u00bb#000000&Prime; header_5_line_height=\u00a0\u00bb1.1em\u00a0\u00bb background_color=\u00a0\u00bbrgba(251,187,33,0.69)\u00a0\u00bb text_orientation=\u00a0\u00bbcenter\u00a0\u00bb custom_padding=\u00a0\u00bb3%|5%|3%|5%|true|true\u00a0\u00bb border_radii=\u00a0\u00bbon|10px|10px|10px|10px\u00a0\u00bb global_colors_info=\u00a0\u00bb{}\u00a0\u00bb]<\/p>\n<h4 style=\"margin-bottom: 0cm;\">Vendredi 20 septembre 2024<\/h4>\n<h4 style=\"margin-bottom: 0cm;\">\u00e0 19h<\/h4>\n<h4 style=\"margin-bottom: 0cm;\">Prieur\u00e9 de Marcevol (en ext\u00e9rieur)<\/h4>\n<h5>2h avec vin et grignotages<\/h5>\n<h5>15\u2009\u20ac (2 verres de vin ou jus inclus)<\/h5>\n<h5>Repas tir\u00e9 du sac &amp; partag\u00e9 \u00e0 l\u2019issue du spectacle<\/h5>\n<p>[\/et_pb_text][\/et_pb_column_inner][et_pb_column_inner type=\u00a0\u00bb1_2&Prime; saved_specialty_column_type=\u00a0\u00bb2_3&Prime; _builder_version=\u00a0\u00bb4.12.1&Prime; _module_preset=\u00a0\u00bbdefault\u00a0\u00bb global_colors_info=\u00a0\u00bb{}\u00a0\u00bb][et_pb_text _builder_version=\u00a0\u00bb4.12.1&Prime; _module_preset=\u00a0\u00bbdefault\u00a0\u00bb text_font_size=\u00a0\u00bb20px\u00a0\u00bb header_4_font=\u00a0\u00bbRoboto Condensed|700|||||||\u00a0\u00bb header_4_text_align=\u00a0\u00bbleft\u00a0\u00bb header_4_text_color=\u00a0\u00bb#000000&Prime; header_4_line_height=\u00a0\u00bb1.1em\u00a0\u00bb header_5_font=\u00a0\u00bbRoboto Condensed||||||||\u00a0\u00bb header_5_text_align=\u00a0\u00bbleft\u00a0\u00bb header_5_text_color=\u00a0\u00bb#000000&Prime; header_5_line_height=\u00a0\u00bb1.1em\u00a0\u00bb background_color=\u00a0\u00bbrgba(251,187,33,0.69)\u00a0\u00bb text_orientation=\u00a0\u00bbcenter\u00a0\u00bb custom_padding=\u00a0\u00bb3%|5%|3%|5%|true|true\u00a0\u00bb border_radii=\u00a0\u00bbon|10px|10px|10px|10px\u00a0\u00bb global_colors_info=\u00a0\u00bb{}\u00a0\u00bb]<\/p>\n<h4 style=\"margin-bottom: 0cm;\">Samedi 21septembre 2024<\/h4>\n<h4 style=\"margin-bottom: 0cm;\">\u00e0 19h<\/h4>\n<h4 style=\"margin-bottom: 0cm;\">Fillols (en ext\u00e9rieur)<\/h4>\n<h5>2h avec vin et grignotages<\/h5>\n<h5>15\u2009\u20ac (2 verres de vin ou jus inclus)<\/h5>\n<h5>Repas 10\u20ac sur r\u00e9servation <br \/>au 06 95 83 27 23 avant le 15\/09<\/h5>\n<p>[\/et_pb_text][\/et_pb_column_inner][\/et_pb_row_inner][\/et_pb_column][\/et_pb_section][et_pb_section fb_built=\u00a0\u00bb1&Prime; specialty=\u00a0\u00bbon\u00a0\u00bb padding_top_bottom_link_1=\u00a0\u00bbfalse\u00a0\u00bb padding_left_right_link_1=\u00a0\u00bbtrue\u00a0\u00bb _builder_version=\u00a0\u00bb4.12.1&Prime; _module_preset=\u00a0\u00bbdefault\u00a0\u00bb background_color=\u00a0\u00bb#FFFFFF\u00a0\u00bb custom_margin=\u00a0\u00bb||||true|false\u00a0\u00bb custom_padding=\u00a0\u00bb2%||5%||false|false\u00a0\u00bb border_width_bottom=\u00a0\u00bb2px\u00a0\u00bb border_color_bottom=\u00a0\u00bb#666666&Prime; border_style_bottom=\u00a0\u00bbdotted\u00a0\u00bb global_colors_info=\u00a0\u00bb{}\u00a0\u00bb][et_pb_column type=\u00a0\u00bb1_3&Prime; _builder_version=\u00a0\u00bb3.25&Prime; custom_padding=\u00a0\u00bb|||\u00a0\u00bb global_colors_info=\u00a0\u00bb{}\u00a0\u00bb custom_padding__hover=\u00a0\u00bb|||\u00a0\u00bb][et_pb_image src=\u00a0\u00bbhttps:\/\/collectiflacle.org\/wp-content\/uploads\/2024\/08\/Affiche-Web-JM2024-DER.jpg\u00a0\u00bb alt=\u00a0\u00bbAffiche Journ\u00e9es du matrimoine\u00a0\u00bb title_text=\u00a0\u00bbAffiche-Web-JM2024-DER\u00a0\u00bb url=\u00a0\u00bbhttps:\/\/collectiflacle.org\/wp-content\/uploads\/2024\/08\/depliant-programme-JM2024-par-page.pdf\u00a0\u00bb url_new_window=\u00a0\u00bbon\u00a0\u00bb force_fullwidth=\u00a0\u00bbon\u00a0\u00bb _builder_version=\u00a0\u00bb4.12.1&Prime; _module_preset=\u00a0\u00bbdefault\u00a0\u00bb min_height=\u00a0\u00bb100%\u00a0\u00bb global_colors_info=\u00a0\u00bb{}\u00a0\u00bb][\/et_pb_image][et_pb_gallery gallery_ids=\u00a0\u00bb761,770,818&Prime; fullwidth=\u00a0\u00bbon\u00a0\u00bb _builder_version=\u00a0\u00bb4.12.1&Prime; _module_preset=\u00a0\u00bbdefault\u00a0\u00bb global_colors_info=\u00a0\u00bb{}\u00a0\u00bb][\/et_pb_gallery][et_pb_gallery gallery_ids=\u00a0\u00bb768,776,759&Prime; fullwidth=\u00a0\u00bbon\u00a0\u00bb _builder_version=\u00a0\u00bb4.12.1&Prime; _module_preset=\u00a0\u00bbdefault\u00a0\u00bb global_colors_info=\u00a0\u00bb{}\u00a0\u00bb][\/et_pb_gallery][et_pb_gallery gallery_ids=\u00a0\u00bb777,778&Prime; fullwidth=\u00a0\u00bbon\u00a0\u00bb _builder_version=\u00a0\u00bb4.12.1&Prime; _module_preset=\u00a0\u00bbdefault\u00a0\u00bb global_colors_info=\u00a0\u00bb{}\u00a0\u00bb][\/et_pb_gallery][et_pb_gallery gallery_ids=\u00a0\u00bb765,763&Prime; fullwidth=\u00a0\u00bbon\u00a0\u00bb _builder_version=\u00a0\u00bb4.12.1&Prime; _module_preset=\u00a0\u00bbdefault\u00a0\u00bb global_colors_info=\u00a0\u00bb{}\u00a0\u00bb][\/et_pb_gallery][\/et_pb_column][et_pb_column type=\u00a0\u00bb2_3&Prime; specialty_columns=\u00a0\u00bb2&Prime; _builder_version=\u00a0\u00bb3.25&Prime; custom_padding=\u00a0\u00bb|||\u00a0\u00bb global_colors_info=\u00a0\u00bb{}\u00a0\u00bb custom_padding__hover=\u00a0\u00bb|||\u00a0\u00bb][et_pb_row_inner _builder_version=\u00a0\u00bb4.12.1&Prime; _module_preset=\u00a0\u00bbdefault\u00a0\u00bb global_colors_info=\u00a0\u00bb{}\u00a0\u00bb][et_pb_column_inner saved_specialty_column_type=\u00a0\u00bb2_3&Prime; _builder_version=\u00a0\u00bb4.12.1&Prime; _module_preset=\u00a0\u00bbdefault\u00a0\u00bb global_colors_info=\u00a0\u00bb{}\u00a0\u00bb][et_pb_text _builder_version=\u00a0\u00bb4.12.1&Prime; _module_preset=\u00a0\u00bbdefault\u00a0\u00bb text_font=\u00a0\u00bb||||||||\u00a0\u00bb text_line_height=\u00a0\u00bb1.5em\u00a0\u00bb link_font=\u00a0\u00bb|600|||||||\u00a0\u00bb link_text_color=\u00a0\u00bbrgba(36,171,255,0.89)\u00a0\u00bb header_font=\u00a0\u00bbRoboto Slab||||||||\u00a0\u00bb header_text_color=\u00a0\u00bb#00707f\u00a0\u00bb header_font_size=\u00a0\u00bb36px\u00a0\u00bb header_2_font=\u00a0\u00bbSource Code Pro|700|||||||\u00a0\u00bb header_2_text_color=\u00a0\u00bb#000000&Prime; header_2_font_size=\u00a0\u00bb16px\u00a0\u00bb header_2_line_height=\u00a0\u00bb1.3em\u00a0\u00bb header_3_font=\u00a0\u00bbRoboto Slab||||||||\u00a0\u00bb header_3_text_color=\u00a0\u00bb#00707f\u00a0\u00bb header_3_font_size=\u00a0\u00bb32px\u00a0\u00bb header_4_font=\u00a0\u00bbRoboto Condensed|700|||||||\u00a0\u00bb header_4_text_color=\u00a0\u00bb#000000&Prime; header_5_font=\u00a0\u00bbRoboto Condensed||on||||||\u00a0\u00bb header_5_text_color=\u00a0\u00bb#00707f\u00a0\u00bb header_5_font_size=\u00a0\u00bb15px\u00a0\u00bb header_5_line_height=\u00a0\u00bb1.4em\u00a0\u00bb header_6_font=\u00a0\u00bbSource Sans Pro||||||||\u00a0\u00bb custom_margin=\u00a0\u00bb0px||2px||false|false\u00a0\u00bb custom_padding=\u00a0\u00bb||2px|||\u00a0\u00bb global_colors_info=\u00a0\u00bb{}\u00a0\u00bb link_text_color__hover_enabled=\u00a0\u00bbon|hover\u00a0\u00bb link_text_color__hover=\u00a0\u00bb#e09900&Prime;]<\/p>\n<h1>Journ\u00e9es du matrimoine<\/h1>\n<h3><span style=\"color: #00707f;\"><\/span>Les b\u00e2tisseuses<\/h3>\n<h2><strong>Du 16 au 22 septembre 2024 &#8211; Villefranche-de-Conflent, Marcevol, Prades et Fillols \u2013 tout public<br \/><\/strong><\/h2>\n<p>Apr\u00e8s une premi\u00e8re \u00e9dition en 2023, Beau bruit et le Collectif LaCl\u00e9 vous donnent rendez-vous pour de nouvelles journ\u00e9es du matrimoine. Cette ann\u00e9e, l&rsquo;\u00e9v\u00e9nement s&rsquo;\u00e9largit \u00e0 quatre communes du Conflent<strong>.<\/strong><\/p>\n<p>Le th\u00e8me choisi des \u00ab\u00a0B\u00e2tisseuses\u00a0\u00bb fait \u00e9cho au r\u00f4le des femmes dans la construction et la conception d\u2019\u00e9difices, mais il permet aussi de mettre en lumi\u00e8re les b\u00e2tisseuses au sens m\u00e9taphorique\u00a0: femmes d&rsquo;hier et d&rsquo;aujourd&rsquo;hui qui b\u00e2tissent des projets, des services ou des \u0153uvres, et qui contribuent \u00e0 b\u00e2tir du commun sur notre territoire.<\/p>\n<p>Pr\u00e9parez-vous \u00e0 une programmation \u00e9tonnante et \u00e9clectique : spectacles, ateliers broderie, fanzine &amp; acrostiche, course d&rsquo;orientation botanique, films, podcasts, plateau radio, expositions, rencontre-d\u00e9dicace, chant militant !<\/p>\n<h5><\/h5>\n<h5><\/h5>\n<p>[\/et_pb_text][et_pb_button button_url=\u00a0\u00bbhttps:\/\/collectiflacle.org\/wp-content\/uploads\/2024\/08\/depliant-programme-JM2024-par-page.pdf\u00a0\u00bb url_new_window=\u00a0\u00bbon\u00a0\u00bb button_text=\u00a0\u00bbprogramme  en version PDF\u00a0\u00bb _builder_version=\u00a0\u00bb4.12.1&Prime; _module_preset=\u00a0\u00bbdefault\u00a0\u00bb custom_button=\u00a0\u00bbon\u00a0\u00bb button_bg_color=\u00a0\u00bbrgba(36,171,215,0.86)\u00a0\u00bb button_border_width=\u00a0\u00bb0px\u00a0\u00bb button_border_radius=\u00a0\u00bb10px\u00a0\u00bb button_use_icon=\u00a0\u00bboff\u00a0\u00bb custom_margin=\u00a0\u00bb2%||7%||false|false\u00a0\u00bb global_colors_info=\u00a0\u00bb{}\u00a0\u00bb button_bg_color__hover_enabled=\u00a0\u00bbon|hover\u00a0\u00bb button_bg_color__hover=\u00a0\u00bb#fbbb21&Prime; button_bg_enable_color__hover=\u00a0\u00bbon\u00a0\u00bb][\/et_pb_button][et_pb_text _builder_version=\u00a0\u00bb4.12.1&Prime; _module_preset=\u00a0\u00bbdefault\u00a0\u00bb text_font=\u00a0\u00bb||||||||\u00a0\u00bb link_font=\u00a0\u00bb|600|||||||\u00a0\u00bb link_text_color=\u00a0\u00bbrgba(36,171,255,0.89)\u00a0\u00bb header_font=\u00a0\u00bbRoboto Slab||||||||\u00a0\u00bb header_text_color=\u00a0\u00bb#00707f\u00a0\u00bb header_font_size=\u00a0\u00bb36px\u00a0\u00bb header_line_height=\u00a0\u00bb1.7em\u00a0\u00bb header_2_font=\u00a0\u00bbSource Code Pro|700|||||||\u00a0\u00bb header_2_text_color=\u00a0\u00bb#000000&Prime; header_2_font_size=\u00a0\u00bb16px\u00a0\u00bb header_3_font=\u00a0\u00bbSource Sans Pro|700|||||||\u00a0\u00bb header_3_text_color=\u00a0\u00bb#00707f\u00a0\u00bb header_3_font_size=\u00a0\u00bb26px\u00a0\u00bb header_4_font=\u00a0\u00bbRoboto Condensed|700|||||||\u00a0\u00bb header_4_text_color=\u00a0\u00bb#000000&Prime; header_5_font=\u00a0\u00bbRoboto Condensed||on||||||\u00a0\u00bb header_5_text_color=\u00a0\u00bb#00707f\u00a0\u00bb header_5_font_size=\u00a0\u00bb15px\u00a0\u00bb header_5_line_height=\u00a0\u00bb1.4em\u00a0\u00bb header_6_font=\u00a0\u00bbSource Sans Pro||||||||\u00a0\u00bb custom_margin=\u00a0\u00bb0px||2px||false|false\u00a0\u00bb custom_padding=\u00a0\u00bb||2px||false|false\u00a0\u00bb global_colors_info=\u00a0\u00bb{}\u00a0\u00bb link_text_color__hover_enabled=\u00a0\u00bbon|hover\u00a0\u00bb link_text_color__hover=\u00a0\u00bb#e09900&Prime;]<\/p>\n<h4>Exposition du 16 au 22 septembre, 10h-18h, Remparts de Villefranche-de-Conflent<\/h4>\n<h3 style=\"padding-left: 40px;\">Matrimoine catalan, 66 femmes<\/h3>\n<p style=\"padding-left: 40px;\">Issu d\u2019une enqu\u00eate sur l\u2019histoire des femmes, <em>Idem, Question de genre<\/em> livre des parcours de vie de femmes qui marquent le territoire de la Catalogne Nord. Originaires des lieux, de passage ou implant\u00e9es tardivement, ces 66 catalanes sont des pionni\u00e8res, r\u00e9sistantes, humanistes, embl\u00e9matiques de trajectoires de femmes extraordinaires et ordinaires.<\/p>\n<h5 style=\"padding-left: 40px;\">Une exposition propos\u00e9e par l&rsquo;association Idem Questions de Genre<\/h5>\n<p>[\/et_pb_text][et_pb_text _builder_version=\u00a0\u00bb4.12.1&Prime; _module_preset=\u00a0\u00bbdefault\u00a0\u00bb text_font=\u00a0\u00bb||||||||\u00a0\u00bb link_font=\u00a0\u00bb|600|||||||\u00a0\u00bb link_text_color=\u00a0\u00bbrgba(36,171,255,0.89)\u00a0\u00bb header_font=\u00a0\u00bbRoboto Slab||||||||\u00a0\u00bb header_text_color=\u00a0\u00bb#00707f\u00a0\u00bb header_font_size=\u00a0\u00bb36px\u00a0\u00bb header_line_height=\u00a0\u00bb1.7em\u00a0\u00bb header_2_font=\u00a0\u00bbSource Code Pro|700|||||||\u00a0\u00bb header_2_text_color=\u00a0\u00bb#000000&Prime; header_2_font_size=\u00a0\u00bb16px\u00a0\u00bb header_3_font=\u00a0\u00bbSource Sans Pro|700|||||||\u00a0\u00bb header_3_text_color=\u00a0\u00bb#00707f\u00a0\u00bb header_3_font_size=\u00a0\u00bb26px\u00a0\u00bb header_4_font=\u00a0\u00bbRoboto Condensed|700|||||||\u00a0\u00bb header_4_text_color=\u00a0\u00bb#000000&Prime; header_5_font=\u00a0\u00bbRoboto Condensed||on||||||\u00a0\u00bb header_5_text_color=\u00a0\u00bb#00707f\u00a0\u00bb header_5_font_size=\u00a0\u00bb15px\u00a0\u00bb header_5_line_height=\u00a0\u00bb1.4em\u00a0\u00bb header_6_font=\u00a0\u00bbSource Sans Pro||||||||\u00a0\u00bb custom_margin=\u00a0\u00bb0px||2px||false|false\u00a0\u00bb custom_padding=\u00a0\u00bb||2px||false|false\u00a0\u00bb global_colors_info=\u00a0\u00bb{}\u00a0\u00bb link_text_color__hover_enabled=\u00a0\u00bbon|hover\u00a0\u00bb link_text_color__hover=\u00a0\u00bb#e09900&Prime;]<\/p>\n<h4><\/h4>\n<h4><span style=\"text-decoration: line-through;\">Mardi 17 septembre, 21h, Cin\u00e9ma le Lido, Prades<\/span><\/h4>\n<h3 style=\"padding-left: 40px;\">Ouaga Girls<\/h3>\n<h4 style=\"padding-left: 40px;\"><span style=\"color: #ff00ff;\">S\u00e9ance annul\u00e9e : l<\/span><span style=\"color: #ff00ff;\"><strong>a projection du documentaire \u00ab\u00a0Ouaga Girls\u00a0\u00bb est malheureusement annul\u00e9e pour des raisons ind\u00e9pendantes de notre volont\u00e9. <\/strong><\/span><\/h4>\n<p style=\"padding-left: 40px;\">Bien d\u00e9cid\u00e9es \u00e0 devenir m\u00e9caniciennes, Bintou, Chantale et Dina apprennent le m\u00e9tier \u00e0 Ouagadougou. Au programme : \u00e9tincelles sous le capot, mains dans le cambouis et surtout, bouleversements joyeux des pr\u00e9jug\u00e9s. Aucun m\u00e9tier ne devrait \u00eatre interdit aux femmes !<\/p>\n<h5 style=\"padding-left: 40px;\">Documentaire de Theresa Traor\u00e9 Dahlberg, 2017, 80 min<\/h5>\n<h5 style=\"padding-left: 40px;\"><\/h5>\n<h5><\/h5>\n<p>[\/et_pb_text][et_pb_text _builder_version=\u00a0\u00bb4.12.1&Prime; _module_preset=\u00a0\u00bbdefault\u00a0\u00bb text_font=\u00a0\u00bb||||||||\u00a0\u00bb link_font=\u00a0\u00bb|600|||||||\u00a0\u00bb link_text_color=\u00a0\u00bbrgba(36,171,255,0.89)\u00a0\u00bb header_font=\u00a0\u00bbRoboto Slab||||||||\u00a0\u00bb header_text_color=\u00a0\u00bb#00707f\u00a0\u00bb header_font_size=\u00a0\u00bb36px\u00a0\u00bb header_line_height=\u00a0\u00bb1.7em\u00a0\u00bb header_2_font=\u00a0\u00bbSource Code Pro|700|||||||\u00a0\u00bb header_2_text_color=\u00a0\u00bb#000000&Prime; header_2_font_size=\u00a0\u00bb16px\u00a0\u00bb header_3_font=\u00a0\u00bbSource Sans Pro|700|||||||\u00a0\u00bb header_3_text_color=\u00a0\u00bb#00707f\u00a0\u00bb header_3_font_size=\u00a0\u00bb26px\u00a0\u00bb header_4_font=\u00a0\u00bbRoboto Condensed|700|||||||\u00a0\u00bb header_4_text_color=\u00a0\u00bb#000000&Prime; header_5_font=\u00a0\u00bbRoboto Condensed||on||||||\u00a0\u00bb header_5_text_color=\u00a0\u00bb#00707f\u00a0\u00bb header_5_font_size=\u00a0\u00bb15px\u00a0\u00bb header_5_line_height=\u00a0\u00bb1.4em\u00a0\u00bb header_6_font=\u00a0\u00bbSource Sans Pro||||||||\u00a0\u00bb header_6_text_color=\u00a0\u00bb#000000&Prime; header_6_font_size=\u00a0\u00bb15px\u00a0\u00bb header_6_line_height=\u00a0\u00bb1.3em\u00a0\u00bb custom_margin=\u00a0\u00bb0px||2px||false|false\u00a0\u00bb custom_padding=\u00a0\u00bb||2px||false|false\u00a0\u00bb global_colors_info=\u00a0\u00bb{}\u00a0\u00bb link_text_color__hover_enabled=\u00a0\u00bbon|hover\u00a0\u00bb link_text_color__hover=\u00a0\u00bb#e09900&Prime;]<\/p>\n<h4>Samedi 21 septembre, Villefranche-de-Conflent<\/h4>\n<h6>Ancien H\u00f4pital (38 rue Saint Jean) et sur la placette (centre village)- En participation libre &#8211; Buvette et cr\u00eapes sur place<\/h6>\n<h4>Exposition de 10h \u00e0 18h<\/h4>\n<h3 style=\"padding-left: 40px;\"><strong>Au-del\u00e0 des nappes<\/strong><\/h3>\n<p style=\"padding-left: 40px;\">Une s\u00e9lection de d\u00e9finitions du matrimoine brod\u00e9es par Juliette Lenfant sur d&rsquo;anciennes nappes et suspendues au travers d une rue . Les d\u00e9finitions sont lisibles afin de permettre \u00e0 chacun.e d avoir une premi\u00e8re approche de la notion de Matrimoine, ce qu&rsquo;il constitue et comment il nous concerne toustes. Les linges suspendus invitent les visiteurs.euses \u00e0 passer au travers, vers un changement, une question, une r\u00e9appropriation de l h\u00e9ritage des femmes dans notre humanit\u00e9, et au del\u00e0 du domestique. Restaurer la m\u00e9moire de leur travail, leur cr\u00e9ations et leurs combats.<\/p>\n<h4>En continu de 10h \u00e0 18h<\/h4>\n<h3 style=\"padding-left: 40px;\">Salons, stands et visite<\/h3>\n<ul>\n<li style=\"list-style-type: none;\">\n<ul>\n<li style=\"list-style-type: none;\">\n<ul>\n<li><strong><span style=\"color: #008080;\">Salon d\u2019\u00e9coute de podcasts Les b\u00e2tisseuses en Conflent. <\/span><\/strong>B\u00e2tisseuses, architectes, constructrices, muraill\u00e8res, menuisi\u00e8res, plombi\u00e8res et autres artisanes, agricultrices, cheffes d&rsquo;exploitation&#8230; b\u00e2tisseuses au sens propre ou au sens figur\u00e9&#8230; \u00c9coutez les t\u00e9moignages de femmes, d&rsquo;hier et d&rsquo;aujourd&rsquo;hui, qui b\u00e2tissent des projets, des services ou des \u0153uvres et qui contribuent \u00e0 b\u00e2tir du \u00ab\u00a0commun\u00a0\u00bb sur notre territoire.<\/li>\n<li><strong><span style=\"color: #008080;\">Salon de lecture pour enfants<\/span><\/strong><\/li>\n<li><span style=\"color: #008080;\"><strong>Stand de livres f\u00e9minisme et matrimoine<\/strong><\/span><\/li>\n<li><span style=\"color: #008080;\"><strong>Stand plantes<\/strong><\/span> \u00e0 parfum, aromatiques et m\u00e9dicinales, Produits locaux \u00e9labor\u00e9s par &lsquo;Sauvages et cultiv\u00e9es&rsquo;,\u00a0 un collectif de femmes productrices et transformatrices des Pyr\u00e9n\u00e9es-Orientales.<\/li>\n<li><span style=\"color: #008080;\"><strong>Visite libre des Remparts<\/strong><\/span> de Villefranche-de-Conflent<\/li>\n<\/ul>\n<\/li>\n<\/ul>\n<\/li>\n<\/ul>\n<h4>Ateliers<\/h4>\n<h4>10h-11h30 et 14h-16h<\/h4>\n<h3 style=\"padding-left: 40px;\">Atelier Broderie<\/h3>\n<p style=\"padding-left: 40px;\">Juliette Lenfant\/ \u00e0 partir de 12 ans &#8211; Atelier de r\u00e9flexion, cr\u00e9ation, transmission de\u2009\/\u2009et par la broderie autour de la th\u00e9matique du matrimoine. Un mot, un nom, un symbole, sera choisit et brod\u00e9 par les participants.es. sur un mouchoir en tissu.<\/p>\n<h3 style=\"padding-left: 40px;\">Atelier Fanzine express<\/h3>\n<p style=\"padding-left: 40px;\">Vulcano ! Stefania Arcieri\/ \u00e0 partir de 7 ans &#8211; R\u00e9alisation d\u2019un fanzine collectif dessin\u00e9, tamponn\u00e9, photocopi\u00e9 et reli\u00e9 \u00e0 mille mains.<\/p>\n<h3 style=\"padding-left: 40px;\">Course d\u2019orientation<\/h3>\n<p style=\"padding-left: 40px;\">Sauvages et cultiv\u00e9es\/ \u00e0 partir de 6 ans &#8211; Les plantes nous entourent parfois discr\u00e8tement mais elles nous parlent de notre histoire. En plusieurs mill\u00e9naires nos grands-m\u00e8res ont appris \u00e0 les connaitre, les apprivoiser, puis les transformer pour en faire des rem\u00e8des \u00e0 nos maux du quotidien. Ce matrimoine est \u00e0 red\u00e9couvrir \u00e0 travers un jeu d&rsquo;orientation dans et aux abords de la cit\u00e9 de Villefranche.<\/p>\n<h4>14h-16h<\/h4>\n<h3 style=\"padding-left: 40px;\">Atelier Acrostiche &amp; collage<\/h3>\n<p style=\"padding-left: 40px;\">Cie Encima\/ \u00e0 partir de 3 ans (enfant accompagn\u00e9) &#8211; \u00c9cris ton acrostiche et cr\u00e9e un collage sur le th\u00e8me des femmes, de l\u2019\u00e9galit\u00e9 et du matrimoine.<\/p>\n<h4>17h30\u201318h30<\/h4>\n<h3 style=\"padding-left: 40px;\">Transmission d\u2019un chant militant<\/h3>\n<p style=\"padding-left: 40px;\">Chorale f\u00e9ministe et antifasciste de Prades<\/p>\n<h4>Autres rendez-vous<\/h4>\n<h4>Performance 11h30-12h30<\/h4>\n<h3 style=\"padding-left: 40px;\">Les b\u00e2tisseuses en mots, en corps, en son et en lumi\u00e8re<\/h3>\n<p style=\"padding-left: 40px;\">\u00c0 partir de t\u00e9moignages \u00e9crits et oraux, nous r\u00e9alisons une performance collective qui sera la restitution de deux jours de laboratoire d&rsquo;exp\u00e9rimentations artistiques men\u00e9es entre artistes professionnels et amateurs qui partagent l&rsquo;espace sc\u00e9nique. La mise en sc\u00e8ne se base sur l&rsquo;interpr\u00e9tation corporelle de t\u00e9moignages accompagn\u00e9e en musique et en images projet\u00e9es.Une performance collective pluridisciplinaire mise en sc\u00e8ne par L\u00e6titia Desplanque de la Cie Encima<\/p>\n<p style=\"padding-left: 40px;\">\n<h4>Sayn\u00e8tes de rue 15h30\u201316h<\/h4>\n<h3 style=\"padding-left: 40px;\">Paysages aux f\u00e9minins<\/h3>\n<p style=\"padding-left: 40px;\">Par la compagnie Les Unes et les autres. Des paysages aux f\u00e9minins pour d\u00e9crire la soumission et la r\u00e9bellion des femmes : une farce m\u00e9di\u00e9vale o\u00f9 la femme dicte \u00e0 son mari les t\u00e2ches qu&rsquo;il devra \u00e0 pr\u00e9sent accomplir, une sc\u00e8ne de m\u00e9nage extraite du m\u00e9decin malgr\u00e9 lui, quand Martine tente de raisonner son mari Sganarelle, une conversation avec Antigone qui ose braver l&rsquo;interdit, une dispute entre P\u00e8re Ubu et M\u00e8re Ubu qui le voudrait avec plus de pouvoir, une d\u00e9claration d&rsquo;amour alors que la morale interdit leur relation.<\/p>\n<h4>Plateau radio en direct 16h\u201317h<\/h4>\n<h3 style=\"padding-left: 40px;\">\u00c0 la recherche des b\u00e2tisseuses sur notre territoire<\/h3>\n<p style=\"padding-left: 40px;\">En s&rsquo;appuyant sur des t\u00e9moignages collect\u00e9s en Conflent, et en dialogue avec nos invit\u00e9es b\u00e2tisseuses, cartographes, chercheuses, nous nous mettrons \u00e0 l&rsquo;\u00e9coute de l&rsquo;activit\u00e9 des femmes qui b\u00e2tissent du \u00ab commun \u00bb sur notre territoire. En direct et en public anim\u00e9 par Beau bruit.<\/p>\n<p style=\"padding-left: 40px;\">\n<p style=\"padding-left: 40px;\">\n<div style=\"all: initial;\" class=\"notranslate\"><\/div>\n<p>[\/et_pb_text][et_pb_text _builder_version=\u00a0\u00bb4.12.1&Prime; _module_preset=\u00a0\u00bbdefault\u00a0\u00bb text_font=\u00a0\u00bb||||||||\u00a0\u00bb link_font=\u00a0\u00bb|600|||||||\u00a0\u00bb link_text_color=\u00a0\u00bbrgba(36,171,255,0.89)\u00a0\u00bb header_font=\u00a0\u00bbRoboto Slab||||||||\u00a0\u00bb header_text_color=\u00a0\u00bb#00707f\u00a0\u00bb header_font_size=\u00a0\u00bb36px\u00a0\u00bb header_line_height=\u00a0\u00bb1.7em\u00a0\u00bb header_2_font=\u00a0\u00bbSource Code Pro|700|||||||\u00a0\u00bb header_2_text_color=\u00a0\u00bb#000000&Prime; header_2_font_size=\u00a0\u00bb16px\u00a0\u00bb header_3_font=\u00a0\u00bbSource Sans Pro|700|||||||\u00a0\u00bb header_3_text_color=\u00a0\u00bb#00707f\u00a0\u00bb header_3_font_size=\u00a0\u00bb26px\u00a0\u00bb header_4_font=\u00a0\u00bbRoboto Condensed|700|||||||\u00a0\u00bb header_4_text_color=\u00a0\u00bb#000000&Prime; header_5_font=\u00a0\u00bbRoboto Condensed||on||||||\u00a0\u00bb header_5_text_color=\u00a0\u00bb#00707f\u00a0\u00bb header_5_font_size=\u00a0\u00bb15px\u00a0\u00bb header_5_line_height=\u00a0\u00bb1.4em\u00a0\u00bb header_6_font=\u00a0\u00bbSource Sans Pro||||||||\u00a0\u00bb custom_margin=\u00a0\u00bb0px||2px||false|false\u00a0\u00bb custom_padding=\u00a0\u00bb||2px||false|false\u00a0\u00bb global_colors_info=\u00a0\u00bb{}\u00a0\u00bb link_text_color__hover_enabled=\u00a0\u00bbon|hover\u00a0\u00bb link_text_color__hover=\u00a0\u00bb#e09900&Prime;]<\/p>\n<h4>Dimanche 22 septembre \u00e0 11h30 et 15h30, Remparts de Villefranche-de-Conflent<\/h4>\n<h3 style=\"padding-left: 40px;\">Visite guid\u00e9e des remparts en \u00e9cho au th\u00e8me du matrimoine.<\/h3>\n<p style=\"padding-left: 40px;\">R\u00e9servation obligatoire au 04 68 05 87 05. Tarif pr\u00e9f\u00e9rentiel : 4\u20ac<\/p>\n<p>&nbsp;<\/p>\n<p>[\/et_pb_text][et_pb_text _builder_version=\u00a0\u00bb4.12.1&Prime; _module_preset=\u00a0\u00bbdefault\u00a0\u00bb text_font=\u00a0\u00bb||||||||\u00a0\u00bb link_font=\u00a0\u00bb|600|||||||\u00a0\u00bb link_text_color=\u00a0\u00bbrgba(36,171,255,0.89)\u00a0\u00bb header_font=\u00a0\u00bbRoboto Slab||||||||\u00a0\u00bb header_text_color=\u00a0\u00bb#00707f\u00a0\u00bb header_font_size=\u00a0\u00bb36px\u00a0\u00bb header_line_height=\u00a0\u00bb1.7em\u00a0\u00bb header_2_font=\u00a0\u00bbSource Code Pro|700|||||||\u00a0\u00bb header_2_text_color=\u00a0\u00bb#000000&Prime; header_2_font_size=\u00a0\u00bb16px\u00a0\u00bb header_3_font=\u00a0\u00bbSource Sans Pro|700|||||||\u00a0\u00bb header_3_text_color=\u00a0\u00bb#00707f\u00a0\u00bb header_3_font_size=\u00a0\u00bb26px\u00a0\u00bb header_4_font=\u00a0\u00bbRoboto Condensed|700|||||||\u00a0\u00bb header_4_text_color=\u00a0\u00bb#000000&Prime; header_5_font=\u00a0\u00bbRoboto Condensed||on||||||\u00a0\u00bb header_5_text_color=\u00a0\u00bb#00707f\u00a0\u00bb header_5_font_size=\u00a0\u00bb15px\u00a0\u00bb header_5_line_height=\u00a0\u00bb1.4em\u00a0\u00bb header_6_font=\u00a0\u00bbSource Sans Pro||||||||\u00a0\u00bb header_6_text_color=\u00a0\u00bb#000000&Prime; header_6_font_size=\u00a0\u00bb15px\u00a0\u00bb header_6_line_height=\u00a0\u00bb1.3em\u00a0\u00bb custom_margin=\u00a0\u00bb0px||2px||false|false\u00a0\u00bb custom_padding=\u00a0\u00bb||2px||false|false\u00a0\u00bb global_colors_info=\u00a0\u00bb{}\u00a0\u00bb link_text_color__hover_enabled=\u00a0\u00bbon|hover\u00a0\u00bb link_text_color__hover=\u00a0\u00bb#e09900&Prime;]<\/p>\n<h4>Dimanche 22 septembre, Prieur\u00e9 de Marcevol<\/h4>\n<h4>11h\u201312h30 et 14h-18h<\/h4>\n<h3 style=\"padding-left: 40px;\">Visite libre du prieur\u00e9<\/h3>\n<p style=\"padding-left: 40px;\">Acc\u00e8s libre &#8211; Boutique avec boissons sur place<\/p>\n<h4>\u00c0 11h (dur\u00e9e environ 1 heure)<\/h4>\n<h3 style=\"padding-left: 40px;\">Visite guid\u00e9e du prieur\u00e9<\/h3>\n<h4><\/h4>\n<h4>Autres rendez-vous (en participation libre)<\/h4>\n<h4>14h30\u201315h30<\/h4>\n<h3 style=\"padding-left: 40px;\">Conversation &amp; \u00e9changes Les b\u00e2tisseuses d&rsquo;Eus<\/h3>\n<p style=\"padding-left: 40px;\">Anne Gaudron et le Rendez-vous des mauviettes. \u00c9tat des recherches historiques men\u00e9es sur la participation \u00ab physique \u00bb de femmes d&rsquo;Eus \u00e0 la construction de l&rsquo;\u00e9glise Saint-Vincent-le-Haut. Une Histoire, avec un grand \u00ab H \u00bb de femmes qui ont donn\u00e9 de leurs forces et parfois de leur sant\u00e9 pour monter, depuis les bords de la T\u00eat, des pierres taill\u00e9es de plus de 100 kilos afin de construire les murs de l&rsquo;\u00e9glise situ\u00e9e \u00e0 300 m\u00e8tres d&rsquo;altitude dans la 1re partie du 18e si\u00e8cle.<\/p>\n<h4>16h\u201316h30<\/h4>\n<h3 style=\"padding-left: 40px;\">T\u00e9moignages de vie d\u2019anciennes habitantes de Marcevol<\/h3>\n<p style=\"padding-left: 40px;\">Projection d&rsquo;extraits d\u2019interviews film\u00e9es de Louise Salettes et Marie Lafont, r\u00e9alis\u00e9es par Dominique Balitran dans les ann\u00e9es 70.<\/p>\n<h4>17h\u201318h<\/h4>\n<h3 style=\"padding-left: 40px;\">Contes d&rsquo;un autre genre<\/h3>\n<p style=\"padding-left: 40px;\">Monique Surjus \/ L\u2019arbre qui chante, \u00e0 partir de 6 ans &#8211; Et si les princesses prenaient leur destin en main ?<\/p>\n<p style=\"padding-left: 40px;\">\n<p style=\"padding-left: 40px;\">[\/et_pb_text][\/et_pb_column_inner][\/et_pb_row_inner][\/et_pb_column][\/et_pb_section]<\/p>\n","protected":false},"excerpt":{"rendered":"<p>Saison culturelle LaCl\u00e9 2024-2025 Spectacles \/ concerts \/ expos \/ stages \/ ateliers \/ Tous nos \u00e9v\u00e9nements culturels et artistiques en Conflent et CerdagneLaCl\u00e9 met les pieds dans l&rsquo;eau Festival du 15 au 21 juillet 2025 &#8211; Villefranche-de-Conflent \u00c9v\u00e9nements en participation libre et n\u00e9cessaire. Merci. Salle Lannelongue : 23 rue Saint-JacquesSalle des f\u00eates : 21 [&hellip;]<\/p>\n","protected":false},"author":2,"featured_media":0,"parent":0,"menu_order":0,"comment_status":"closed","ping_status":"closed","template":"","meta":{"_et_pb_use_builder":"on","_et_pb_old_content":"","_et_gb_content_width":""},"_links":{"self":[{"href":"https:\/\/collectiflacle.org\/index.php\/wp-json\/wp\/v2\/pages\/667"}],"collection":[{"href":"https:\/\/collectiflacle.org\/index.php\/wp-json\/wp\/v2\/pages"}],"about":[{"href":"https:\/\/collectiflacle.org\/index.php\/wp-json\/wp\/v2\/types\/page"}],"author":[{"embeddable":true,"href":"https:\/\/collectiflacle.org\/index.php\/wp-json\/wp\/v2\/users\/2"}],"replies":[{"embeddable":true,"href":"https:\/\/collectiflacle.org\/index.php\/wp-json\/wp\/v2\/comments?post=667"}],"version-history":[{"count":118,"href":"https:\/\/collectiflacle.org\/index.php\/wp-json\/wp\/v2\/pages\/667\/revisions"}],"predecessor-version":[{"id":1075,"href":"https:\/\/collectiflacle.org\/index.php\/wp-json\/wp\/v2\/pages\/667\/revisions\/1075"}],"wp:attachment":[{"href":"https:\/\/collectiflacle.org\/index.php\/wp-json\/wp\/v2\/media?parent=667"}],"curies":[{"name":"wp","href":"https:\/\/api.w.org\/{rel}","templated":true}]}}